{"id":8084,"date":"2023-10-03T08:32:57","date_gmt":"2023-10-03T07:32:57","guid":{"rendered":"https:\/\/www.gmsa.ch\/?page_id=8084"},"modified":"2024-12-18T16:55:10","modified_gmt":"2024-12-18T15:55:10","slug":"datenschutzcharta","status":"publish","type":"page","link":"https:\/\/www.gmsa.ch\/de\/datenschutzcharta\/","title":{"rendered":"Datenschutzcharta"},"content":{"rendered":"\n<section class=\"acf-hero-banner has-white-color\"id=acf-block-651c0cc0d26f6 >\n            <div class=\"acf-hero-banner__bg acf-hero-banner__bg--mob\">\n            <img decoding=\"async\" width=\"750\" height=\"1360\" src=\"https:\/\/www.gmsa.ch\/wp-content\/uploads\/2023\/09\/gmsa-accueil-banniere-mobile.jpg\" class=\"attachment-full size-full\" alt=\"\" srcset=\"https:\/\/www.gmsa.ch\/wp-content\/uploads\/2023\/09\/gmsa-accueil-banniere-mobile.jpg 750w, https:\/\/www.gmsa.ch\/wp-content\/uploads\/2023\/09\/gmsa-accueil-banniere-mobile-165x300.jpg 165w, https:\/\/www.gmsa.ch\/wp-content\/uploads\/2023\/09\/gmsa-accueil-banniere-mobile-565x1024.jpg 565w\" sizes=\"(max-width: 750px) 100vw, 750px\" \/>        <\/div>\n                <div class=\"acf-hero-banner__bg acf-hero-banner__bg--laptop\">\n            <img decoding=\"async\" width=\"2560\" height=\"1424\" src=\"https:\/\/www.gmsa.ch\/wp-content\/uploads\/2023\/09\/gmsa-accueil-banniere-desktop.jpg\" class=\"attachment-full size-full\" alt=\"\" srcset=\"https:\/\/www.gmsa.ch\/wp-content\/uploads\/2023\/09\/gmsa-accueil-banniere-desktop.jpg 2560w, https:\/\/www.gmsa.ch\/wp-content\/uploads\/2023\/09\/gmsa-accueil-banniere-desktop-300x167.jpg 300w, https:\/\/www.gmsa.ch\/wp-content\/uploads\/2023\/09\/gmsa-accueil-banniere-desktop-1024x570.jpg 1024w, https:\/\/www.gmsa.ch\/wp-content\/uploads\/2023\/09\/gmsa-accueil-banniere-desktop-768x427.jpg 768w, https:\/\/www.gmsa.ch\/wp-content\/uploads\/2023\/09\/gmsa-accueil-banniere-desktop-1536x854.jpg 1536w, https:\/\/www.gmsa.ch\/wp-content\/uploads\/2023\/09\/gmsa-accueil-banniere-desktop-2048x1139.jpg 2048w\" sizes=\"(max-width: 2560px) 100vw, 2560px\" \/>        <\/div>\n        <div class=\"container\">\n        <div class=\"acf-hero-banner__row\" data-aos=\"fade\" data-aos-ofsset=\"10\" data-aos-easing=\"ease-in\" data-aos-duration=\"900\" data-aos-delay=\"800\">\n            <div class=\"acf-hero-banner__icon\" data-aos=\"fade\" data-aos-ofsset=\"10\" data-aos-easing=\"ease-in\" data-aos-duration=\"900\" data-aos-delay=\"700\">\n                <!-- Langue d\u00e9tect\u00e9e : de_DE --><!-- Page d'accueil : Non --><img decoding=\"async\" src=\"https:\/\/www.gmsa.ch\/wp-content\/themes\/gmsa\/img\/global\/banner-logo.svg\" alt=\"GMSA\">            <\/div>\n            <div class=\"acf-hero-banner__content\">\n                                                    <h1 class=\"acf-hero-banner__title\" data-aos=\"fade\" data-aos-ofsset=\"10\" data-aos-easing=\"ease-in\" data-aos-duration=\"1000\" data-aos-delay=\"2000\">Datenschutzcharta<\/h1>\n                                            <\/div>\n        <\/div>\n    <\/div>\n<\/section>\n\n\n\n<div class=\"acf-container desktop:py-0 tablet:py-0 py-0 \"id=acf-block-651c0cc0d2d49>\n            <div class=\"acf-container__bg-overlay\" style=\"background: rgba(0, 0, 0, 0)\"><\/div>\n                <div class=\"container\">\n        \n\n<div class=\"acf-spacer h-[64px] tablet:h-[72px] desktop:h-[80px]\" id=acf-block-651c0cc0d30bf ><\/div>\n\n\n<div class=\"acf-columns cols-gap-default reverse-none justify-start desktop:py-0 tablet:py-0 py-0\"id=acf-block-651c0cc0d355c>\n    \n\n<div class=\"acf-tp-column two-third \"id=acf-block-651c0cc0d3ebd>\n    <div class=\"acf-tp-column__box has-vertical-top py-0 px-0 tablet:py-0 tablet:px-0 desktop:px-0 desktop:py-0 \">\n                    <div class=\"acf-tp-column__bg-overlay\" style=\"background: rgba(0, 0, 0, 0)\"><\/div>\n                                <div class=\"acf-tp-column__box-content \">\n            \n\n<p class=\"wp-block-paragraph\">Die Groupe Minoteries SA (GMSA) und die anderen Unternehmen der GMSA-Gruppe erheben und verwenden bestimmte Informationen \u00fcber nat\u00fcrliche Personen, wie z. B. Lieferanten oder Mitarbeiter.<\/p>\n\n\n\n<p class=\"wp-block-paragraph\">Diese Datenschutzerkl\u00e4rung beschreibt, wie personenbezogene Daten entsprechend den Datenschutzstandards der GMSA gesammelt, verarbeitet und gespeichert werden, um das Schweizerische Bundesgesetz \u00fcber den Daten-schutz (DSG) und die Datenschutz-Grund-verordnung (DSGVO) zu erf\u00fcllen.<\/p>\n\n\n\n<p class=\"wp-block-paragraph\">Diese Datenschutzerkl\u00e4rung gilt f\u00fcr den eingetragenen Sitz der GMSA und f\u00fcr alle anderen Unternehmen der GMSA-Gruppe. Alle Vertrags\u00acpartner, die Vertreter und alle Personen, die im Auftrag der GMSA arbeiten, m\u00fcssen sich ebenfalls verpflichten, diese Datenschutzerkl\u00e4rung einzu\u00achalten.<\/p>\n\n\n\n<p class=\"wp-block-paragraph\">Diese Datenschutzerkl\u00e4rung ersetzt nicht die nationalen und europ\u00e4ischen Datenschutz-gesetze, sondern erg\u00e4nzt sie. Bei Widerspr\u00fcchen oder strengeren Anforderungen haben die anwendbaren nationalen Rechtsvorschriften den Vorrang vor dieser Datenschutzerkl\u00e4rung.<\/p>\n\n\n        <\/div>\n    <\/div>\n<\/div>\n\n<\/div>\n\n\n\n\n\n\n<div class=\"acf-spacer h-[64px] tablet:h-[72px] desktop:h-[80px]\" id=acf-block-651c0cc0d3f1e ><\/div>\n\n\n<div class=\"acf-columns cols-gap-default reverse-none justify-start desktop:py-0 tablet:py-0 py-0\"id=acf-block-651c0cc0d3fad>\n    \n\n<div class=\"acf-tp-column two-third \"id=acf-block-651c0cc0d40e8>\n    <div class=\"acf-tp-column__box has-vertical-top py-0 px-0 tablet:py-0 tablet:px-0 desktop:px-0 desktop:py-0 \">\n                    <div class=\"acf-tp-column__bg-overlay\" style=\"background: rgba(0, 0, 0, 0)\"><\/div>\n                                <div class=\"acf-tp-column__box-content \">\n            \n\n<h2 class=\"wp-block-heading\" id=\"h-glossar\">Glossar<\/h2>\n\n\n\n<div class=\"acf-spacer h-[16px] tablet:h-[16px] desktop:h-[24px]\" id=acf-block-651c0cc0d413a ><\/div>\n\n\n<li class=\"has-20-font-size\"><strong>Personenbezogene Daten<\/strong>: alle Informationen, die sich auf eine identifizierte oder identifi\u00aczierbare nat\u00fcrliche Person beziehen, ein\u00acschliesslich Name, Geburtsdatum, Adresse oder Telefonnummer, die zur Identifizierung einer Person verwendet werden k\u00f6nnen. Juristische Personen (Unternehmen) sind davon nicht betroffen.<\/li>\n\n\n\n<div class=\"acf-spacer h-[16px] tablet:h-[16px] desktop:h-[16px]\" id=acf-block-651c0cc0d413a ><\/div>\n\n\n<li class=\"has-20-font-size\"><strong>Sensible Daten<\/strong>: alle Informationen \u00fcber Rasse oder ethnische Herkunft, politische Ansichten, religi\u00f6se oder philosophische \u00dcberzeugungen, Mitgliedschaft in einer Gewerkschaft, Gesund\u00acheit, Leben oder sexuelle Orientierung, admi\u00acnistrative und strafrechtliche Verfolgungen und Sanktionen gegen eine Person sowie soziale Unterst\u00fctzungsmassnahmen. Biome\u00actrische Daten, die ausschliesslich zur Identifi\u00aczierung einer nat\u00fcrlichen Person verwendet werden, gelten ebenfalls als sensible Daten.<\/li>\n\n\n\n<div class=\"acf-spacer h-[16px] tablet:h-[16px] desktop:h-[16px]\" id=acf-block-651c0cc0d413a ><\/div>\n\n\n<li class=\"has-20-font-size\"><strong>Verarbeitung<\/strong>: jeder Vorgang oder jede Vorgangsreihe, die an personenbezogenen Daten oder Datens\u00e4tzen vorgenommen wird, sei es mit automatisierten Verfahren oder nicht, wie das Erheben, Erfassen, Organisieren, Ordnen, Archivieren, Anpassen oder Ver\u00e4n\u00acdern, Auslesen, Abfragen, Verwenden, Offen-legen durch \u00dcbermittlung, Verbreiten, Verkn\u00fcpfen, Einschr\u00e4nken, L\u00f6schen oder Ver-nichten. <\/li>\n\n\n\n<div class=\"acf-spacer h-[16px] tablet:h-[16px] desktop:h-[16px]\" id=acf-block-651c0cc0d413a ><\/div>\n\n\n<li class=\"has-20-font-size\"><strong>Verantwortlicher f\u00fcr die Verarbeitung<\/strong>: nat\u00fcrliche oder juristische Person, die unab-h\u00e4ngig oder gemeinsam mit anderen den Zweck der Verarbeitung personenbezogener Daten und die Mittel zu deren Erreichung bestimmt. <\/li>\n\n\n\n<div class=\"acf-spacer h-[16px] tablet:h-[16px] desktop:h-[16px]\" id=acf-block-651c0cc0d413a ><\/div>\n\n\n<li class=\"has-20-font-size\"><strong>Empf\u00e4nger<\/strong>: nat\u00fcrliche oder juristische Person, der personenbezogene Daten offengelegt werden, unabh\u00e4ngig davon, ob es sich dabei um einen Dritten handelt oder nicht.<\/li>\n\n\n        <\/div>\n    <\/div>\n<\/div>\n\n<\/div>\n\n\n\n\n\n\n<div class=\"acf-spacer h-[64px] tablet:h-[72px] desktop:h-[80px]\" id=acf-block-651c0cc0d4188 ><\/div>\n\n\n<div class=\"acf-columns cols-gap-default reverse-none justify-start desktop:py-0 tablet:py-0 py-0\"id=acf-block-651c0cc0d44a6>\n    \n\n<div class=\"acf-tp-column two-third \"id=acf-block-651c0cc0d45ea>\n    <div class=\"acf-tp-column__box has-vertical-top py-0 px-0 tablet:py-0 tablet:px-0 desktop:px-0 desktop:py-0 \">\n                    <div class=\"acf-tp-column__bg-overlay\" style=\"background: rgba(0, 0, 0, 0)\"><\/div>\n                                <div class=\"acf-tp-column__box-content \">\n            \n\n<h2 class=\"wp-block-heading\" id=\"h-grundsatze-fur-die-verarbeitung-personen-bezogener-daten\">Grunds\u00e4tze f\u00fcr die Verarbeitung Personen-Bezogener Daten<\/h2>\n\n\n\n<div class=\"acf-spacer h-[16px] tablet:h-[16px] desktop:h-[24px]\" id=acf-block-651c0cc0d463d ><\/div>\n\n\n<h3 class=\"wp-block-heading has-24-font-size\" id=\"h-rechtmassigkeit-fairness-und-transparenz\">Rechtm\u00e4ssigkeit, Fairness und Transparenz:<\/h3>\n\n\n\n<div class=\"acf-spacer h-[8px] tablet:h-[8px] desktop:h-[8px]\" id=acf-block-651c0cc0d463d ><\/div>\n\n\n<p class=\"wp-block-paragraph\">Personenbezogene Daten m\u00fcssen rechtm\u00e4ssig und auf faire Weise erhoben und verarbeitet werden. Jede betroffene Person muss <strong>\u00fcber die Art und Weise, wie ihre Daten verarbeitet werden, informiert werden<\/strong>. Grunds\u00e4tzlich m\u00fcssen personenbezogene Daten direkt bei der betroffenen Person erhoben werden. Bei der Erhebung von Daten muss die betroffene Person Folgendes kennen oder \u00fcber Folgendes informiert werden: die Identit\u00e4t des f\u00fcr die Verarbeitung Verantwortlichen; den Zweck der Datenver\u00acarbeitung; Dritte oder Kategorien von Dritten, an welche die Daten \u00fcbermittelt werden k\u00f6nnen.<\/p>\n\n\n\n<div class=\"acf-spacer h-[16px] tablet:h-[16px] desktop:h-[16px]\" id=acf-block-651c0cc0d463d ><\/div>\n\n\n<h3 class=\"wp-block-heading has-24-font-size\" id=\"h-zweckbindung\">Zweckbindung:<\/h3>\n\n\n\n<div class=\"acf-spacer h-[8px] tablet:h-[8px] desktop:h-[8px]\" id=acf-block-651c0cc0d463d ><\/div>\n\n\n<p class=\"wp-block-paragraph\">Personenbezogene Daten d\u00fcrfen nur f\u00fcr <strong>bestimmte, eindeutige und rechtm\u00e4ssige Zwecke<\/strong> erhoben werden und d\u00fcrfen sp\u00e4ter nicht mit diesen Zwecken unvereinbar sein.<\/p>\n\n\n\n<p class=\"wp-block-paragraph\">Personenbezogene Daten, die nach Ablauf der gesetzlichen Fristen oder f\u00fcr Ausf\u00fchrung von gesch\u00e4ftlich bedingten Prozessen nicht mehr ben\u00f6tigt werden, m\u00fcssen gel\u00f6scht werden.<\/p>\n\n\n\n<div class=\"acf-spacer h-[16px] tablet:h-[16px] desktop:h-[16px]\" id=acf-block-651c0cc0d463d ><\/div>\n\n\n<h3 class=\"wp-block-heading has-24-font-size\" id=\"h-datenminimierung\">Datenminimierung:<\/h3>\n\n\n\n<div class=\"acf-spacer h-[8px] tablet:h-[8px] desktop:h-[8px]\" id=acf-block-651c0cc0d463d ><\/div>\n\n\n<p class=\"wp-block-paragraph\">Personenbezogene Daten m\u00fcssen <strong>angemessen, relevant und beschr\u00e4nkt auf das n\u00f6tige Mass<\/strong> in Bezug auf die Zwecke, f\u00fcr die sie erhoben werden, sein. Personenbezogene Daten d\u00fcrfen nicht im Voraus erhoben und f\u00fcr m\u00f6gliche zuk\u00fcnftige Verwendungen gespeichert werden, ausser, wenn dies nach nationalem Recht gefordert oder zul\u00e4ssig ist.<\/p>\n\n\n\n<div class=\"acf-spacer h-[16px] tablet:h-[16px] desktop:h-[16px]\" id=acf-block-651c0cc0d463d ><\/div>\n\n\n<h3 class=\"wp-block-heading has-24-font-size\" id=\"h-richtigkeit\">Richtigkeit:<\/h3>\n\n\n\n<div class=\"acf-spacer h-[8px] tablet:h-[8px] desktop:h-[8px]\" id=acf-block-651c0cc0d463d ><\/div>\n\n\n<p class=\"wp-block-paragraph\">Die erfassten personenbezogenen Daten m\u00fcssen richtig sein und auf dem neuesten Stand gehalten werden. Es m\u00fcssen geeignete Massnahmen ergriffen werden, um sicherzustellen, <strong>dass unrichtige personenbezogene Daten gel\u00f6scht, berichtigt oder aktualisiert werden<\/strong>.<\/p>\n\n\n\n<div class=\"acf-spacer h-[16px] tablet:h-[16px] desktop:h-[16px]\" id=acf-block-651c0cc0d463d ><\/div>\n\n\n<h3 class=\"wp-block-heading has-24-font-size\" id=\"h-beschrankung-der-speicherung\">Beschr\u00e4nkung der Speicherung:<\/h3>\n\n\n\n<div class=\"acf-spacer h-[8px] tablet:h-[8px] desktop:h-[8px]\" id=acf-block-651c0cc0d463d ><\/div>\n\n\n<p class=\"wp-block-paragraph\">Personenbezogene Daten d\u00fcrfen, in einer Form, die die Identifizierung der Personen erm\u00f6glicht, nur <strong>so lange aufbewahrt werden, wie dies notwendig ist<\/strong>. Sie d\u00fcrfen nicht f\u00fcr l\u00e4ngere Zeit-r\u00e4ume ausschliesslich zu Archivierungszwecken von \u00f6ffentlichem Interesse, wissenschaftlicher oder historischer Forschung oder zu statistischen Zwecken aufbewahrt werden. Ansonsten d\u00fcrfen pers\u00f6nliche Daten nur dann unbegrenzt aufbe\u00acwahrt werden, wenn sie irreversibel anonymisiert wurden.<\/p>\n\n\n\n<div class=\"acf-spacer h-[16px] tablet:h-[16px] desktop:h-[16px]\" id=acf-block-651c0cc0d463d ><\/div>\n\n\n<h3 class=\"wp-block-heading has-24-font-size\" id=\"h-integritat-und-vertraulichkeit\">Integrit\u00e4t und Vertraulichkeit:<\/h3>\n\n\n\n<div class=\"acf-spacer h-[8px] tablet:h-[8px] desktop:h-[8px]\" id=acf-block-651c0cc0d463d ><\/div>\n\n\n<p class=\"wp-block-paragraph\">Die Daten m\u00fcssen vertraulich behandelt und <strong>durch geeignete technische und organisatori-sche Massnahmen gesch\u00fctzt werden<\/strong>, um unbe-fugten oder unrechtm\u00e4ssigen Zugriff, unbefugte oder unrechtm\u00e4ssige Verarbeitung oder Verbrei\u00actung sowie unbeabsichtigten Verlust, unbeab\u00acsichtigte Vernichtung oder Besch\u00e4digung zu ver\u00achindern.<\/p>\n\n\n        <\/div>\n    <\/div>\n<\/div>\n\n<\/div>\n\n\n\n\n\n\n<div class=\"acf-spacer h-[64px] tablet:h-[72px] desktop:h-[80px]\" id=acf-block-651c0cc0d43e3 ><\/div>\n\n\n<div class=\"acf-columns cols-gap-default reverse-none justify-start desktop:py-0 tablet:py-0 py-0\"id=acf-block-651c0cc0d47b4>\n    \n\n<div class=\"acf-tp-column two-third \"id=acf-block-651c0cc0d48f2>\n    <div class=\"acf-tp-column__box has-vertical-top py-0 px-0 tablet:py-0 tablet:px-0 desktop:px-0 desktop:py-0 \">\n                    <div class=\"acf-tp-column__bg-overlay\" style=\"background: rgba(0, 0, 0, 0)\"><\/div>\n                                <div class=\"acf-tp-column__box-content \">\n            \n\n<h2 class=\"wp-block-heading\" id=\"h-1-verarbeitung-personenbezogener-daten\">1. <strong>Verarbeitung personenbezogener Daten <\/strong><\/h2>\n\n\n\n<div class=\"acf-spacer h-[16px] tablet:h-[16px] desktop:h-[24px]\" id=acf-block-651c0cc0d494d ><\/div>\n\n\n<p class=\"wp-block-paragraph\">Personenbezogene Daten von Kunden, Vertrags\u00acpartnern und Mitarbeitern werden unter folgen\u00acden Umst\u00e4nden verarbeitet:<\/p>\n\n\n\n<div class=\"acf-spacer h-[16px] tablet:h-[16px] desktop:h-[16px]\" id=acf-block-651c1d7b4eeda ><\/div>\n\n\n<h3 class=\"wp-block-heading has-24-font-size\" id=\"h-1-1-einwilligung\">1.1. Einwilligung<\/h3>\n\n\n\n<div class=\"acf-spacer h-[8px] tablet:h-[8px] desktop:h-[8px]\" id=acf-block-651c1d7b4ef20 ><\/div>\n\n\n<p class=\"wp-block-paragraph\">Personenbezogene Daten k\u00f6nnen verarbeitet werden, wenn die betreffende Person in die Ver\u00acarbeitung f\u00fcr einen oder mehrere bestimmte Zwecke eingewilligt hat. Die Einwilligung muss <strong>freiwillig, f\u00fcr den konkreten Fall und sachkundig<\/strong> erteilt werden. Die Einwilligungserkl\u00e4rung muss willentlich erfolgen und zu Dokumentations-zwecken schriftlich oder in elektronischer Form eingeholt werden. Unter bestimmten Umst\u00e4n-den, wie z. B. bei Telefongespr\u00e4chen, kann die Einwilligung m\u00fcndlich erteilt werden, in diesem Fall muss sie ordnungsgem\u00e4ss dokumentiert werden.<br><br>Bei Stellenbewerbungen m\u00fcssen, wenn eine Bewerbung abgelehnt wird, die Daten des Bewer\u00acbers gel\u00f6scht werden, ausser, wenn dieser aus\u00acdr\u00fccklich zugestimmt hat, dass seine Daten f\u00fcr die Dauer von h\u00f6chstens zwei (2) Jahren zug\u00e4nglich bleiben; danach m\u00fcssen die Daten gel\u00f6scht werden.<\/p>\n\n\n\n<div class=\"acf-spacer h-[16px] tablet:h-[16px] desktop:h-[16px]\" id=acf-block-651c1d7b4ef63 ><\/div>\n\n\n<h3 class=\"wp-block-heading has-24-font-size\" id=\"h-1-2-vertragliche-beziehungen\">1.2. Vertragliche Beziehungen<\/h3>\n\n\n\n<div class=\"acf-spacer h-[8px] tablet:h-[8px] desktop:h-[8px]\" id=acf-block-651c1d7b4efa8 ><\/div>\n\n\n<p class=\"wp-block-paragraph\">Die personenbezogenen Daten von potenziellen Kunden, Kunden, Lieferanten und Mitarbeitern d\u00fcrfen verarbeitet werden, um <strong>einen Vertrag zu schliessen, abzuwickeln und zu beenden<\/strong>.<br><br>Die verarbeiteten Daten stehen immer im Zusammenhang mit dem Zweck des abge-schlossenen Vertrages.<\/p>\n\n\n\n<div class=\"acf-spacer h-[16px] tablet:h-[16px] desktop:h-[16px]\" id=acf-block-651c1d7b4efeb ><\/div>\n\n\n<h3 class=\"wp-block-heading has-24-font-size\" id=\"h-1-3-gesetzliche-erlaubnis-oder-verpflichtung\">1.3. Gesetzliche Erlaubnis oder Verpflichtung<\/h3>\n\n\n\n<div class=\"acf-spacer h-[8px] tablet:h-[8px] desktop:h-[8px]\" id=acf-block-651c1d7b4f02f ><\/div>\n\n\n<p class=\"wp-block-paragraph\">Die Verarbeitung von Personendaten ist zul\u00e4ssig, wenn das schweizerische Recht dies im Rahmen der geltenden gesetzlichen Bestimmungen ver\u00aclangt, fordert oder erlaubt.<\/p>\n\n\n\n<div class=\"acf-spacer h-[16px] tablet:h-[16px] desktop:h-[16px]\" id=acf-block-651c1d7b4f072 ><\/div>\n\n\n<h3 class=\"wp-block-heading has-24-font-size\" id=\"h-1-4-erfullung-einer-aufgabe-im-offentlichen-interesse\">1.4. Erf\u00fcllung einer Aufgabe im \u00f6ffentlichen Interesse<\/h3>\n\n\n\n<div class=\"acf-spacer h-[8px] tablet:h-[8px] desktop:h-[8px]\" id=acf-block-651c1d7b4f0b8 ><\/div>\n\n\n<p class=\"wp-block-paragraph\">Personendaten k\u00f6nnen auch verarbeitet werden, wenn sie f\u00fcr die Erf\u00fcllung einer Aufgabe, die in \u00f6ffentlichem Interesse oder in Aus\u00fcbung \u00f6ffentlicher Gewalt erfolgt, die dem Verant\u00acwortlichen f\u00fcr die Verarbeitung \u00fcbertragen wurde (z. B. staatliche Inspektionsdienste).<\/p>\n\n\n        <\/div>\n    <\/div>\n<\/div>\n\n<\/div>\n\n\n\n\n\n\n<div class=\"acf-spacer h-[64px] tablet:h-[72px] desktop:h-[80px]\" id=acf-block-651c0cc0d4997 ><\/div>\n\n\n<div class=\"acf-columns cols-gap-default reverse-none justify-start desktop:py-0 tablet:py-0 py-0\"id=acf-block-651c0cc0d47b4>\n    \n\n<div class=\"acf-tp-column two-third \"id=acf-block-651c0cc0d48f2>\n    <div class=\"acf-tp-column__box has-vertical-top py-0 px-0 tablet:py-0 tablet:px-0 desktop:px-0 desktop:py-0 \">\n                    <div class=\"acf-tp-column__bg-overlay\" style=\"background: rgba(0, 0, 0, 0)\"><\/div>\n                                <div class=\"acf-tp-column__box-content \">\n            \n\n<h2 class=\"wp-block-heading\" id=\"h-2-verarbeitung-sensibler-personenbezo-gener-daten\">2. Verarbeitung sensibler personenbezo-gener Daten<\/h2>\n\n\n\n<div class=\"acf-spacer h-[16px] tablet:h-[16px] desktop:h-[24px]\" id=acf-block-651c0cc0d494d ><\/div>\n\n\n<p class=\"wp-block-paragraph\">Sensiblen Daten sind insbesondere Daten \u00fcber die rassische oder ethnische Herkunft, politische Ansichten, religi\u00f6se oder philosophische \u00dcber\u00aczeugungen, Zugeh\u00f6rigkeit zu einer Gewerkschaft, Gesundheit und Sexualleben einer Person. Ausserdem d\u00fcrfen Daten \u00fcber strafrechtliche Verurteilungen und Straftaten nur bearbeitet werden, wenn dies nach schweizerischem Recht zul\u00e4ssig ist.<br><br>Sensible personenbezogene Daten d\u00fcrfen nur in folgenden F\u00e4llen verarbeitet werden:<\/p>\n\n\n\n<div class=\"acf-spacer h-[16px] tablet:h-[16px] desktop:h-[16px]\" id=acf-block-651c1d7b4f17d ><\/div>\n\n\n<li class=\"has-20-font-size\">Die Person hat ihre ausdr\u00fcckliche Einwilligung gegeben;<\/li>\n\n\n\n<ul class=\"wp-block-list\">\n<li>Sie sind f\u00fcr die Erf\u00fcllung von Pflichten und f\u00fcr die Aus\u00fcbung konkreter Rechte des f\u00fcr die Verarbeitung Verantwortlichen oder eines Mitarbeiters in den Bereichen Besch\u00e4ftigung, soziale Sicherheit und Sozialschutz gem\u00e4ss den einschl\u00e4gigen Rechtsvorschriften erfor\u00adderlich;<\/li>\n\n\n\n<li>Sie sind f\u00fcr die Begr\u00fcndung, Aus\u00fcbung oder Verteidigung von gesetzlichen Rechten, die eine Einzelperson betreffen, erforderlich.<\/li>\n<\/ul>\n\n\n        <\/div>\n    <\/div>\n<\/div>\n\n<\/div>\n\n\n\n\n\n\n<div class=\"acf-spacer h-[64px] tablet:h-[72px] desktop:h-[80px]\" id=acf-block-651c0cc0d4997 ><\/div>\n\n\n<div class=\"acf-columns cols-gap-default reverse-none justify-start desktop:py-0 tablet:py-0 py-0\"id=acf-block-651c0cc0d47b4>\n    \n\n<div class=\"acf-tp-column two-third \"id=acf-block-651c0cc0d48f2>\n    <div class=\"acf-tp-column__box has-vertical-top py-0 px-0 tablet:py-0 tablet:px-0 desktop:px-0 desktop:py-0 \">\n                    <div class=\"acf-tp-column__bg-overlay\" style=\"background: rgba(0, 0, 0, 0)\"><\/div>\n                                <div class=\"acf-tp-column__box-content \">\n            \n\n<h2 class=\"wp-block-heading\" id=\"h-3-ubermittlung-von-personendaten-an-konzernunternehmen-oder-dritte\">3. \u00dcbermittlung von Personendaten an Konzernunternehmen oder Dritte<\/h2>\n\n\n\n<div class=\"acf-spacer   \" id=acf-block-651c0cc0d494d ><\/div>\n\n\n<p class=\"wp-block-paragraph\">Die GMSA verkauft generell keine personen\u00adbezogenen Daten, gibt sie nicht an Dritte heraus und verteilt sie nicht an Dritte.<\/p>\n\n\n\n<p class=\"wp-block-paragraph\">Die GMSA kann ausnahmsweise Dritte f\u00fcr die Verarbeitung dieser Daten gem\u00e4ss spezifischen Anweisungen beauftragen, sofern dies rechtlich m\u00f6glich ist und den\/die Zweck(e) verfolgt, f\u00fcr den\/die die Daten urspr\u00fcnglich erhoben wurden. Vertr\u00e4ge mit solchen Dritten enthalten Geheim\u00adhaltungsklauseln, die sicherstellen, dass perso\u00adnenbezogene Daten nicht offengelegt werden, ausser, wenn dies gesetzlich vorgeschrieben oder von der GMSA ausdr\u00fccklich genehmigt ist. Personenbezogene Daten k\u00f6nnen auch offen\u00adgelegt werden, wenn die GMSA aufgrund eines zwingenden anzuwendenden Gesetzes, eines Gerichtsentscheids oder staatlicher Reglemen\u00adtierung dazu gezwungen ist, oder um straf\u00adrechtliche Ermittlungen und Verfahren oder andere Gerichtsverfahren zu unterst\u00fctzen.<\/p>\n\n\n\n<p class=\"wp-block-paragraph\">Unter bestimmten Umst\u00e4nden kann es vor\u00adkommen, dass personenbezogene Daten zur Datenverarbeitung durch einen beauftragten Dienstleister an ein Unternehmen mit Sitz im Ausland \u00fcbermittelt werden. Diese Unternehmen sind ebenso wie wir zur Einhaltung der geltenden Datenschutzbestimmungen verpflichtet. Wenn in dem Land, in das die Daten \u00fcbermittelt werden, der Datenschutz nicht dem Niveau entspricht, das in der schweizerischen oder europ\u00e4ischen Gesetz\u00adgebung vorgesehen ist, stellen wir sicher, dass sich die betreffenden Unternehmen vertraglich verpflichten, beim Schutz das gleiche Niveau wie in der Schweiz oder der Europ\u00e4ischen Union zu gew\u00e4hrleisten. Dies kann durch Standard\u00advertragsklauseln zum Datenschutz erfolgen, die von der Europ\u00e4ischen Kommission oder einer Aufsichtsbeh\u00f6rde angenommen wurden, oder durch einen gepr\u00fcften und zugelassenen Verhaltenskodex, der eine verbindliche und durchsetzbare Verpflichtung der Datenem\u00adpf\u00e4nger zur Anwendung geeigneter Sicherheits\u00admassnahmen enth\u00e4lt, oder durch einen zugelassenen Zertifizierungsmechanismus, der eine verbindliche und durchsetzbare Verpflich\u00adtung der Datenempf\u00e4nger zur Anwendung geeig\u00adneter Sicherheitsmassnahmen enth\u00e4lt. Der Voll\u00adst\u00e4ndigkeit halber weisen wir darauf hin, dass US-Beh\u00f6rden nach amerikanischem Recht \u00dcber\u00adwachungsmassnahmen ergreifen und auf Daten zugreifen k\u00f6nnen, zu denen auch Daten geh\u00f6ren k\u00f6nnen, die aus der Schweiz oder der EU in die USA \u00fcbermittelt werden. Dies geschieht ohne Unterscheidung, Einschr\u00e4nkung oder Ausnahme auf der Grundlage des verfolgten Zwecks und ohne objektive Kriterien, die es erm\u00f6glichen w\u00fcrden, den Zugang der US-Beh\u00f6rden zu personenbezogenen Daten und deren anschlies\u00adsende Verwendung auf bestimmte, strikt be\u00adgrenzte Zwecke, die den Zugang zu diesen Daten rechtfertigen w\u00fcrden, zu beschr\u00e4nken.<\/p>\n\n\n\n<p class=\"wp-block-paragraph\">Dar\u00fcber hinaus gibt es in den Vereinigten Staaten kein Rechtsmittel f\u00fcr betroffene Personen aus EU-Mitgliedstaaten oder der Schweiz, um auf die sie betreffenden Daten, die Gegenstand staatlicher Massnahmen sind, zuzugreifen, sie zu berichtigen oder zu l\u00f6schen, und es besteht kein wirksamer Rechtsschutz gegen die allgemeinen Zugriffs\u00adrechte der US-Beh\u00f6rden.<\/p>\n\n\n\n<p class=\"wp-block-paragraph\">Wir m\u00f6chten Nutzer mit Wohnsitz in der Schweiz oder einem EU-Mitgliedsstaat darauf hinweisen, dass die Vereinigten Staaten nach Ansicht der zust\u00e4ndigen Beh\u00f6rden in der Schweiz und der Europ\u00e4ischen Union \u2013 zum Teil aufgrund der in diesem Abschnitt genannten Problematik \u2013 kein angemessenes Datenschutzniveau haben. Wenn Datenempf\u00e4nger (z.B. Google) ihren Sitz in den USA haben oder voraussichtlich die entsprechen\u00adde Datenverarbeitung in den USA vornehmen, werden wir alle zumutbaren Massnahmen ergreifen, um sicherzustellen, dass Ihre Daten bei unseren Partnern durch vertragliche Verein\u00adbarungen mit diesen Unternehmen und n\u00f6tigen\u00adfalls durch zus\u00e4tzliche Garantien zum Schutz der Rechte von Personen, deren personenbezogene Daten in ein Drittland \u00fcbermittelt werden, auf einem angemessenen Niveau gesch\u00fctzt werden.<\/p>\n\n\n\n<p class=\"wp-block-paragraph\">Wir weisen Sie ausdr\u00fccklich auf diese Rechts- und Sachlage hin, damit Sie eine bewusste Entschei\u00addung dar\u00fcber treffen k\u00f6nnen, ob Sie in die Weitergabe Ihrer Daten an Personen einwilligen, die ihren Wohnsitz in den Vereinigten Staaten haben oder die Verarbeitung der betreffenden Daten in den Vereinigten Staaten vornehmen k\u00f6nnten.<\/p>\n\n\n        <\/div>\n    <\/div>\n<\/div>\n\n<\/div>\n\n\n\n\n\n\n<div class=\"acf-spacer h-[64px] tablet:h-[72px] desktop:h-[80px]\" id=acf-block-651c0cc0d4997 ><\/div>\n\n\n<div class=\"acf-columns cols-gap-default reverse-none justify-start desktop:py-0 tablet:py-0 py-0\"id=acf-block-651c0cc0d47b4>\n    \n\n<div class=\"acf-tp-column two-third \"id=acf-block-651c0cc0d48f2>\n    <div class=\"acf-tp-column__box has-vertical-top py-0 px-0 tablet:py-0 tablet:px-0 desktop:px-0 desktop:py-0 \">\n                    <div class=\"acf-tp-column__bg-overlay\" style=\"background: rgba(0, 0, 0, 0)\"><\/div>\n                                <div class=\"acf-tp-column__box-content \">\n            \n\n<h2 class=\"wp-block-heading\" id=\"h-4-rechte-betroffener-personen\">4. Rechte betroffener Personen<\/h2>\n\n\n\n<div class=\"acf-spacer h-[16px] tablet:h-[16px] desktop:h-[24px]\" id=acf-block-651c0cc0d494d ><\/div>\n\n\n<p class=\"wp-block-paragraph\">Jede Person, deren pers\u00f6nliche Daten verarbeitet werden, hat die folgenden Rechte:<\/p>\n\n\n\n<div class=\"acf-spacer h-[16px] tablet:h-[16px] desktop:h-[16px]\" id=acf-block-651c0cc0d413a ><\/div>\n\n\n<li class=\"has-20-font-size\">Jede Person kann Auskunft dar\u00fcber verlangen, <strong>welche personenbezogenen Daten \u00fcber sie gespeichert sind<\/strong>, wie und zu welchen Zwecken diese Daten erhoben wurden.<\/li>\n\n\n\n<div class=\"acf-spacer h-[16px] tablet:h-[16px] desktop:h-[16px]\" id=acf-block-651c0cc0d413a ><\/div>\n\n\n<li class=\"has-20-font-size\">Werden personenbezogene Daten an Dritte weitergegeben, m\u00fcssen Angaben <strong>zur Identi-t\u00e4t des Empf\u00e4ngers<\/strong> oder zu den Kategorien von Empf\u00e4ngern gemacht werden.<\/li>\n\n\n\n<div class=\"acf-spacer h-[16px] tablet:h-[16px] desktop:h-[16px]\" id=acf-block-651c0cc0d413a ><\/div>\n\n\n<li class=\"has-20-font-size\">Wenn die personenbezogenen Daten un-richtig oder unvollst\u00e4ndig sind, kann die betroffene Person verlangen, dass diese Daten <strong>berichtigt oder vervollst\u00e4ndigt<\/strong> wer-den.<\/li>\n\n\n\n<div class=\"acf-spacer h-[16px] tablet:h-[16px] desktop:h-[16px]\" id=acf-block-651c0cc0d413a ><\/div>\n\n\n<li class=\"has-20-font-size\">Die Person kann die <strong>L\u00f6schung ihrer<\/strong> Daten verlangen, wenn es keine Rechtsgrundlage f\u00fcr die Erhebung, Speicherung oder Verarbeitung dieser Daten gibt oder wenn die Rechts\u00acgrundlage entfallen ist. Gleiches gilt, wenn der Zweck der Datenverarbeitung hinf\u00e4llig gewor\u00acden ist oder aus sonstigen Gr\u00fcnden nicht mehr anwendbar ist.<\/li>\n\n\n\n<div class=\"acf-spacer h-[16px] tablet:h-[16px] desktop:h-[16px]\" id=acf-block-651c0cc0d413a ><\/div>\n\n\n<li class=\"has-20-font-size\">Jede Einzelperson hat das Recht, <strong>der Verar-beitung ihrer Daten zu widersprechen<\/strong>. Dies ist zu ber\u00fccksichtigen, wenn der Schutz ihrer Interessen aufgrund einer besonderen per\u00acs\u00f6nlichen Situation Vorrang vor dem Interesse des f\u00fcr die Datenverarbeitung Verantwort\u00aclichen hat. Dies gilt nicht, wenn eine gesetzliche Bestimmung die Verarbeitung der Daten vorschreibt.<\/li>\n\n\n\n<div class=\"acf-spacer h-[16px] tablet:h-[16px] desktop:h-[16px]\" id=acf-block-6762f05a7c81a ><\/div>\n\n\n<li class=\"has-20-font-size\">Wenn personenbezogene Daten auf einer Website erhoben, verarbeitet und genutzt werden, werden die betroffenen Personen im Rahmen der <strong>Datenschutzrichtlinie<\/strong>, die Infor\u00acmationen \u00fcber Cookies enth\u00e4lt, informiert. Diese Informationen sind auf der Webseite leicht erkennbar, zug\u00e4nglich und verf\u00fcgbar.<\/li>\n\n\n        <\/div>\n    <\/div>\n<\/div>\n\n<\/div>\n\n\n\n\n\n\n<div class=\"acf-spacer h-[64px] tablet:h-[72px] desktop:h-[80px]\" id=acf-block-651c0cc0d4997 ><\/div>\n\n\n<div class=\"acf-columns cols-gap-default reverse-none justify-start desktop:py-0 tablet:py-0 py-0\"id=acf-block-651c0cc0d47b4>\n    \n\n<div class=\"acf-tp-column two-third \"id=acf-block-651c0cc0d48f2>\n    <div class=\"acf-tp-column__box has-vertical-top py-0 px-0 tablet:py-0 tablet:px-0 desktop:px-0 desktop:py-0 \">\n                    <div class=\"acf-tp-column__bg-overlay\" style=\"background: rgba(0, 0, 0, 0)\"><\/div>\n                                <div class=\"acf-tp-column__box-content \">\n            \n\n<h2 class=\"wp-block-heading\" id=\"h-5-vertraulichkeit-amp-sicherheit\">5. Vertraulichkeit &amp; Sicherheit<\/h2>\n\n\n\n<div class=\"acf-spacer h-[16px] tablet:h-[16px] desktop:h-[24px]\" id=acf-block-651c0cc0d494d ><\/div>\n\n\n<p class=\"wp-block-paragraph\">Personenbezogene Daten unterliegen der <strong>Geheimhaltung<\/strong>. GMSA-Mitarbeitern ist es unter\u00acsagt, personenbezogene Daten f\u00fcr private oder kommerzielle Zwecke zu verwenden, Unbefugten offenzulegen oder anderweitig zur Verf\u00fcgung zu stellen.<br><br>Personenbezogene Daten werden vor unbe-fugtem Zugriff und unrechtm\u00e4ssiger Verarbeitung oder Offenlegung sowie vor versehentlichem Verlust, unbeabsichtigter Ver\u00e4nderung oder Zer\u00acst\u00f6rung gesch\u00fctzt. Dies gilt unabh\u00e4ngig davon, ob die Daten elektronisch oder in Papierform verarbeitet werden. Vor der Einf\u00fchrung neuer Methoden zur Datenverarbeitung, insbesondere neuer Informatiksysteme, werden technische und organisatorische Massnahmen zum Schutz personenbezogener Daten vor Verlust festgelegt und umgesetzt.<\/p>\n\n\n        <\/div>\n    <\/div>\n<\/div>\n\n<\/div>\n\n\n\n\n\n\n<div class=\"acf-spacer h-[64px] tablet:h-[72px] desktop:h-[80px]\" id=acf-block-651c0cc0d4997 ><\/div>\n\n\n<div class=\"acf-columns cols-gap-default reverse-none justify-start desktop:py-0 tablet:py-0 py-0\"id=acf-block-651c0cc0d47b4>\n    \n\n<div class=\"acf-tp-column two-third \"id=acf-block-651c0cc0d48f2>\n    <div class=\"acf-tp-column__box has-vertical-top py-0 px-0 tablet:py-0 tablet:px-0 desktop:px-0 desktop:py-0 \">\n                    <div class=\"acf-tp-column__bg-overlay\" style=\"background: rgba(0, 0, 0, 0)\"><\/div>\n                                <div class=\"acf-tp-column__box-content \">\n            \n\n<h2 class=\"wp-block-heading\" id=\"h-6-kontrolle-des-datenschutzes\">6. Kontrolle des Datenschutzes<\/h2>\n\n\n\n<div class=\"acf-spacer h-[16px] tablet:h-[16px] desktop:h-[24px]\" id=acf-block-651c0cc0d494d ><\/div>\n\n\n<p class=\"wp-block-paragraph\">Die Einhaltung der Datenschutzerkl\u00e4rung und der geltenden Datenschutzgesetze wird regelm\u00e4ssig im Rahmen von Datenschutzaudits und anderen Kontrollen \u00fcberpr\u00fcft.<\/p>\n\n\n        <\/div>\n    <\/div>\n<\/div>\n\n<\/div>\n\n\n\n\n\n\n<div class=\"acf-spacer h-[64px] tablet:h-[72px] desktop:h-[80px]\" id=acf-block-651c0cc0d4997 ><\/div>\n\n\n<div class=\"acf-columns cols-gap-default reverse-none justify-start desktop:py-0 tablet:py-0 py-0\"id=acf-block-651c0cc0d47b4>\n    \n\n<div class=\"acf-tp-column two-third \"id=acf-block-651c0cc0d48f2>\n    <div class=\"acf-tp-column__box has-vertical-top py-0 px-0 tablet:py-0 tablet:px-0 desktop:px-0 desktop:py-0 \">\n                    <div class=\"acf-tp-column__bg-overlay\" style=\"background: rgba(0, 0, 0, 0)\"><\/div>\n                                <div class=\"acf-tp-column__box-content \">\n            \n\n<h2 class=\"wp-block-heading\" id=\"h-7-verantwortlichkeiten-und-sanktionen\">7. <strong>Verantwortlichkeiten und Sanktionen <\/strong><\/h2>\n\n\n\n<div class=\"acf-spacer h-[16px] tablet:h-[16px] desktop:h-[24px]\" id=acf-block-651c0cc0d494d ><\/div>\n\n\n<p class=\"wp-block-paragraph\">Die Exekutivorgane der GMSA sind f\u00fcr die Datenverarbeitung in ihrem Verantwortungs-bereich verantwortlich. Sie sind daher verpflichtet, daf\u00fcr zu sorgen, dass sowohl die gesetzlichen Anforderungen zum Datenschutz als auch die in der Datenschutzerkl\u00e4rung enthalten Anforderungen eingehalten werden. Die F\u00fch\u00acrungskr\u00e4fte sind verantwortlich f\u00fcr die Um\u00acsetzung von organisatorischen, personellen und technischen Massnahmen, die eine datenschutz\u00ackonforme Datenverarbeitung erm\u00f6glichen.<br><br>Die Einhaltung dieser Anforderungen liegt in der Verantwortung der jeweiligen Mitarbeiter. F\u00fchren offizielle Stellen Datenschutzpr\u00fcfungen durch, ist der Datenschutzbeauftragte unver-z\u00fcglich dar\u00fcber zu informieren.<\/p>\n\n\n        <\/div>\n    <\/div>\n<\/div>\n\n<\/div>\n\n\n\n\n\n\n<div class=\"acf-spacer h-[64px] tablet:h-[72px] desktop:h-[80px]\" id=acf-block-651c0cc0d4997 ><\/div>\n\n\n<div class=\"acf-columns cols-gap-default reverse-none justify-start desktop:py-0 tablet:py-0 py-0\"id=acf-block-651c0cc0d47b4>\n    \n\n<div class=\"acf-tp-column two-third \"id=acf-block-651c0cc0d48f2>\n    <div class=\"acf-tp-column__box has-vertical-top py-0 px-0 tablet:py-0 tablet:px-0 desktop:px-0 desktop:py-0 \">\n                    <div class=\"acf-tp-column__bg-overlay\" style=\"background: rgba(0, 0, 0, 0)\"><\/div>\n                                <div class=\"acf-tp-column__box-content \">\n            \n\n<h2 class=\"wp-block-heading\" id=\"h-8-kontakt\">8. <strong><strong>Kontakt<\/strong><\/strong><\/h2>\n\n\n\n<div class=\"acf-spacer h-[16px] tablet:h-[16px] desktop:h-[24px]\" id=acf-block-651c0cc0d494d ><\/div>\n\n\n<p class=\"wp-block-paragraph\">PWenn Sie Fragen oder Beschwerden zur Ein-haltung dieser Datenschutzerkl\u00e4rung durch die GMSA haben oder Anmerkungen machen m\u00f6chten, kontaktieren Sie uns bitte unter <a href=\"mailto:groupe@gmsa.ch\">groupe@gmsa.ch<\/a>.<\/p>\n\n\n\n<p class=\"wp-block-paragraph\">Als zus\u00e4tzliche Anlaufstelle f\u00fcr Aufsichtsbeh\u00f6rden und betroffene Personen f\u00fcr Anliegen im Zusammenhang mit der Datenschutz-Grund\u00acverordnung (DSGVO) haben wir, gem\u00e4ss Artikel 27 DSGVO, den folgenden Datenschutz\u00acbeauftragten f\u00fcr den Europ\u00e4ischen Wirtschafts\u00acraum (EWR), welcher die Europ\u00e4ische Union, das F\u00fcrstentum Liechtenstein, Island und Norwegen umfasst:<\/p>\n\n\n\n<p class=\"wp-block-paragraph\"><a href=\"https:\/\/www.datenschutzpartner.ch\/angebot-eu-datenschutz-vertretung\/\" target=\"_blank\" rel=\"noreferrer noopener nofollow\">Datenschutzpartner AG, 5742 K\u00f6lliken<\/a><\/p>\n\n\n        <\/div>\n    <\/div>\n<\/div>\n\n<\/div>\n\n\n\n\n\n\n<div class=\"acf-spacer h-[64px] tablet:h-[72px] desktop:h-[80px]\" id=acf-block-651c0cc0d4997 ><\/div>\n\n    <\/div>\n<\/div>\n\n\n","protected":false},"excerpt":{"rendered":"","protected":false},"author":3,"featured_media":6986,"parent":0,"menu_order":0,"comment_status":"closed","ping_status":"closed","template":"","meta":{"_acf_changed":false,"_searchwp_excluded":"","footnotes":""},"class_list":["post-8084","page","type-page","status-publish","has-post-thumbnail","hentry"],"acf":[],"yoast_head":"<title>Datenschutzcharta - GMSA<\/title>\n<meta name=\"description\" content=\"Entdecken Sie die Datenschutzcharta von GMSA: Unsere Verpflichtungen zum Schutz Ihrer pers\u00f6nlichen Daten und zur Wahrung Ihrer Privatsph\u00e4re.\" \/>\n<meta name=\"robots\" content=\"index, follow, max-snippet:-1, max-image-preview:large, max-video-preview:-1\" \/>\n<link rel=\"canonical\" href=\"https:\/\/www.gmsa.ch\/de\/datenschutzcharta\/\" \/>\n<meta property=\"og:locale\" content=\"de_DE\" \/>\n<meta property=\"og:type\" content=\"article\" \/>\n<meta property=\"og:title\" content=\"Datenschutzcharta\" \/>\n<meta property=\"og:description\" content=\"Entdecken Sie die Datenschutzcharta von GMSA: Unsere Verpflichtungen zum Schutz Ihrer pers\u00f6nlichen Daten und zur Wahrung Ihrer Privatsph\u00e4re.\" \/>\n<meta property=\"og:url\" content=\"https:\/\/www.gmsa.ch\/de\/datenschutzcharta\/\" \/>\n<meta property=\"og:site_name\" content=\"GMSA\" \/>\n<meta property=\"article:modified_time\" content=\"2024-12-18T15:55:10+00:00\" \/>\n<meta property=\"og:image\" content=\"https:\/\/www.gmsa.ch\/wp-content\/uploads\/2023\/09\/gmsa-accueil-banniere-desktop.jpg\" \/>\n\t<meta property=\"og:image:width\" content=\"2560\" \/>\n\t<meta property=\"og:image:height\" content=\"1424\" \/>\n\t<meta property=\"og:image:type\" content=\"image\/jpeg\" \/>\n<meta name=\"twitter:card\" content=\"summary_large_image\" \/>\n<meta name=\"twitter:label1\" content=\"Gesch\u00e4tzte Lesezeit\" \/>\n\t<meta name=\"twitter:data1\" content=\"11\u00a0Minuten\" \/>\n<script type=\"application\/ld+json\" class=\"yoast-schema-graph\">{\"@context\":\"https:\\\/\\\/schema.org\",\"@graph\":[{\"@type\":\"WebPage\",\"@id\":\"https:\\\/\\\/www.gmsa.ch\\\/de\\\/datenschutzcharta\\\/\",\"url\":\"https:\\\/\\\/www.gmsa.ch\\\/de\\\/datenschutzcharta\\\/\",\"name\":\"Datenschutzcharta - GMSA\",\"isPartOf\":{\"@id\":\"https:\\\/\\\/www.gmsa.ch\\\/de\\\/#website\"},\"primaryImageOfPage\":{\"@id\":\"https:\\\/\\\/www.gmsa.ch\\\/de\\\/datenschutzcharta\\\/#primaryimage\"},\"image\":{\"@id\":\"https:\\\/\\\/www.gmsa.ch\\\/de\\\/datenschutzcharta\\\/#primaryimage\"},\"thumbnailUrl\":\"https:\\\/\\\/www.gmsa.ch\\\/wp-content\\\/uploads\\\/2023\\\/09\\\/gmsa-accueil-banniere-desktop.jpg\",\"datePublished\":\"2023-10-03T07:32:57+00:00\",\"dateModified\":\"2024-12-18T15:55:10+00:00\",\"description\":\"Entdecken Sie die Datenschutzcharta von GMSA: Unsere Verpflichtungen zum Schutz Ihrer pers\u00f6nlichen Daten und zur Wahrung Ihrer Privatsph\u00e4re.\",\"breadcrumb\":{\"@id\":\"https:\\\/\\\/www.gmsa.ch\\\/de\\\/datenschutzcharta\\\/#breadcrumb\"},\"inLanguage\":\"de\",\"potentialAction\":[{\"@type\":\"ReadAction\",\"target\":[\"https:\\\/\\\/www.gmsa.ch\\\/de\\\/datenschutzcharta\\\/\"]}]},{\"@type\":\"ImageObject\",\"inLanguage\":\"de\",\"@id\":\"https:\\\/\\\/www.gmsa.ch\\\/de\\\/datenschutzcharta\\\/#primaryimage\",\"url\":\"https:\\\/\\\/www.gmsa.ch\\\/wp-content\\\/uploads\\\/2023\\\/09\\\/gmsa-accueil-banniere-desktop.jpg\",\"contentUrl\":\"https:\\\/\\\/www.gmsa.ch\\\/wp-content\\\/uploads\\\/2023\\\/09\\\/gmsa-accueil-banniere-desktop.jpg\",\"width\":2560,\"height\":1424},{\"@type\":\"BreadcrumbList\",\"@id\":\"https:\\\/\\\/www.gmsa.ch\\\/de\\\/datenschutzcharta\\\/#breadcrumb\",\"itemListElement\":[{\"@type\":\"ListItem\",\"position\":1,\"name\":\"Home\",\"item\":\"https:\\\/\\\/www.gmsa.ch\\\/de\\\/\"},{\"@type\":\"ListItem\",\"position\":2,\"name\":\"Datenschutzcharta\"}]},{\"@type\":\"WebSite\",\"@id\":\"https:\\\/\\\/www.gmsa.ch\\\/de\\\/#website\",\"url\":\"https:\\\/\\\/www.gmsa.ch\\\/de\\\/\",\"name\":\"GMSA\",\"description\":\"\",\"publisher\":{\"@id\":\"https:\\\/\\\/www.gmsa.ch\\\/de\\\/#organization\"},\"potentialAction\":[{\"@type\":\"SearchAction\",\"target\":{\"@type\":\"EntryPoint\",\"urlTemplate\":\"https:\\\/\\\/www.gmsa.ch\\\/de\\\/?s={search_term_string}\"},\"query-input\":{\"@type\":\"PropertyValueSpecification\",\"valueRequired\":true,\"valueName\":\"search_term_string\"}}],\"inLanguage\":\"de\"},{\"@type\":\"Organization\",\"@id\":\"https:\\\/\\\/www.gmsa.ch\\\/de\\\/#organization\",\"name\":\"GMSA\",\"url\":\"https:\\\/\\\/www.gmsa.ch\\\/de\\\/\",\"logo\":{\"@type\":\"ImageObject\",\"inLanguage\":\"de\",\"@id\":\"https:\\\/\\\/www.gmsa.ch\\\/de\\\/#\\\/schema\\\/logo\\\/image\\\/\",\"url\":\"https:\\\/\\\/www.gmsa.ch\\\/wp-content\\\/uploads\\\/2023\\\/08\\\/white-logo.svg\",\"contentUrl\":\"https:\\\/\\\/www.gmsa.ch\\\/wp-content\\\/uploads\\\/2023\\\/08\\\/white-logo.svg\",\"width\":184,\"height\":49,\"caption\":\"GMSA\"},\"image\":{\"@id\":\"https:\\\/\\\/www.gmsa.ch\\\/de\\\/#\\\/schema\\\/logo\\\/image\\\/\"},\"sameAs\":[\"https:\\\/\\\/www.linkedin.com\\\/company\\\/groupe-minoteries-sa\"]}]}<\/script>","yoast_head_json":{"title":"Datenschutzcharta - GMSA","description":"Entdecken Sie die Datenschutzcharta von GMSA: Unsere Verpflichtungen zum Schutz Ihrer pers\u00f6nlichen Daten und zur Wahrung Ihrer Privatsph\u00e4re.","robots":{"index":"index","follow":"follow","max-snippet":"max-snippet:-1","max-image-preview":"max-image-preview:large","max-video-preview":"max-video-preview:-1"},"canonical":"https:\/\/www.gmsa.ch\/de\/datenschutzcharta\/","og_locale":"de_DE","og_type":"article","og_title":"Datenschutzcharta","og_description":"Entdecken Sie die Datenschutzcharta von GMSA: Unsere Verpflichtungen zum Schutz Ihrer pers\u00f6nlichen Daten und zur Wahrung Ihrer Privatsph\u00e4re.","og_url":"https:\/\/www.gmsa.ch\/de\/datenschutzcharta\/","og_site_name":"GMSA","article_modified_time":"2024-12-18T15:55:10+00:00","og_image":[{"width":2560,"height":1424,"url":"https:\/\/www.gmsa.ch\/wp-content\/uploads\/2023\/09\/gmsa-accueil-banniere-desktop.jpg","type":"image\/jpeg"}],"twitter_card":"summary_large_image","twitter_misc":{"Gesch\u00e4tzte Lesezeit":"11\u00a0Minuten"},"schema":{"@context":"https:\/\/schema.org","@graph":[{"@type":"WebPage","@id":"https:\/\/www.gmsa.ch\/de\/datenschutzcharta\/","url":"https:\/\/www.gmsa.ch\/de\/datenschutzcharta\/","name":"Datenschutzcharta - GMSA","isPartOf":{"@id":"https:\/\/www.gmsa.ch\/de\/#website"},"primaryImageOfPage":{"@id":"https:\/\/www.gmsa.ch\/de\/datenschutzcharta\/#primaryimage"},"image":{"@id":"https:\/\/www.gmsa.ch\/de\/datenschutzcharta\/#primaryimage"},"thumbnailUrl":"https:\/\/www.gmsa.ch\/wp-content\/uploads\/2023\/09\/gmsa-accueil-banniere-desktop.jpg","datePublished":"2023-10-03T07:32:57+00:00","dateModified":"2024-12-18T15:55:10+00:00","description":"Entdecken Sie die Datenschutzcharta von GMSA: Unsere Verpflichtungen zum Schutz Ihrer pers\u00f6nlichen Daten und zur Wahrung Ihrer Privatsph\u00e4re.","breadcrumb":{"@id":"https:\/\/www.gmsa.ch\/de\/datenschutzcharta\/#breadcrumb"},"inLanguage":"de","potentialAction":[{"@type":"ReadAction","target":["https:\/\/www.gmsa.ch\/de\/datenschutzcharta\/"]}]},{"@type":"ImageObject","inLanguage":"de","@id":"https:\/\/www.gmsa.ch\/de\/datenschutzcharta\/#primaryimage","url":"https:\/\/www.gmsa.ch\/wp-content\/uploads\/2023\/09\/gmsa-accueil-banniere-desktop.jpg","contentUrl":"https:\/\/www.gmsa.ch\/wp-content\/uploads\/2023\/09\/gmsa-accueil-banniere-desktop.jpg","width":2560,"height":1424},{"@type":"BreadcrumbList","@id":"https:\/\/www.gmsa.ch\/de\/datenschutzcharta\/#breadcrumb","itemListElement":[{"@type":"ListItem","position":1,"name":"Home","item":"https:\/\/www.gmsa.ch\/de\/"},{"@type":"ListItem","position":2,"name":"Datenschutzcharta"}]},{"@type":"WebSite","@id":"https:\/\/www.gmsa.ch\/de\/#website","url":"https:\/\/www.gmsa.ch\/de\/","name":"GMSA","description":"","publisher":{"@id":"https:\/\/www.gmsa.ch\/de\/#organization"},"potentialAction":[{"@type":"SearchAction","target":{"@type":"EntryPoint","urlTemplate":"https:\/\/www.gmsa.ch\/de\/?s={search_term_string}"},"query-input":{"@type":"PropertyValueSpecification","valueRequired":true,"valueName":"search_term_string"}}],"inLanguage":"de"},{"@type":"Organization","@id":"https:\/\/www.gmsa.ch\/de\/#organization","name":"GMSA","url":"https:\/\/www.gmsa.ch\/de\/","logo":{"@type":"ImageObject","inLanguage":"de","@id":"https:\/\/www.gmsa.ch\/de\/#\/schema\/logo\/image\/","url":"https:\/\/www.gmsa.ch\/wp-content\/uploads\/2023\/08\/white-logo.svg","contentUrl":"https:\/\/www.gmsa.ch\/wp-content\/uploads\/2023\/08\/white-logo.svg","width":184,"height":49,"caption":"GMSA"},"image":{"@id":"https:\/\/www.gmsa.ch\/de\/#\/schema\/logo\/image\/"},"sameAs":["https:\/\/www.linkedin.com\/company\/groupe-minoteries-sa"]}]}},"_links":{"self":[{"href":"https:\/\/www.gmsa.ch\/de\/wp-json\/wp\/v2\/pages\/8084","targetHints":{"allow":["GET"]}}],"collection":[{"href":"https:\/\/www.gmsa.ch\/de\/wp-json\/wp\/v2\/pages"}],"about":[{"href":"https:\/\/www.gmsa.ch\/de\/wp-json\/wp\/v2\/types\/page"}],"author":[{"embeddable":true,"href":"https:\/\/www.gmsa.ch\/de\/wp-json\/wp\/v2\/users\/3"}],"replies":[{"embeddable":true,"href":"https:\/\/www.gmsa.ch\/de\/wp-json\/wp\/v2\/comments?post=8084"}],"version-history":[{"count":0,"href":"https:\/\/www.gmsa.ch\/de\/wp-json\/wp\/v2\/pages\/8084\/revisions"}],"wp:featuredmedia":[{"embeddable":true,"href":"https:\/\/www.gmsa.ch\/de\/wp-json\/wp\/v2\/media\/6986"}],"wp:attachment":[{"href":"https:\/\/www.gmsa.ch\/de\/wp-json\/wp\/v2\/media?parent=8084"}],"curies":[{"name":"wp","href":"https:\/\/api.w.org\/{rel}","templated":true}]}}