{"id":7061,"date":"2026-03-17T18:00:00","date_gmt":"2026-03-17T17:00:00","guid":{"rendered":"https:\/\/www.gmsa.ch\/?page_id=7061"},"modified":"2026-08-11T07:17:07","modified_gmt":"2026-08-11T06:17:07","slug":"beziehung-zu-unseren-investoren","status":"publish","type":"page","link":"https:\/\/www.gmsa.ch\/de\/beziehung-zu-unseren-investoren\/","title":{"rendered":"Beziehung zu unseren Investoren"},"content":{"rendered":"\n<section class=\"acf-hero-banner has-white-color\"id=acf-block-64f8f1f1b8f0a >\n            <div class=\"acf-hero-banner__bg acf-hero-banner__bg--mob\">\n            <img decoding=\"async\" width=\"750\" height=\"1360\" src=\"https:\/\/www.gmsa.ch\/wp-content\/uploads\/2023\/09\/gmsa-relation-investisseurs-banniere-mobile.jpg\" class=\"attachment-full size-full\" alt=\"\" srcset=\"https:\/\/www.gmsa.ch\/wp-content\/uploads\/2023\/09\/gmsa-relation-investisseurs-banniere-mobile.jpg 750w, https:\/\/www.gmsa.ch\/wp-content\/uploads\/2023\/09\/gmsa-relation-investisseurs-banniere-mobile-165x300.jpg 165w, https:\/\/www.gmsa.ch\/wp-content\/uploads\/2023\/09\/gmsa-relation-investisseurs-banniere-mobile-565x1024.jpg 565w\" sizes=\"(max-width: 750px) 100vw, 750px\" \/>        <\/div>\n                <div class=\"acf-hero-banner__bg acf-hero-banner__bg--laptop\">\n            <img decoding=\"async\" width=\"2560\" height=\"1424\" src=\"https:\/\/www.gmsa.ch\/wp-content\/uploads\/2023\/09\/gmsa-relation-investisseurs-banniere-desktop.jpg\" class=\"attachment-full size-full\" alt=\"\" srcset=\"https:\/\/www.gmsa.ch\/wp-content\/uploads\/2023\/09\/gmsa-relation-investisseurs-banniere-desktop.jpg 2560w, https:\/\/www.gmsa.ch\/wp-content\/uploads\/2023\/09\/gmsa-relation-investisseurs-banniere-desktop-300x167.jpg 300w, https:\/\/www.gmsa.ch\/wp-content\/uploads\/2023\/09\/gmsa-relation-investisseurs-banniere-desktop-1024x570.jpg 1024w, https:\/\/www.gmsa.ch\/wp-content\/uploads\/2023\/09\/gmsa-relation-investisseurs-banniere-desktop-768x427.jpg 768w, https:\/\/www.gmsa.ch\/wp-content\/uploads\/2023\/09\/gmsa-relation-investisseurs-banniere-desktop-1536x854.jpg 1536w, https:\/\/www.gmsa.ch\/wp-content\/uploads\/2023\/09\/gmsa-relation-investisseurs-banniere-desktop-2048x1139.jpg 2048w\" sizes=\"(max-width: 2560px) 100vw, 2560px\" \/>        <\/div>\n        <div class=\"container\">\n        <div class=\"acf-hero-banner__row\" data-aos=\"fade\" data-aos-ofsset=\"10\" data-aos-easing=\"ease-in\" data-aos-duration=\"900\" data-aos-delay=\"800\">\n            <div class=\"acf-hero-banner__icon\" data-aos=\"fade\" data-aos-ofsset=\"10\" data-aos-easing=\"ease-in\" data-aos-duration=\"900\" data-aos-delay=\"700\">\n                <!-- Langue d\u00e9tect\u00e9e : de_DE --><!-- Page d'accueil : Non --><img decoding=\"async\" src=\"https:\/\/www.gmsa.ch\/wp-content\/themes\/gmsa\/img\/global\/banner-logo.svg\" alt=\"GMSA\">            <\/div>\n            <div class=\"acf-hero-banner__content\">\n                                    <div class=\"acf-hero-banner__subtitle\" data-aos=\"fade\" data-aos-ofsset=\"10\" data-aos-easing=\"ease-in\" data-aos-duration=\"800\" data-aos-delay=\"1000\">Unsere Gruppe<\/div>\n                                                    <h1 class=\"acf-hero-banner__title\" data-aos=\"fade\" data-aos-ofsset=\"10\" data-aos-easing=\"ease-in\" data-aos-duration=\"1000\" data-aos-delay=\"2000\">Beziehung zu unseren Investoren<\/h1>\n                                            <\/div>\n        <\/div>\n    <\/div>\n<\/section>\n\n\n\n<div class=\"acf-container desktop:py-[80px] tablet:py-[72px] py-[64px] \"id=acf-block-64f8f1f1b903e>\n            <div class=\"acf-container__bg-overlay\" style=\"background: rgba(0, 0, 0, 0)\"><\/div>\n                <div class=\"container\">\n        \n\n<div class=\"acf-columns cols-gap-default reverse-none justify-start desktop:py-0 tablet:py-0 py-0\"id=acf-block-64f8f1f1b905b>\n    \n\n<div class=\"acf-tp-column two-third \"id=acf-block-64f8f1f1b907a>\n    <div class=\"acf-tp-column__box has-vertical-top py-0 px-0 tablet:py-0 tablet:px-0 desktop:px-0 desktop:py-0 \">\n                    <div class=\"acf-tp-column__bg-overlay\" style=\"background: rgba(0, 0, 0, 0)\"><\/div>\n                                <div class=\"acf-tp-column__box-content \">\n            \n\n<h2 id=\"h-fur-investitionen-in-der-schweiz\" class=\"wp-block-heading\" style=\"text-transform:uppercase\">F\u00dcR INVESTITIONEN IN DER SCHWEIZ<\/h2>\n\n\n\n<div class=\"acf-spacer h-[32px] tablet:h-[32px] desktop:h-[40px]\" id=acf-block-64f8f1f1b9091 ><\/div>\n\n\n<p class=\"mb-0 has-32-font-size wp-block-paragraph\">Als einziges b\u00f6rsenkotiertes M\u00fchlenunternehmen der Schweiz sind wir in jeder Hinsicht der Transparenz verpflichtet.<\/p>\n\n\n\n<div class=\"acf-spacer h-[16px] tablet:h-[16px] desktop:h-[24px]\" id=acf-block-64f8f1f1b90a2 ><\/div>\n\n\n<p class=\"wp-block-paragraph\">Der administrative und juristische Hauptsitz der Gruppe befindet sich in Granges-pr\u00e8s-Marnand, Gemeinde Valbroye (VD). Das Unternehmen betreibt sechs Produktionsst\u00e4tten in Granges-pr\u00e8s-Marnand (VD), Goldach (SG), Stein am Rhein (SH), Zollbr\u00fcck (BE), M\u00fcllheim-Wigoltingen (TG) und Riddes (VS), sowie ein Silo in Schwarzenbach (SG). Die GMSA verarbeitet Rohstoffe, die \u00fcberwiegend aus der Schweiz stammen.<\/p>\n\n\n        <\/div>\n    <\/div>\n<\/div>\n\n\n<div class=\"acf-tp-column one-third \"id=acf-block-64f8f1f1b90bb>\n    <div class=\"acf-tp-column__box has-vertical-top py-0 px-0 tablet:py-0 tablet:px-0 desktop:px-0 desktop:py-0 \">\n                    <div class=\"acf-tp-column__bg-overlay\" style=\"background: rgba(0, 0, 0, 0)\"><\/div>\n                                <div class=\"acf-tp-column__box-content \">\n            \n\n<figure class=\"wp-block-image size-full\"><img decoding=\"async\" width=\"806\" height=\"1006\" src=\"https:\/\/www.gmsa.ch\/wp-content\/uploads\/2023\/09\/gmsa-relation-investisseurs.jpg\" alt=\"\" class=\"wp-image-4480\" srcset=\"https:\/\/www.gmsa.ch\/wp-content\/uploads\/2023\/09\/gmsa-relation-investisseurs.jpg 806w, https:\/\/www.gmsa.ch\/wp-content\/uploads\/2023\/09\/gmsa-relation-investisseurs-240x300.jpg 240w, https:\/\/www.gmsa.ch\/wp-content\/uploads\/2023\/09\/gmsa-relation-investisseurs-768x959.jpg 768w\" sizes=\"(max-width: 806px) 100vw, 806px\" \/><\/figure>\n\n\n        <\/div>\n    <\/div>\n<\/div>\n\n<\/div>\n\n\n\n\n\n\n<div class=\"acf-spacer h-[64px] tablet:h-[72px] desktop:h-[80px]\" id=acf-block-64f8f1f1b9138 ><\/div>\n\n\n<h2 id=\"h-aktionen\" class=\"wp-block-heading\" style=\"text-transform:uppercase\">AKTIONEN<\/h2>\n\n\n\n<div class=\"acf-spacer h-[64px] tablet:h-[72px] desktop:h-[80px]\" id=acf-block-64f8f1f1b9166 ><\/div>\n\n\n<h3 id=\"h-kurs-der-aktie\" class=\"wp-block-heading\" style=\"text-transform:uppercase\">KURS DER AKTIE<\/h3>\n\n\n\n<div class=\"acf-spacer h-[32px] tablet:h-[32px] desktop:h-[40px]\" id=acf-block-64f8f1f1b918e ><\/div>\n\n\n<figure class=\"wp-block-image alignfull size-large\"><img decoding=\"async\" width=\"1024\" height=\"260\" src=\"https:\/\/www.gmsa.ch\/wp-content\/uploads\/2024\/03\/Cours_Bourse_09.2023-02.2024-1024x260.jpg\" alt=\"\" class=\"wp-image-9470\" srcset=\"https:\/\/www.gmsa.ch\/wp-content\/uploads\/2024\/03\/Cours_Bourse_09.2023-02.2024-1024x260.jpg 1024w, https:\/\/www.gmsa.ch\/wp-content\/uploads\/2024\/03\/Cours_Bourse_09.2023-02.2024-300x76.jpg 300w, https:\/\/www.gmsa.ch\/wp-content\/uploads\/2024\/03\/Cours_Bourse_09.2023-02.2024-768x195.jpg 768w, https:\/\/www.gmsa.ch\/wp-content\/uploads\/2024\/03\/Cours_Bourse_09.2023-02.2024.jpg 1245w\" sizes=\"(max-width: 1024px) 100vw, 1024px\" \/><\/figure>\n\n\n\n<div class=\"acf-spacer h-[56px] tablet:h-[56px] desktop:h-[64px]\" id=acf-block-64f8f1f1b91b5 ><\/div>\n\n\n    <div class=\"acf-buttons start flex-col\"id=acf-block-64ff23173f789>\n\n        \n                            <a href=\"https:\/\/www.six-group.com\/de\/products-services\/the-swiss-stock-exchange\/market-data\/shares\/share-explorer\/share-details.CH0012949464CHF4.html#\/chart\" target=\"_blank\"\n                   class=\"acf-button__button\">Weitere Informationen<\/a>\n            \n            \n            <\/div>\n\n\n\n<div class=\"acf-spacer h-[64px] tablet:h-[72px] desktop:h-[80px]\" id=acf-block-6a5499d96f9060.95733925 ><\/div>\n\n\n<div class=\"acf-columns cols-gap-default reverse-none justify-start desktop:py-0 tablet:py-0 py-0\"id=acf-block-64f8f1f1b91c9>\n    \n\n<div class=\"acf-tp-column half \"id=acf-block-64f8f1f1b91e3>\n    <div class=\"acf-tp-column__box has-vertical-top py-0 px-0 tablet:py-0 tablet:px-0 desktop:px-0 desktop:py-0 \">\n                    <div class=\"acf-tp-column__bg-overlay\" style=\"background: rgba(0, 0, 0, 0)\"><\/div>\n                                <div class=\"acf-tp-column__box-content \">\n            \n\n<h3 id=\"h-struktur-des-aktienkapitals\" class=\"wp-block-heading\" style=\"text-transform:uppercase\"><strong>Struktur des Aktienkapitals<\/strong><\/h3>\n\n\n\n<div class=\"acf-spacer h-[8px] tablet:h-[8px] desktop:h-[16px]\" id=acf-block-64f8f1f1b91f7 ><\/div>\n\n\n<figure class=\"wp-block-table is-style-stripes\"><table><tbody><tr><td>Anzahl der Aktien<\/td><td class=\"has-text-align-right\" data-align=\"right\">330\u2019000<\/td><\/tr><tr><td>Nominalwert pro Aktie<\/td><td class=\"has-text-align-right\" data-align=\"right\">CHF 5.00<\/td><\/tr><tr><td>Aktienkapital<\/td><td class=\"has-text-align-right\" data-align=\"right\">CHF 1\u2019650\u2019000<\/td><\/tr><\/tbody><\/table><\/figure>\n\n\n\n<div class=\"acf-spacer h-[56px] tablet:h-[56px] desktop:h-[64px]\" id=acf-block-64f8f1f1b9206 ><\/div>\n\n\n<h3 id=\"h-fiskalischer-kurs\" class=\"wp-block-heading\" style=\"text-transform:uppercase\"><strong>Fiskalischer Kurs<\/strong><\/h3>\n\n\n\n<div class=\"acf-spacer h-[8px] tablet:h-[8px] desktop:h-[16px]\" id=acf-block-64f8f1f1b9214 ><\/div>\n\n\n<div class=\"acf-columns cols-gap-default reverse-none justify-start desktop:py-0 tablet:py-0 py-0\"id=acf-block-64f8f1f1b922e>\n    \n\n<div class=\"acf-tp-column half \"id=acf-block-64f8f1f1b9245>\n    <div class=\"acf-tp-column__box has-vertical-top py-0 px-0 tablet:py-0 tablet:px-0 desktop:px-0 desktop:py-0 \">\n                    <div class=\"acf-tp-column__bg-overlay\" style=\"background: rgba(0, 0, 0, 0)\"><\/div>\n                                <div class=\"acf-tp-column__box-content \">\n            \n\n<figure class=\"wp-block-table is-style-stripes\"><table><tbody><tr><td>Am <br>31.12.2025<\/td><td class=\"has-text-align-right\" data-align=\"right\">CHF <br>228.00 <\/td><\/tr><tr><td>Am <br>31.12.2024<\/td><td class=\"has-text-align-right\" data-align=\"right\">CHF <br>276.00<\/td><\/tr><tr><td>Am <br>31.12.2023<\/td><td class=\"has-text-align-right\" data-align=\"right\">CHF <br>280.00<\/td><\/tr><tr><td>Am <br>31.12.2022<\/td><td class=\"has-text-align-right\" data-align=\"right\">CHF <br>294.00<\/td><\/tr><tr><td>Am <br>31.12.2021<\/td><td class=\"has-text-align-right\" data-align=\"right\">CHF <br>406.00<\/td><\/tr><\/tbody><\/table><\/figure>\n\n\n\n<div class=\"acf-spacer h-[40px] tablet:h-[0px] desktop:h-[0px]\" id=acf-block-64f8f1f1b9255 ><\/div>\n\n        <\/div>\n    <\/div>\n<\/div>\n\n\n<div class=\"acf-tp-column  \"id=acf-block-64f8f1f1b925c>\n    <div class=\"acf-tp-column__box        \">\n                                <div class=\"acf-tp-column__box-content \">\n            \n\n<figure class=\"wp-block-table is-style-stripes\"><table><tbody><tr><td>Am <br>31.12.2020<\/td><td class=\"has-text-align-right\" data-align=\"right\">CHF <br>336.00<\/td><\/tr><tr><td>Am <br>31.12.2019<\/td><td class=\"has-text-align-right\" data-align=\"right\">CHF <br>360.00<\/td><\/tr><tr><td>Am <br>31.12.2018<\/td><td class=\"has-text-align-right\" data-align=\"right\">CHF <br>388.00<\/td><\/tr><tr><td>Am <br>31.12.2017<\/td><td class=\"has-text-align-right\" data-align=\"right\">CHF <br>365.25<\/td><\/tr><tr><td>Am <br>31.12.2016<\/td><td class=\"has-text-align-right\" data-align=\"right\">CHF <br>341.00<\/td><\/tr><\/tbody><\/table><\/figure>\n\n\n        <\/div>\n    <\/div>\n<\/div>\n\n<\/div>\n\n\n\n\n\n\n<div class=\"acf-spacer h-[56px] tablet:h-[56px] desktop:h-[64px]\" id=acf-block-64f8f1f1b9268 ><\/div>\n\n        <\/div>\n    <\/div>\n<\/div>\n\n\n<div class=\"acf-tp-column half \"id=acf-block-64f8f1f1b927d>\n    <div class=\"acf-tp-column__box has-vertical-top py-0 px-0 tablet:py-0 tablet:px-0 desktop:px-0 desktop:py-0 \">\n                    <div class=\"acf-tp-column__bg-overlay\" style=\"background: rgba(0, 0, 0, 0)\"><\/div>\n                                <div class=\"acf-tp-column__box-content \">\n            \n\n<h3 id=\"h-merkmale\" class=\"wp-block-heading\" style=\"text-transform:uppercase\">Merkmale<\/h3>\n\n\n\n<div class=\"acf-spacer h-[8px] tablet:h-[8px] desktop:h-[16px]\" id=acf-block-64f8f1f1b928d ><\/div>\n\n\n<figure class=\"wp-block-table is-style-stripes\"><table><tbody><tr><td>B\u00f6rse<\/td><td class=\"has-text-align-right\" data-align=\"right\">SIX Swiss Exchange<\/td><\/tr><tr><td>Produkttyp<\/td><td class=\"has-text-align-right\" data-align=\"right\">Mid &amp; Small Caps Swiss Shares<\/td><\/tr><tr><td>Valorensymbol<\/td><td class=\"has-text-align-right\" data-align=\"right\">GMI<\/td><\/tr><tr><td>Valorennummer<\/td><td class=\"has-text-align-right\" data-align=\"right\">1\u2018294\u2018946<\/td><\/tr><tr><td>ISIN<\/td><td class=\"has-text-align-right\" data-align=\"right\">CH0012949464<\/td><\/tr><tr><td>Handelsw\u00e4hrung<\/td><td class=\"has-text-align-right\" data-align=\"right\">CHF<\/td><\/tr><tr><td>Wertpapierart<\/td><td class=\"has-text-align-right\" data-align=\"right\">Namenaktie<\/td><\/tr><tr><td>Titelsegment<\/td><td class=\"has-text-align-right\" data-align=\"right\">Schweizer Aktien<\/td><\/tr><tr><td>Regulatorischer Standard<\/td><td class=\"has-text-align-right\" data-align=\"right\">Swiss Reporting Standard<\/td><\/tr><\/tbody><\/table><\/figure>\n\n\n        <\/div>\n    <\/div>\n<\/div>\n\n<\/div>\n\n\n\n\n\n\n<h3 id=\"h-dividende\" class=\"wp-block-heading\" style=\"text-transform:uppercase\">Dividende<\/h3>\n\n\n\n<div class=\"acf-spacer h-[32px] tablet:h-[24px] desktop:h-[24px]\" id=acf-block-64f8f1f1b929b ><\/div>\n\n\n<div class=\"acf-columns cols-gap-default reverse-none justify-start desktop:py-0 tablet:py-0 py-0\"id=acf-block-64f8f1f1b92a9>\n    \n\n<div class=\"acf-tp-column one-third \"id=acf-block-64f8f1f1b92c0>\n    <div class=\"acf-tp-column__box has-vertical-top py-0 px-0 tablet:py-0 tablet:px-0 desktop:px-0 desktop:py-0 \">\n                    <div class=\"acf-tp-column__bg-overlay\" style=\"background: rgba(0, 0, 0, 0)\"><\/div>\n                                <div class=\"acf-tp-column__box-content \">\n            \n\n<p class=\"wp-block-paragraph\">Dividendenzahlungen der letzten f\u00fcnf Jahre:<\/p>\n\n\n\n<div class=\"acf-spacer h-[24px] tablet:h-[0px] desktop:h-[0px]\" id=acf-block-64f8f1f1b92ce ><\/div>\n\n        <\/div>\n    <\/div>\n<\/div>\n\n\n<div class=\"acf-tp-column two-third \"id=acf-block-64f8f1f1b92e3>\n    <div class=\"acf-tp-column__box has-vertical-top py-0 px-0 tablet:py-0 tablet:px-0 desktop:px-0 desktop:py-0 \">\n                    <div class=\"acf-tp-column__bg-overlay\" style=\"background: rgba(0, 0, 0, 0)\"><\/div>\n                                <div class=\"acf-tp-column__box-content \">\n            \n\n<figure class=\"wp-block-table is-style-stripes has-15-font-size\"><table class=\"has-fixed-layout\"><tbody><tr><td><strong>Generalversammlung<\/strong><\/td><td class=\"has-text-align-center\" data-align=\"center\"><strong>Bruttobetrag (in CHF)<\/strong><\/td><td class=\"has-text-align-center\" data-align=\"center\"><strong>Nettobetrag (in CHF)<\/strong><\/td><td class=\"has-text-align-right\" data-align=\"right\"><strong>Datum der Zahlung<\/strong><\/td><\/tr><tr><td>21.05.2026<\/td><td class=\"has-text-align-center\" data-align=\"center\">11.00<\/td><td class=\"has-text-align-center\" data-align=\"center\">7.15<\/td><td class=\"has-text-align-right\" data-align=\"right\">28.05.2026<\/td><\/tr><tr><td>20.05.2025<\/td><td class=\"has-text-align-center\" data-align=\"center\">11.00<\/td><td class=\"has-text-align-center\" data-align=\"center\">7.15<\/td><td class=\"has-text-align-right\" data-align=\"right\">26.05.2025<\/td><\/tr><tr><td>15.05.2024<\/td><td class=\"has-text-align-center\" data-align=\"center\">11.00<\/td><td class=\"has-text-align-center\" data-align=\"center\">7.15<\/td><td class=\"has-text-align-right\" data-align=\"right\"><span class=\"has-text-align-center\">22.05.2024<\/span><\/td><\/tr><tr><td>16.05.2023<\/td><td class=\"has-text-align-center\" data-align=\"center\">15.00<\/td><td class=\"has-text-align-center\" data-align=\"center\">9.75<\/td><td class=\"has-text-align-right\" data-align=\"right\">23.05.2023<\/td><\/tr><tr><td>18.05.2022<\/td><td class=\"has-text-align-center\" data-align=\"center\">9.00<\/td><td class=\"has-text-align-center\" data-align=\"center\">5.85<\/td><td class=\"has-text-align-right\" data-align=\"right\">24.05.2022<\/td><\/tr><\/tbody><\/table><\/figure>\n\n\n        <\/div>\n    <\/div>\n<\/div>\n\n<\/div>\n\n\n\n\n\n\n<div class=\"acf-spacer h-[64px] tablet:h-[64px] desktop:h-[80px]\" id=acf-block-64f8f1f1b92f3 ><\/div>\n\n\n<div class=\"acf-columns big-gap reverse-none justify-start desktop:py-0 tablet:py-0 py-0\"id=acf-block-64f8f1f1b9312>\n    \n\n<div class=\"acf-tp-column  \"id=acf-block-64f8f1f1b931a>\n    <div class=\"acf-tp-column__box        \">\n                                <div class=\"acf-tp-column__box-content \">\n            \n\n<h3 id=\"h-kauf-von-gmsa-aktien\" class=\"wp-block-heading\" style=\"text-transform:uppercase\">KAUF VON GMSA-AKTIEN<\/h3>\n\n\n\n<div class=\"acf-spacer h-[8px] tablet:h-[8px] desktop:h-[16px]\" id=acf-block-64f8f1f1b9327 ><\/div>\n\n\n<p class=\"has-15-font-size wp-block-paragraph\">Sie k\u00f6nnen GMSA-Aktien bei einer Bank erstehen, die mit der SIX SIS AG-Gruppe verbunden ist, die die Funktion einer nationalen Wertpapierverwahrstelle f\u00fcr den Schweizer Finanzmarkt \u00fcbernimmt. Sie m\u00fcssen lediglich ein Wertpapierdepotkonto er\u00f6ffnen und bei dieser Bank einen Kaufauftrag erteilen.<\/p>\n\n\n\n<div class=\"acf-spacer h-[48px] tablet:h-[0px] desktop:h-[0px]\" id=acf-block-64f8f1f1b9334 ><\/div>\n\n        <\/div>\n    <\/div>\n<\/div>\n\n\n<div class=\"acf-tp-column  \"id=acf-block-64f8f1f1b933b>\n    <div class=\"acf-tp-column__box        \">\n                                <div class=\"acf-tp-column__box-content \">\n            \n\n<h3 id=\"h-auszahlung-der-dividende\" class=\"wp-block-heading\" style=\"text-transform:uppercase\">AUSZAHLUNG DER DIVIDENDE<\/h3>\n\n\n\n<div class=\"acf-spacer h-[8px] tablet:h-[8px] desktop:h-[16px]\" id=acf-block-64f8f1f1b9348 ><\/div>\n\n\n<p class=\"has-15-font-size wp-block-paragraph\">Die Dividende ist sechs Tage nach der Hauptversammlung verf\u00fcgbar (Payment-Date) und wird auf das Wertpapierdepotkonto bei der Bank jedes Aktion\u00e4rs \u00fcberwiesen.<\/p>\n\n\n\n<p class=\"has-15-font-size wp-block-paragraph\">Bei \u00c4nderungen der Adresse und\/oder der Bankverbindung wenden Sie sich bitte direkt an Ihre Depotbank, die die \u00c4nderungen an unser Aktienregister weiterleiten wird.<\/p>\n\n\n        <\/div>\n    <\/div>\n<\/div>\n\n<\/div>\n\n\n\n\n\n\n<div class=\"acf-spacer h-[64px] tablet:h-[64px] desktop:h-[80px]\" id=acf-block-64f8f1f1b9356 ><\/div>\n\n\n<h3 id=\"h-aktienregister\" class=\"wp-block-heading\" style=\"text-transform:uppercase\">AKTIENREGISTER<\/h3>\n\n\n\n<div class=\"acf-spacer h-[16px] tablet:h-[32px] desktop:h-[40px]\" id=acf-block-64f8f1f1b9364 ><\/div>\n\n\n<figure class=\"wp-block-image size-full is-resized\"><a href=\"https:\/\/www.areg.ch\/\" target=\"_blank\" rel=\"noreferrer noopener\"><img decoding=\"async\" width=\"188\" height=\"188\" src=\"https:\/\/www.gmsa.ch\/wp-content\/uploads\/2023\/08\/Thomas-Portmann-1.png\" alt=\"\" class=\"wp-image-1825\" style=\"width:176px;height:176px\" srcset=\"https:\/\/www.gmsa.ch\/wp-content\/uploads\/2023\/08\/Thomas-Portmann-1.png 188w, https:\/\/www.gmsa.ch\/wp-content\/uploads\/2023\/08\/Thomas-Portmann-1-150x150.png 150w\" sizes=\"(max-width: 188px) 100vw, 188px\" \/><\/a><\/figure>\n\n\n\n<p class=\"wp-block-paragraph\"><strong>Areg<\/strong><br>Fabrikstrasse 10<br>4614 H\u00e4gendorf<\/p>\n\n\n\n<p class=\"has-18-font-size wp-block-paragraph\"><strong>Telefon:<\/strong> <a href=\"tel:+41622091660\">+41 62 209 16 60<\/a><br><strong>E-mail:<\/strong> <a href=\"mailto:info@areg.ch\">info@areg.ch<\/a><\/p>\n\n\n    <\/div>\n<\/div>\n\n\n\n\n\n<section class=\"acf-tp-fluid-media-text\"id=acf-block-64f8f1f1b9373>\n    <div class=\"acf-tp-fluid-media-text__container\">\n        <div class=\"acf-tp-fluid-media-text__row reverse-none\">\n            \n\n<div class=\"acf-tp-column has-bg-color has-basalt-background-color half \"id=acf-block-64f8f1f1b938d>\n    <div class=\"acf-tp-column__box has-vertical-center py-[64px] px-[16px] tablet:py-[32px] tablet:px-[32px] desktop:px-[88px] desktop:py-[80px] \">\n                    <div class=\"acf-tp-column__bg-overlay\" style=\"background: rgba(0, 0, 0, 0)\"><\/div>\n                                <div class=\"acf-tp-column__box-content \">\n            \n\n<h2 id=\"h-geschaftsbericht-und-investoreninhalte\" class=\"wp-block-heading has-white-flour-color has-text-color\" style=\"text-transform:uppercase\">GESCH\u00c4FTSBERICHT UND INVESTORENINHALTE<\/h2>\n\n\n\n<div class=\"acf-spacer h-[32px] tablet:h-[32px] desktop:h-[40px]\" id=acf-block-64f8f1f1b939f ><\/div>\n\n\n<p class=\"wp-block-paragraph\">Wir ver\u00f6ffentlichen unsere Ergebnisse zweimal j\u00e4hrlich in unseren Gesch\u00e4ftsberichten im M\u00e4rz und in unseren Zwischenberichten im August eines jeden Jahres.<\/p>\n\n\n\n<div class=\"acf-spacer h-[16px] tablet:h-[16px] desktop:h-[24px]\" id=acf-block-64f8f1f1b93ad ><\/div>\n\n\n    <div class=\"acf-buttons start flex-col\"id=acf-block-64f8f1f1b955e>\n\n        \n                            <a href=\"https:\/\/gmsa-rg.ch\/home\/\" target=\"_blank\"\n                   class=\"acf-button__button\">Weitere Informationen<\/a>\n            \n            \n            <\/div>\n\n\n        <\/div>\n    <\/div>\n<\/div>\n\n\n<div class=\"acf-tp-column half \"id=acf-block-64f8f1f1b974e>\n    <div class=\"acf-tp-column__box has-vertical-top py-0 px-0 tablet:py-0 tablet:px-0 desktop:px-0 desktop:py-0 has-bg-image\">\n                    <div class=\"acf-tp-column__bg-overlay\" style=\"background: rgba(0, 0, 0, 0)\"><\/div>\n                            <div class=\"acf-tp-column__bg-img \"><img decoding=\"async\" width=\"1440\" height=\"1600\" src=\"https:\/\/www.gmsa.ch\/wp-content\/uploads\/2023\/09\/gmsa-rapport-de-gestion.jpg\" class=\"object-center\" alt=\"\" srcset=\"https:\/\/www.gmsa.ch\/wp-content\/uploads\/2023\/09\/gmsa-rapport-de-gestion.jpg 1440w, https:\/\/www.gmsa.ch\/wp-content\/uploads\/2023\/09\/gmsa-rapport-de-gestion-270x300.jpg 270w, https:\/\/www.gmsa.ch\/wp-content\/uploads\/2023\/09\/gmsa-rapport-de-gestion-922x1024.jpg 922w, https:\/\/www.gmsa.ch\/wp-content\/uploads\/2023\/09\/gmsa-rapport-de-gestion-768x853.jpg 768w, https:\/\/www.gmsa.ch\/wp-content\/uploads\/2023\/09\/gmsa-rapport-de-gestion-1382x1536.jpg 1382w\" sizes=\"(max-width: 1440px) 100vw, 1440px\" \/><\/div>\n                        <div class=\"acf-tp-column__box-content \">\n            \n\n<div class=\"acf-spacer h-[460px] tablet:h-[580px] desktop:h-[800px]\" id=acf-block-64f8f1f1b9766 ><\/div>\n\n        <\/div>\n    <\/div>\n<\/div>\n\n        <\/div>\n    <\/div>\n<\/section>\n\n\n\n\n\n<div class=\"acf-container desktop:py-[120px] tablet:py-[104px] py-[96px] \"id=finanzkalender>\n            <div class=\"acf-container__bg-overlay\" style=\"background: rgba(0, 0, 0, 0)\"><\/div>\n                <div class=\"container\">\n        \n\n<h2 id=\"h-finanzkalender\" class=\"wp-block-heading\" style=\"text-transform:uppercase\">FINANZKALENDER<\/h2>\n\n\n\n<div class=\"acf-spacer h-[32px] tablet:h-[64px] desktop:h-[80px]\" id=acf-block-64f8f1f1b97d3 ><\/div>\n\n    <div class=\"acf-accordions has-black-color\"id=acf-block-64f8f1f1b9b41 >\n                    <div class=\"acf-accordions__accordion js--accordion\">\n                <div class=\"acf-accordions__accordion-heading \">\n                    <div class=\"acf-accordions__accordion-heading-wrapper\">\n                        <h4 class=\"acf-accordions__accordion-title\">Ver\u00f6ffentlichung des Zwischenberichts 2026 und der Medienmitteilung<\/h4>\n                                                    <div class=\"acf-accordions__accordion-heading-row\">\n                                                                    <div class=\"acf-accordions__accordion-heading-col\">\n                                                                                    <span class=\"\">Datum :<\/span>\n                                                                                                                            <span class=\"\">August 2026<\/span>\n                                                                            <\/div>\n                                                            <\/div>\n                                            <\/div>\n                                    <\/div>\n\n                            <\/div>\n                    <div class=\"acf-accordions__accordion js--accordion\">\n                <div class=\"acf-accordions__accordion-heading \">\n                    <div class=\"acf-accordions__accordion-heading-wrapper\">\n                        <h4 class=\"acf-accordions__accordion-title\">Dividendenaussch\u00fcttung (wird der GV zur Zustimmung vorgelegt)<\/h4>\n                                                    <div class=\"acf-accordions__accordion-heading-row\">\n                                                                    <div class=\"acf-accordions__accordion-heading-col\">\n                                                                                    <span class=\"\">Datum :<\/span>\n                                                                                                                            <span class=\"\">28. Mai 2026<\/span>\n                                                                            <\/div>\n                                                            <\/div>\n                                            <\/div>\n                                    <\/div>\n\n                            <\/div>\n                    <div class=\"acf-accordions__accordion js--accordion\">\n                <div class=\"acf-accordions__accordion-heading js--accordion-title\">\n                    <div class=\"acf-accordions__accordion-heading-wrapper\">\n                        <h4 class=\"acf-accordions__accordion-title\">Generalversammlung in Weinfelden (TG)<\/h4>\n                                                    <div class=\"acf-accordions__accordion-heading-row\">\n                                                                    <div class=\"acf-accordions__accordion-heading-col\">\n                                                                                    <span class=\"\">Datum :<\/span>\n                                                                                                                            <span class=\"\">21. Mai 2026<\/span>\n                                                                            <\/div>\n                                                            <\/div>\n                                            <\/div>\n                                            <div class=\"acf-accordions__accordion-heading-btn\">\n                            <span><\/span>\n                            <span><\/span>\n                        <\/div>\n                                    <\/div>\n\n                                    <div class=\"acf-accordions__accordion-content js--accordion-content\">\n                                                    <div class=\"acf-accordions__accordion-description\"><p>Die Groupe Minoteries SA informiert ihre Aktion\u00e4rinnen und ihre Aktion\u00e4re, dass die ordentliche Generalversammlung am Donnerstag, 21. Mai 2026, um 11.15 Uhr im Rathaussaal in Weinfelden stattfindet. Jede Aktion\u00e4rin und jeder Aktion\u00e4r kann \u2013 mit einer entsprechenden Zutrittskarte \u2212 an der Versammlung teilnehmen und muss seine Stimmzettel mitnehmen, um das Stimmrecht aus\u00fcben zu k\u00f6nnen.<br \/>\nDie \u00d6ffnung des Kontrollb\u00fcros erfolgt um 10.00 Uhr.<\/p>\n<\/div>\n                                                                        <div class=\"acf-accordions__accordion-info\">\n                            \n                                                    <\/div>\n                    <\/div>\n                            <\/div>\n                    <div class=\"acf-accordions__accordion js--accordion\">\n                <div class=\"acf-accordions__accordion-heading \">\n                    <div class=\"acf-accordions__accordion-heading-wrapper\">\n                        <h4 class=\"acf-accordions__accordion-title\">Ver\u00f6ffentlichung des Gesch\u00e4ftsberichts 2025 und der Medienmitteilung<\/h4>\n                                                    <div class=\"acf-accordions__accordion-heading-row\">\n                                                                    <div class=\"acf-accordions__accordion-heading-col\">\n                                                                                    <span class=\"\">Datum :<\/span>\n                                                                                                                            <span class=\"\">M\u00e4rz 2026<\/span>\n                                                                            <\/div>\n                                                                    <div class=\"acf-accordions__accordion-heading-col\">\n                                                                                                                    <\/div>\n                                                            <\/div>\n                                            <\/div>\n                                    <\/div>\n\n                            <\/div>\n                    <div class=\"acf-accordions__accordion js--accordion\">\n                <div class=\"acf-accordions__accordion-heading \">\n                    <div class=\"acf-accordions__accordion-heading-wrapper\">\n                        <h4 class=\"acf-accordions__accordion-title\">Ver\u00f6ffentlichung des Zwischenberichts 2025 und der Medienmitteilung<\/h4>\n                                                    <div class=\"acf-accordions__accordion-heading-row\">\n                                                                    <div class=\"acf-accordions__accordion-heading-col\">\n                                                                                    <span class=\"\">Datum :<\/span>\n                                                                                                                            <span class=\"\">August 2025<\/span>\n                                                                            <\/div>\n                                                            <\/div>\n                                            <\/div>\n                                    <\/div>\n\n                            <\/div>\n                    <div class=\"acf-accordions__accordion js--accordion\">\n                <div class=\"acf-accordions__accordion-heading \">\n                    <div class=\"acf-accordions__accordion-heading-wrapper\">\n                        <h4 class=\"acf-accordions__accordion-title\">Dividendenaussch\u00fcttung (wird der GV zur Zustimmung vorgelegt)<\/h4>\n                                                    <div class=\"acf-accordions__accordion-heading-row\">\n                                                                    <div class=\"acf-accordions__accordion-heading-col\">\n                                                                                    <span class=\"\">Datum :<\/span>\n                                                                                                                            <span class=\"\">26. Mai 2025<\/span>\n                                                                            <\/div>\n                                                            <\/div>\n                                            <\/div>\n                                    <\/div>\n\n                            <\/div>\n                    <div class=\"acf-accordions__accordion js--accordion\">\n                <div class=\"acf-accordions__accordion-heading js--accordion-title\">\n                    <div class=\"acf-accordions__accordion-heading-wrapper\">\n                        <h4 class=\"acf-accordions__accordion-title\">Generalversammlung in Conthey (VS)<\/h4>\n                                                    <div class=\"acf-accordions__accordion-heading-row\">\n                                                                    <div class=\"acf-accordions__accordion-heading-col\">\n                                                                                    <span class=\"\">Datum :<\/span>\n                                                                                                                            <span class=\"\">20. Mai 2025<\/span>\n                                                                            <\/div>\n                                                            <\/div>\n                                            <\/div>\n                                            <div class=\"acf-accordions__accordion-heading-btn\">\n                            <span><\/span>\n                            <span><\/span>\n                        <\/div>\n                                    <\/div>\n\n                                    <div class=\"acf-accordions__accordion-content js--accordion-content\">\n                                                    <div class=\"acf-accordions__accordion-description\"><p>Die Groupe Minoteries SA informiert ihre Aktion\u00e4rinnen und ihre Aktion\u00e4re, dass die ordentliche Generalversammlung am Dienstag, 20. Mai 2025, um 11:15 Uhr im \u00abSalle Polyvalente\u00bb in Conthey stattfindet. Jede Aktion\u00e4rin und jeder Aktion\u00e4r kann \u2013 mit einer entsprechenden Zutrittskarte \u2212 an der Versammlung teilnehmen und muss seine Stimmzettel mitnehmen, um das Stimmrecht aus\u00fcben zu k\u00f6nnen.<br \/>\nDie \u00d6ffnung des Kontrollb\u00fcros erfolgt um 10.00 Uhr.<\/p>\n<\/div>\n                                                                        <div class=\"acf-accordions__accordion-info\">\n                            \n                                                    <\/div>\n                    <\/div>\n                            <\/div>\n            <\/div>\n\n\n    <\/div>\n<\/div>\n\n\n\n\n\n<div class=\"acf-spacer h-[32px] tablet:h-[64px] desktop:h-[80px]\" id=acf-block-64f8f1f1b9b65 ><\/div>\n\n\n<div class=\"acf-container desktop:py-0 tablet:py-0 py-0 \"id=acf-block-64f8f1f1b9b7b>\n            <div class=\"acf-container__bg-overlay\" style=\"background: rgba(0, 0, 0, 0)\"><\/div>\n                <div class=\"container\">\n        \n\n<h2 id=\"h-hauptversammlung-der-aktionare\" class=\"wp-block-heading\" style=\"text-transform:uppercase\">HAUPTVERSAMMLUNG DER AKTION\u00c4RE<\/h2>\n\n\n\n<div class=\"acf-spacer h-[32px] tablet:h-[32px] desktop:h-[40px]\" id=acf-block-64f8f1f1b9b8f ><\/div>\n\n\n<div class=\"acf-columns big-gap reverse-none justify-start desktop:py-0 tablet:py-0 py-0\"id=acf-block-64f8f1f1b9ba1>\n    \n\n<div class=\"acf-tp-column half \"id=acf-block-64f8f1f1b9ba9>\n    <div class=\"acf-tp-column__box has-vertical-top py-0 px-0 tablet:py-0 tablet:px-0 desktop:px-0 desktop:py-0 \">\n                    <div class=\"acf-tp-column__bg-overlay\" style=\"background: rgba(0, 0, 0, 0)\"><\/div>\n                                <div class=\"acf-tp-column__box-content \">\n            \n\n<h3 id=\"h-teilnahme-an-der-generalversammlung\" class=\"wp-block-heading\" style=\"text-transform:uppercase\">TEILNAHME AN DER GENERALVERSAMMLUNG<\/h3>\n\n\n\n<div class=\"acf-spacer h-[8px] tablet:h-[8px] desktop:h-[16px]\" id=acf-block-64f8f1f1b9bb9 ><\/div>\n\n\n<p class=\"has-15-font-size wp-block-paragraph\">Zur Teilnahme an der Generalversammlung ist jede Person berechtigt, die sp\u00e4testens am Tag des Registerschlusses im Aktienregister eingetragen ist. Gem\u00e4ss unserer Corporate Governance werden Anmeldungen im Aktienregister, die bis 14 Tage vor der Generalversammlung erfolgen, ber\u00fccksichtigt.<\/p>\n\n\n\n<div class=\"acf-spacer h-[48px] tablet:h-[0px] desktop:h-[0px]\" id=acf-block-64f8f1f1b9bc7 ><\/div>\n\n        <\/div>\n    <\/div>\n<\/div>\n\n\n<div class=\"acf-tp-column  \"id=acf-block-64f8f1f1b9bce>\n    <div class=\"acf-tp-column__box        \">\n                                <div class=\"acf-tp-column__box-content \">\n            \n\n<h3 id=\"h-vertretung-bei-nichtteilnahme-an-der-generalversammlung\" class=\"wp-block-heading\" style=\"text-transform:uppercase\">VERTRETUNG BEI NICHTTEILNAHME AN DER Generalversammlung<\/h3>\n\n\n\n<div class=\"acf-spacer h-[8px] tablet:h-[8px] desktop:h-[16px]\" id=acf-block-64f8f1f1b9bdc ><\/div>\n\n\n<p class=\"mb-0 has-15-font-size wp-block-paragraph\">Ein Aktion\u00e4r kann seine Aktien auf drei Arten vertreten lassen, entweder&nbsp;:<\/p>\n\n\n\n<ul class=\"wp-block-list mt-0 has-15-font-size\">\n<li>nur von einem Aktion\u00e4r mit schriftlicher Vollmacht<\/li>\n\n\n\n<li>durch den von der Generalversammlung gew\u00e4hlten unabh\u00e4ngigen Vertreter<\/li>\n\n\n\n<li>durch elektronische Stimmabgabe \u00fcber das Portal netVote<\/li>\n<\/ul>\n\n\n        <\/div>\n    <\/div>\n<\/div>\n\n<\/div>\n\n\n\n\n\n\n<div class=\"acf-spacer h-[24px] tablet:h-[32px] desktop:h-[40px]\" id=acf-block-64f8f1f1b9bec ><\/div>\n\n\n<div class=\"acf-columns big-gap reverse-none justify-start desktop:py-0 tablet:py-0 py-0\"id=acf-block-64f8f1f1b9bfc>\n    \n\n<div class=\"acf-tp-column  \"id=acf-block-64f8f1f1b9c03>\n    <div class=\"acf-tp-column__box        \">\n                                <div class=\"acf-tp-column__box-content \">\n            \n\n<h3 id=\"h-einberufung\" class=\"wp-block-heading\" style=\"text-transform:uppercase\">EINBERUFUNG<\/h3>\n\n\n\n<div class=\"acf-spacer h-[8px] tablet:h-[8px] desktop:h-[16px]\" id=acf-block-64f8f1f1b9c11 ><\/div>\n\n\n<p class=\"has-15-font-size wp-block-paragraph\">Die Generalversammlung wird mindestens 20 Tage vor dem Datum der Versammlung durch Ver\u00f6ffentlichung im Schweizerischen Handelsamtsblatt einberufen.<\/p>\n\n\n\n<p class=\"has-15-font-size wp-block-paragraph\">Jeder Aktion\u00e4r oder Nutzniesser, der im Aktienregister eingetragen ist, erh\u00e4lt eine Einladung per einfacher Post, ebenfalls mindestens 20 Tage vor dem Datum der Hauptversammlung.<\/p>\n\n\n\n<p class=\"mb-0 has-15-font-size wp-block-paragraph\">Die Einladung enth\u00e4lt die folgenden Dokumente :<\/p>\n\n\n\n<ul class=\"wp-block-list mt-0\">\n<li class=\"has-15-font-size\">Tagesordnung mit den Vorschl\u00e4gen des Verwaltungsrats<\/li>\n\n\n\n<li class=\"has-15-font-size\">Eintrittskarte\/Vorl\u00e4ufigkeitskarte<\/li>\n\n\n\n<li class=\"has-15-font-size\">Anweisungen an den unabh\u00e4ngigen Vertreter im Falle einer Vollmacht<\/li>\n\n\n\n<li class=\"has-15-font-size\">teilnahmeschein f\u00fcr das Mittagessen<\/li>\n\n\n\n<li class=\"has-15-font-size\">Anfahrtsplan<\/li>\n<\/ul>\n\n\n\n<div class=\"acf-spacer h-[48px] tablet:h-[0px] desktop:h-[0px]\" id=acf-block-64f8f1f1b9c27 ><\/div>\n\n        <\/div>\n    <\/div>\n<\/div>\n\n\n<div class=\"acf-tp-column half \"id=acf-block-64f8f1f1b9c2e>\n    <div class=\"acf-tp-column__box has-vertical-top py-0 px-0 tablet:py-0 tablet:px-0 desktop:px-0 desktop:py-0 \">\n                    <div class=\"acf-tp-column__bg-overlay\" style=\"background: rgba(0, 0, 0, 0)\"><\/div>\n                                <div class=\"acf-tp-column__box-content \">\n            \n\n<h3 id=\"h-beschlusse-der-generalversammlung\" class=\"wp-block-heading\" style=\"text-transform:uppercase\">BESCHL\u00dcSSE DER GENERALVERSAMMLUNG<\/h3>\n\n\n\n<div class=\"acf-spacer h-[8px] tablet:h-[8px] desktop:h-[16px]\" id=acf-block-64f8f1f1b9c3b ><\/div>\n\n\n    <div class=\"acf-buttons start flex-col\"id=acf-block-64f8f1f1b9c94>\n\n        \n            \n                                            <a href=\"https:\/\/www.gmsa.ch\/wp-content\/uploads\/2026\/05\/GV-Beschlusse-21.05.2026.pdf\" target=\"_blank\"\n                   class=\"acf-button__button acf-button__button--icon\"><svg class=\"\" width=\"20\" height=\"20\" viewBox=\"0 0 20 20\" fill=\"none\" xmlns=\"http:\/\/www.w3.org\/2000\/svg\">\n<path d=\"M19 13V17C19 17.5304 18.7893 18.0391 18.4142 18.4142C18.0391 18.7893 17.5304 19 17 19H3C2.46957 19 1.96086 18.7893 1.58579 18.4142C1.21071 18.0391 1 17.5304 1 17V13\" stroke=\"currentColor\" stroke-width=\"2\" stroke-linecap=\"round\" stroke-linejoin=\"round\"\/>\n<path d=\"M5 8L10 13L15 8\" stroke=\"currentColor\" stroke-width=\"2\" stroke-linecap=\"round\" stroke-linejoin=\"round\"\/>\n<path d=\"M10 13V1\" stroke=\"currentColor\" stroke-width=\"2\" stroke-linecap=\"round\" stroke-linejoin=\"round\"\/>\n<\/svg>GV-Beschl\u00fcsse der GMSA vom 21.05.2026<\/a>\n            \n            \n            <\/div>\n\n\n\n<div class=\"acf-spacer h-[48px] tablet:h-[48px] desktop:h-[56px]\" id=acf-block-6a5499d9762531.44186710 ><\/div>\n\n\n<h3 id=\"h-gmsa-statuten\" class=\"wp-block-heading\" style=\"text-transform:uppercase\">GMSA-Statuten<\/h3>\n\n\n\n<div class=\"acf-spacer h-[8px] tablet:h-[8px] desktop:h-[16px]\" id=acf-block-6a5499d9762743.72171508 ><\/div>\n\n\n    <div class=\"acf-buttons start flex-col\"id=acf-block-6a5499d9762904.33317908>\n\n        \n            \n                                            <a href=\"https:\/\/www.gmsa.ch\/wp-content\/uploads\/2024\/07\/GMSA_Statuts-2024.pdf\" target=\"_blank\"\n                   class=\"acf-button__button acf-button__button--icon\"><svg class=\"\" width=\"20\" height=\"20\" viewBox=\"0 0 20 20\" fill=\"none\" xmlns=\"http:\/\/www.w3.org\/2000\/svg\">\n<path d=\"M19 13V17C19 17.5304 18.7893 18.0391 18.4142 18.4142C18.0391 18.7893 17.5304 19 17 19H3C2.46957 19 1.96086 18.7893 1.58579 18.4142C1.21071 18.0391 1 17.5304 1 17V13\" stroke=\"currentColor\" stroke-width=\"2\" stroke-linecap=\"round\" stroke-linejoin=\"round\"\/>\n<path d=\"M5 8L10 13L15 8\" stroke=\"currentColor\" stroke-width=\"2\" stroke-linecap=\"round\" stroke-linejoin=\"round\"\/>\n<path d=\"M10 13V1\" stroke=\"currentColor\" stroke-width=\"2\" stroke-linecap=\"round\" stroke-linejoin=\"round\"\/>\n<\/svg>Statuten<\/a>\n            \n            \n            <\/div>\n\n\n        <\/div>\n    <\/div>\n<\/div>\n\n<\/div>\n\n\n\n\n\n\n<div class=\"acf-spacer h-[64px] tablet:h-[72px] desktop:h-[80px]\" id=acf-block-64f8f1f1b9cbf ><\/div>\n\n\n\n<hr class=\"acf-separator has-bg-color has-light-basalt-background-color h-[1px] no-space\">\n\n\n\n<div class=\"acf-columns cols-gap-default reverse-none justify-start desktop:py-0 tablet:py-0 py-0\"id=acf-block-64f9f20b65175>\n    \n\n<div class=\"acf-tp-column full \"id=acf-block-64f9f20b6537b>\n    <div class=\"acf-tp-column__box has-vertical-top py-0 px-0 tablet:py-0 tablet:px-0 desktop:px-0 desktop:py-0 \">\n                    <div class=\"acf-tp-column__bg-overlay\" style=\"background: rgba(0, 0, 0, 0)\"><\/div>\n                                <div class=\"acf-tp-column__box-content \">\n            \n\n<div class=\"acf-spacer h-[48px] tablet:h-[48px] desktop:h-[64px]\" id=acf-block-64f9f20b653f5 ><\/div>\n\n\n<div class=\"acf-columns cols-gap-default reverse-none justify-start desktop:py-0 tablet:py-0 py-0\"id=acf-block-64f7444fda7d4>\n    \n\n<div class=\"acf-tp-column half \"id=acf-block-64f7444fda7f4>\n    <div class=\"acf-tp-column__box has-vertical-top py-0 px-0 tablet:py-0 tablet:px-0 desktop:px-0 desktop:py-0 \">\n                    <div class=\"acf-tp-column__bg-overlay\" style=\"background: rgba(0, 0, 0, 0)\"><\/div>\n                                <div class=\"acf-tp-column__box-content \">\n            \n\n<h3 id=\"h-protokolle-der-generalversammlungen\" class=\"wp-block-heading\" style=\"text-transform:uppercase\">PROTOKOLLE DER GENERALVERSAMMLUNGEN<\/h3>\n\n\n\n<div class=\"acf-spacer h-[32px] tablet:h-[0px] desktop:h-[0px]\" id=acf-block-64f7444fda82b ><\/div>\n\n        <\/div>\n    <\/div>\n<\/div>\n\n\n<div class=\"acf-tp-column half \"id=acf-block-64f7444fda84b>\n    <div class=\"acf-tp-column__box has-vertical-top py-0 px-0 tablet:py-0 tablet:px-0 desktop:px-0 desktop:py-0 \">\n                    <div class=\"acf-tp-column__bg-overlay\" style=\"background: rgba(0, 0, 0, 0)\"><\/div>\n                                <div class=\"acf-tp-column__box-content \">\n            \n\n<p class=\"has-15-font-size wp-block-paragraph\">Sie stehen den Aktion\u00e4ren am administrativen und juristischen Sitz der Groupe Minoteries SA in Granges-pr\u00e8s-Marnand, Gemeinde Valbroye\/VD, zur Verf\u00fcgung. Bitte senden Sie Ihre Anfrage per E-Mail an das Sekretariat der Generaldirektion (<strong><a href=\"mailto:bourse@gmsa.ch\">bourse@gmsa.ch<\/a><\/strong>) oder rufen Sie direkt unter <strong><a href=\"tel:+41266685216\">+41 26 668 52 16<\/a><\/strong> an.<\/p>\n\n\n        <\/div>\n    <\/div>\n<\/div>\n\n<\/div>\n\n\n\n\n\n        <\/div>\n    <\/div>\n<\/div>\n\n<\/div>\n\n\n\n\n\n\n<div class=\"acf-spacer h-[64px] tablet:h-[72px] desktop:h-[80px]\" id=acf-block-6a5499d9763a58.44941419 ><\/div>\n\n\n\n<hr class=\"acf-separator has-bg-color has-light-basalt-background-color h-[1px] no-space\">\n\n\n    <\/div>\n<\/div>\n\n\n\n\n\n<div class=\"acf-container fade desktop:py-0 tablet:py-0 py-0 \"id=acf-block-64f7493bac2dd>\n            <div class=\"acf-container__bg-overlay\" style=\"background: rgba(0, 0, 0, 0)\"><\/div>\n                <div class=\"container\">\n        \n\n<div class=\"acf-spacer h-[64px] tablet:h-[72px] desktop:h-[80px]\" id=acf-block-64f7493bac2e9 ><\/div>\n\n\n<h2 id=\"h-neuigkeiten\" class=\"wp-block-heading\" style=\"text-transform:uppercase\">Neuigkeiten<\/h2>\n\n\n    <div class=\"acf-related-articles has-black-color\"id=acf-block-6544a11a6a967 >\n        <div class=\"acf-related-articles-grid\">\n                            <div class=\"acf-related-articles-grid__col\">\n                    <a href=\"https:\/\/www.gmsa.ch\/de\/nebenprodukte-sinnvoll-weiterverwerten-unser-upcycling-ansatz-wird-von-promarca-ausgezeichnet\/\" class=\"c-post-card\">\n    <div class=\"c-post-card__img\">\n                    <img decoding=\"async\" width=\"1976\" height=\"865\" src=\"https:\/\/www.gmsa.ch\/wp-content\/uploads\/2025\/04\/3-bocaux.png\" class=\"attachment-full size-full wp-post-image\" alt=\"\" srcset=\"https:\/\/www.gmsa.ch\/wp-content\/uploads\/2025\/04\/3-bocaux.png 1976w, https:\/\/www.gmsa.ch\/wp-content\/uploads\/2025\/04\/3-bocaux-300x131.png 300w, https:\/\/www.gmsa.ch\/wp-content\/uploads\/2025\/04\/3-bocaux-1024x448.png 1024w, https:\/\/www.gmsa.ch\/wp-content\/uploads\/2025\/04\/3-bocaux-768x336.png 768w, https:\/\/www.gmsa.ch\/wp-content\/uploads\/2025\/04\/3-bocaux-1536x672.png 1536w\" sizes=\"(max-width: 1976px) 100vw, 1976px\" \/>            <\/div>\n    <div class=\"c-post-card__content\">\n                    <div class=\"c-post-card__categories\">\n                                    <span class=\"c-post-card__category-tag\">Innovation &amp; Entwicklung<\/span>\n                                    <span class=\"c-post-card__category-tag\">Partnerschaften &amp; Zusammenarbeit<\/span>\n                                    <span class=\"c-post-card__category-tag\">Standorte &amp; Infrastrukturen<\/span>\n                                    <span class=\"c-post-card__category-tag\">Unternehmensaktivit\u00e4ten<\/span>\n                            <\/div>\n                <h5 class=\"c-post-card__title\">Nebenprodukte sinnvoll weiterverwerten: Unser Upcycling-Ansatz wird von ProMarca ausgezeichnet<\/h5>\n        <div class=\"c-post-card__date\">27 August 2026<\/div>\n                    <div class=\"c-post-card__description\"><p>Der 2. Platz beim Promarca Brand Sustainability Award 2026 w\u00fcrdigt den Ansatz der Groupe Minoteries SA f\u00fcr eine st\u00e4rker kreislauforientierte Ern\u00e4hrung<\/p>\n<\/div>\n            <\/div>\n<\/a>                <\/div>\n                            <div class=\"acf-related-articles-grid__col\">\n                    <a href=\"https:\/\/www.gmsa.ch\/de\/zwischenbericht-per-30-juni-2026\/\" class=\"c-post-card\">\n    <div class=\"c-post-card__img\">\n                    <img decoding=\"async\" width=\"1890\" height=\"1417\" src=\"https:\/\/www.gmsa.ch\/wp-content\/uploads\/2026\/08\/RI26-GMSA-Header-picture-Ancienne-cereales-et-farine-e1787649428631.jpg\" class=\"attachment-full size-full wp-post-image\" alt=\"Farine et \u00e9pis sur un plateau gris - Groupe Minoteries SA\" \/>            <\/div>\n    <div class=\"c-post-card__content\">\n                    <div class=\"c-post-card__categories\">\n                                    <span class=\"c-post-card__category-tag\">Investor Relations<\/span>\n                                    <span class=\"c-post-card__category-tag\">Unternehmensaktivit\u00e4ten<\/span>\n                            <\/div>\n                <h5 class=\"c-post-card__title\">Zwischenbericht per 30. Juni 2026<\/h5>\n        <div class=\"c-post-card__date\">25 August 2026<\/div>\n                    <div class=\"c-post-card__description\"><p>Im 1. Halbjahr 2026 setzte die GMSA ihren Wachstumskurs fort und nahm gleichzeitig wichtige strategische Weichenstellungen vor. <\/p>\n<\/div>\n            <\/div>\n<\/a>                <\/div>\n                            <div class=\"acf-related-articles-grid__col\">\n                    <a href=\"https:\/\/www.gmsa.ch\/de\/ernte-2026-die-hitze-hatte-das-letzte-wort\/\" class=\"c-post-card\">\n    <div class=\"c-post-card__img\">\n                    <img decoding=\"async\" width=\"2560\" height=\"1707\" src=\"https:\/\/www.gmsa.ch\/wp-content\/uploads\/2026\/08\/GMSA_Info-aout-2018-9997-scaled-1.jpg\" class=\"attachment-full size-full wp-post-image\" alt=\"\" srcset=\"https:\/\/www.gmsa.ch\/wp-content\/uploads\/2026\/08\/GMSA_Info-aout-2018-9997-scaled-1.jpg 2560w, https:\/\/www.gmsa.ch\/wp-content\/uploads\/2026\/08\/GMSA_Info-aout-2018-9997-300x200-1.jpg 300w, https:\/\/www.gmsa.ch\/wp-content\/uploads\/2026\/08\/GMSA_Info-aout-2018-9997-768x512-1.jpg 768w, https:\/\/www.gmsa.ch\/wp-content\/uploads\/2026\/08\/GMSA_Info-aout-2018-9997-1024x683-1.jpg 1024w, https:\/\/www.gmsa.ch\/wp-content\/uploads\/2026\/08\/GMSA_Info-aout-2018-9997-2048x1365-1.jpg 2048w, https:\/\/www.gmsa.ch\/wp-content\/uploads\/2026\/08\/GMSA_Info-aout-2018-9997-1536x1024-1.jpg 1536w\" sizes=\"(max-width: 2560px) 100vw, 2560px\" \/>            <\/div>\n    <div class=\"c-post-card__content\">\n                    <div class=\"c-post-card__categories\">\n                                    <span class=\"c-post-card__category-tag\">Standorte &amp; Infrastrukturen<\/span>\n                                    <span class=\"c-post-card__category-tag\">Unternehmensaktivit\u00e4ten<\/span>\n                            <\/div>\n                <h5 class=\"c-post-card__title\">Ernte 2026: DIE HITZE HATTE DAS LETZTE WORT<\/h5>\n        <div class=\"c-post-card__date\">24 August 2026<\/div>\n                    <div class=\"c-post-card__description\"><p>Obwohl die Brotgetreideernte 2023 unter guten Bedingungen eingebracht werden konnte, erreicht sie nicht die Qualit\u00e4t des Vorjahres. Dank unserer Erfahrung bei der Auswahl der Getreide und dem Mahlprozess sowie unserer Anlagen der neuesten Generation sind wir jedoch in der Lage, die leichten Qualit\u00e4tsschwankungen der diesj\u00e4hrigen Ernte zu korrigieren. <\/p>\n<\/div>\n            <\/div>\n<\/a>                <\/div>\n                                <\/div>\n    <\/div>\n\n\n\n<div class=\"acf-spacer h-[64px] tablet:h-[72px] desktop:h-[80px]\" id=acf-block-64f7493bac32d ><\/div>\n\n    <\/div>\n<\/div>\n\n\n\n\n\n<div class=\"acf-container fade desktop:py-[80px] tablet:py-[64px] py-[64px] has-bg-image\"id=acf-block-64f74559dd10c>\n            <div class=\"acf-container__bg-overlay\" style=\"background: rgba(0, 0, 0, 0)\"><\/div>\n                <div class=\"acf-container__bg-img acf-container__bg-img--desktop\"><img decoding=\"async\" width=\"2560\" height=\"779\" src=\"https:\/\/www.gmsa.ch\/wp-content\/uploads\/2023\/09\/gmsa-contacte-cta-desktop.png\" class=\"object-center\" alt=\"\" srcset=\"https:\/\/www.gmsa.ch\/wp-content\/uploads\/2023\/09\/gmsa-contacte-cta-desktop.png 2560w, https:\/\/www.gmsa.ch\/wp-content\/uploads\/2023\/09\/gmsa-contacte-cta-desktop-300x91.png 300w, https:\/\/www.gmsa.ch\/wp-content\/uploads\/2023\/09\/gmsa-contacte-cta-desktop-1024x311.png 1024w, https:\/\/www.gmsa.ch\/wp-content\/uploads\/2023\/09\/gmsa-contacte-cta-desktop-768x234.png 768w, https:\/\/www.gmsa.ch\/wp-content\/uploads\/2023\/09\/gmsa-contacte-cta-desktop-1536x467.png 1536w, https:\/\/www.gmsa.ch\/wp-content\/uploads\/2023\/09\/gmsa-contacte-cta-desktop-2048x623.png 2048w\" sizes=\"(max-width: 2560px) 100vw, 2560px\" \/><\/div>\n                <div class=\"acf-container__bg-img acf-container__bg-img--mobile\"><img decoding=\"async\" width=\"1477\" height=\"2560\" src=\"https:\/\/www.gmsa.ch\/wp-content\/uploads\/2023\/09\/gmsa-contacte-cta-mobile-scaled.jpg\" class=\"object-right-bottom\" alt=\"\" srcset=\"https:\/\/www.gmsa.ch\/wp-content\/uploads\/2023\/09\/gmsa-contacte-cta-mobile-scaled.jpg 1477w, https:\/\/www.gmsa.ch\/wp-content\/uploads\/2023\/09\/gmsa-contacte-cta-mobile-173x300.jpg 173w, https:\/\/www.gmsa.ch\/wp-content\/uploads\/2023\/09\/gmsa-contacte-cta-mobile-591x1024.jpg 591w, https:\/\/www.gmsa.ch\/wp-content\/uploads\/2023\/09\/gmsa-contacte-cta-mobile-768x1331.jpg 768w, https:\/\/www.gmsa.ch\/wp-content\/uploads\/2023\/09\/gmsa-contacte-cta-mobile-886x1536.jpg 886w, https:\/\/www.gmsa.ch\/wp-content\/uploads\/2023\/09\/gmsa-contacte-cta-mobile-1182x2048.jpg 1182w\" sizes=\"(max-width: 1477px) 100vw, 1477px\" \/><\/div>\n        <div class=\"container\">\n        \n\n<div class=\"acf-columns cols-gap-default reverse-none justify-start desktop:py-0 tablet:py-0 py-0\"id=acf-block-64f74559dd123>\n    \n\n<div class=\"acf-tp-column half \"id=acf-block-64f74559dd13e>\n    <div class=\"acf-tp-column__box has-vertical-top py-0 px-0 tablet:py-0 tablet:px-0 desktop:px-0 desktop:py-0 \">\n                    <div class=\"acf-tp-column__bg-overlay\" style=\"background: rgba(0, 0, 0, 0)\"><\/div>\n                                <div class=\"acf-tp-column__box-content \">\n            \n\n<h2 id=\"h-wir-sind-fur-sie-da\" class=\"wp-block-heading\">Wir sind f\u00fcr Sie da!<\/h2>\n\n\n\n<div class=\"acf-spacer h-[40px] tablet:h-[40px] desktop:h-[48px]\" id=acf-block-64f74559dd15a ><\/div>\n\n\n    <div class=\"acf-buttons start flex-col\"id=acf-block-64f74559dd16a>\n\n        \n                            <a href=\"\/de\/kontakt\/\" target=\"\"\n                   class=\"acf-button__button\">Kontaktieren Sie uns<\/a>\n            \n            \n            <\/div>\n\n\n        <\/div>\n    <\/div>\n<\/div>\n\n\n<div class=\"acf-tp-column half \"id=acf-block-64f74559dd182>\n    <div class=\"acf-tp-column__box has-vertical-top py-0 px-0 tablet:py-0 tablet:px-0 desktop:px-0 desktop:py-0 \">\n                    <div class=\"acf-tp-column__bg-overlay\" style=\"background: rgba(0, 0, 0, 0)\"><\/div>\n                                <div class=\"acf-tp-column__box-content \">\n            \n\n<p class=\"wp-block-paragraph\"><\/p>\n\n\n        <\/div>\n    <\/div>\n<\/div>\n\n<\/div>\n\n\n\n\n\n\n<div class=\"acf-spacer h-[120px] tablet:h-[0px] desktop:h-[0px]\" id=acf-block-64f74559dd191 ><\/div>\n\n\n<div class=\"acf-spacer h-[120px] tablet:h-[0px] desktop:h-[0px]\" id=acf-block-64f74559dd19c ><\/div>\n\n    <\/div>\n<\/div>\n\n\n","protected":false},"excerpt":{"rendered":"","protected":false},"author":3,"featured_media":6800,"parent":0,"menu_order":0,"comment_status":"closed","ping_status":"closed","template":"","meta":{"_acf_changed":false,"_searchwp_excluded":"","footnotes":""},"class_list":["post-7061","page","type-page","status-publish","has-post-thumbnail","hentry"],"acf":[],"yoast_head":"<title>Beziehung zu unseren Investoren - GMSA<\/title>\n<meta name=\"description\" content=\"Informieren Sie sich \u00fcber den Aktienkurs, den Gesch\u00e4ftsbericht und den Finanzkalender des einzigen b\u00f6rsennotierten Schweizer M\u00fchlenunternehmens.\" \/>\n<meta name=\"robots\" content=\"index, follow, max-snippet:-1, max-image-preview:large, max-video-preview:-1\" \/>\n<link rel=\"canonical\" href=\"https:\/\/www.gmsa.ch\/de\/beziehung-zu-unseren-investoren\/\" \/>\n<meta property=\"og:locale\" content=\"de_DE\" \/>\n<meta property=\"og:type\" content=\"article\" \/>\n<meta property=\"og:title\" content=\"Beziehung zu unseren Investoren\" \/>\n<meta property=\"og:description\" content=\"Informieren Sie sich \u00fcber den Aktienkurs, den Gesch\u00e4ftsbericht und den Finanzkalender des einzigen b\u00f6rsennotierten Schweizer M\u00fchlenunternehmens.\" \/>\n<meta property=\"og:url\" content=\"https:\/\/www.gmsa.ch\/de\/beziehung-zu-unseren-investoren\/\" \/>\n<meta property=\"og:site_name\" content=\"GMSA\" \/>\n<meta property=\"article:modified_time\" content=\"2026-08-11T06:17:07+00:00\" \/>\n<meta property=\"og:image\" content=\"https:\/\/www.gmsa.ch\/wp-content\/uploads\/2023\/09\/gmsa-relation-investisseurs-banniere-desktop-1024x570.jpg\" \/>\n<meta name=\"twitter:card\" content=\"summary_large_image\" \/>\n<meta name=\"twitter:image\" content=\"https:\/\/www.gmsa.ch\/wp-content\/uploads\/2023\/09\/gmsa-relation-investisseurs-banniere-desktop-1024x570.jpg\" \/>\n<meta name=\"twitter:label1\" content=\"Gesch\u00e4tzte Lesezeit\" \/>\n\t<meta name=\"twitter:data1\" content=\"4\u00a0Minuten\" \/>\n<script type=\"application\/ld+json\" class=\"yoast-schema-graph\">{\"@context\":\"https:\\\/\\\/schema.org\",\"@graph\":[{\"@type\":\"WebPage\",\"@id\":\"https:\\\/\\\/www.gmsa.ch\\\/de\\\/beziehung-zu-unseren-investoren\\\/\",\"url\":\"https:\\\/\\\/www.gmsa.ch\\\/de\\\/beziehung-zu-unseren-investoren\\\/\",\"name\":\"Beziehung zu unseren Investoren - GMSA\",\"isPartOf\":{\"@id\":\"https:\\\/\\\/www.gmsa.ch\\\/de\\\/#website\"},\"primaryImageOfPage\":{\"@id\":\"https:\\\/\\\/www.gmsa.ch\\\/de\\\/beziehung-zu-unseren-investoren\\\/#primaryimage\"},\"image\":{\"@id\":\"https:\\\/\\\/www.gmsa.ch\\\/de\\\/beziehung-zu-unseren-investoren\\\/#primaryimage\"},\"thumbnailUrl\":\"https:\\\/\\\/www.gmsa.ch\\\/wp-content\\\/uploads\\\/2023\\\/09\\\/gmsa-relation-investisseurs-banniere-desktop.jpg\",\"datePublished\":\"2026-03-17T17:00:00+00:00\",\"dateModified\":\"2026-08-11T06:17:07+00:00\",\"description\":\"Informieren Sie sich \u00fcber den Aktienkurs, den Gesch\u00e4ftsbericht und den Finanzkalender des einzigen b\u00f6rsennotierten Schweizer M\u00fchlenunternehmens.\",\"breadcrumb\":{\"@id\":\"https:\\\/\\\/www.gmsa.ch\\\/de\\\/beziehung-zu-unseren-investoren\\\/#breadcrumb\"},\"inLanguage\":\"de\",\"potentialAction\":[{\"@type\":\"ReadAction\",\"target\":[\"https:\\\/\\\/www.gmsa.ch\\\/de\\\/beziehung-zu-unseren-investoren\\\/\"]}]},{\"@type\":\"ImageObject\",\"inLanguage\":\"de\",\"@id\":\"https:\\\/\\\/www.gmsa.ch\\\/de\\\/beziehung-zu-unseren-investoren\\\/#primaryimage\",\"url\":\"https:\\\/\\\/www.gmsa.ch\\\/wp-content\\\/uploads\\\/2023\\\/09\\\/gmsa-relation-investisseurs-banniere-desktop.jpg\",\"contentUrl\":\"https:\\\/\\\/www.gmsa.ch\\\/wp-content\\\/uploads\\\/2023\\\/09\\\/gmsa-relation-investisseurs-banniere-desktop.jpg\",\"width\":2560,\"height\":1424},{\"@type\":\"BreadcrumbList\",\"@id\":\"https:\\\/\\\/www.gmsa.ch\\\/de\\\/beziehung-zu-unseren-investoren\\\/#breadcrumb\",\"itemListElement\":[{\"@type\":\"ListItem\",\"position\":1,\"name\":\"Home\",\"item\":\"https:\\\/\\\/www.gmsa.ch\\\/de\\\/\"},{\"@type\":\"ListItem\",\"position\":2,\"name\":\"Beziehung zu unseren Investoren\"}]},{\"@type\":\"WebSite\",\"@id\":\"https:\\\/\\\/www.gmsa.ch\\\/de\\\/#website\",\"url\":\"https:\\\/\\\/www.gmsa.ch\\\/de\\\/\",\"name\":\"GMSA\",\"description\":\"\",\"publisher\":{\"@id\":\"https:\\\/\\\/www.gmsa.ch\\\/de\\\/#organization\"},\"potentialAction\":[{\"@type\":\"SearchAction\",\"target\":{\"@type\":\"EntryPoint\",\"urlTemplate\":\"https:\\\/\\\/www.gmsa.ch\\\/de\\\/?s={search_term_string}\"},\"query-input\":{\"@type\":\"PropertyValueSpecification\",\"valueRequired\":true,\"valueName\":\"search_term_string\"}}],\"inLanguage\":\"de\"},{\"@type\":\"Organization\",\"@id\":\"https:\\\/\\\/www.gmsa.ch\\\/de\\\/#organization\",\"name\":\"GMSA\",\"url\":\"https:\\\/\\\/www.gmsa.ch\\\/de\\\/\",\"logo\":{\"@type\":\"ImageObject\",\"inLanguage\":\"de\",\"@id\":\"https:\\\/\\\/www.gmsa.ch\\\/de\\\/#\\\/schema\\\/logo\\\/image\\\/\",\"url\":\"https:\\\/\\\/www.gmsa.ch\\\/wp-content\\\/uploads\\\/2023\\\/08\\\/white-logo.svg\",\"contentUrl\":\"https:\\\/\\\/www.gmsa.ch\\\/wp-content\\\/uploads\\\/2023\\\/08\\\/white-logo.svg\",\"width\":184,\"height\":49,\"caption\":\"GMSA\"},\"image\":{\"@id\":\"https:\\\/\\\/www.gmsa.ch\\\/de\\\/#\\\/schema\\\/logo\\\/image\\\/\"},\"sameAs\":[\"https:\\\/\\\/www.linkedin.com\\\/company\\\/groupe-minoteries-sa\"]}]}<\/script>","yoast_head_json":{"title":"Beziehung zu unseren Investoren - GMSA","description":"Informieren Sie sich \u00fcber den Aktienkurs, den Gesch\u00e4ftsbericht und den Finanzkalender des einzigen b\u00f6rsennotierten Schweizer M\u00fchlenunternehmens.","robots":{"index":"index","follow":"follow","max-snippet":"max-snippet:-1","max-image-preview":"max-image-preview:large","max-video-preview":"max-video-preview:-1"},"canonical":"https:\/\/www.gmsa.ch\/de\/beziehung-zu-unseren-investoren\/","og_locale":"de_DE","og_type":"article","og_title":"Beziehung zu unseren Investoren","og_description":"Informieren Sie sich \u00fcber den Aktienkurs, den Gesch\u00e4ftsbericht und den Finanzkalender des einzigen b\u00f6rsennotierten Schweizer M\u00fchlenunternehmens.","og_url":"https:\/\/www.gmsa.ch\/de\/beziehung-zu-unseren-investoren\/","og_site_name":"GMSA","article_modified_time":"2026-08-11T06:17:07+00:00","og_image":[{"url":"https:\/\/www.gmsa.ch\/wp-content\/uploads\/2023\/09\/gmsa-relation-investisseurs-banniere-desktop-1024x570.jpg","type":"","width":"","height":""}],"twitter_card":"summary_large_image","twitter_image":"https:\/\/www.gmsa.ch\/wp-content\/uploads\/2023\/09\/gmsa-relation-investisseurs-banniere-desktop-1024x570.jpg","twitter_misc":{"Gesch\u00e4tzte Lesezeit":"4\u00a0Minuten"},"schema":{"@context":"https:\/\/schema.org","@graph":[{"@type":"WebPage","@id":"https:\/\/www.gmsa.ch\/de\/beziehung-zu-unseren-investoren\/","url":"https:\/\/www.gmsa.ch\/de\/beziehung-zu-unseren-investoren\/","name":"Beziehung zu unseren Investoren - GMSA","isPartOf":{"@id":"https:\/\/www.gmsa.ch\/de\/#website"},"primaryImageOfPage":{"@id":"https:\/\/www.gmsa.ch\/de\/beziehung-zu-unseren-investoren\/#primaryimage"},"image":{"@id":"https:\/\/www.gmsa.ch\/de\/beziehung-zu-unseren-investoren\/#primaryimage"},"thumbnailUrl":"https:\/\/www.gmsa.ch\/wp-content\/uploads\/2023\/09\/gmsa-relation-investisseurs-banniere-desktop.jpg","datePublished":"2026-03-17T17:00:00+00:00","dateModified":"2026-08-11T06:17:07+00:00","description":"Informieren Sie sich \u00fcber den Aktienkurs, den Gesch\u00e4ftsbericht und den Finanzkalender des einzigen b\u00f6rsennotierten Schweizer M\u00fchlenunternehmens.","breadcrumb":{"@id":"https:\/\/www.gmsa.ch\/de\/beziehung-zu-unseren-investoren\/#breadcrumb"},"inLanguage":"de","potentialAction":[{"@type":"ReadAction","target":["https:\/\/www.gmsa.ch\/de\/beziehung-zu-unseren-investoren\/"]}]},{"@type":"ImageObject","inLanguage":"de","@id":"https:\/\/www.gmsa.ch\/de\/beziehung-zu-unseren-investoren\/#primaryimage","url":"https:\/\/www.gmsa.ch\/wp-content\/uploads\/2023\/09\/gmsa-relation-investisseurs-banniere-desktop.jpg","contentUrl":"https:\/\/www.gmsa.ch\/wp-content\/uploads\/2023\/09\/gmsa-relation-investisseurs-banniere-desktop.jpg","width":2560,"height":1424},{"@type":"BreadcrumbList","@id":"https:\/\/www.gmsa.ch\/de\/beziehung-zu-unseren-investoren\/#breadcrumb","itemListElement":[{"@type":"ListItem","position":1,"name":"Home","item":"https:\/\/www.gmsa.ch\/de\/"},{"@type":"ListItem","position":2,"name":"Beziehung zu unseren Investoren"}]},{"@type":"WebSite","@id":"https:\/\/www.gmsa.ch\/de\/#website","url":"https:\/\/www.gmsa.ch\/de\/","name":"GMSA","description":"","publisher":{"@id":"https:\/\/www.gmsa.ch\/de\/#organization"},"potentialAction":[{"@type":"SearchAction","target":{"@type":"EntryPoint","urlTemplate":"https:\/\/www.gmsa.ch\/de\/?s={search_term_string}"},"query-input":{"@type":"PropertyValueSpecification","valueRequired":true,"valueName":"search_term_string"}}],"inLanguage":"de"},{"@type":"Organization","@id":"https:\/\/www.gmsa.ch\/de\/#organization","name":"GMSA","url":"https:\/\/www.gmsa.ch\/de\/","logo":{"@type":"ImageObject","inLanguage":"de","@id":"https:\/\/www.gmsa.ch\/de\/#\/schema\/logo\/image\/","url":"https:\/\/www.gmsa.ch\/wp-content\/uploads\/2023\/08\/white-logo.svg","contentUrl":"https:\/\/www.gmsa.ch\/wp-content\/uploads\/2023\/08\/white-logo.svg","width":184,"height":49,"caption":"GMSA"},"image":{"@id":"https:\/\/www.gmsa.ch\/de\/#\/schema\/logo\/image\/"},"sameAs":["https:\/\/www.linkedin.com\/company\/groupe-minoteries-sa"]}]}},"_links":{"self":[{"href":"https:\/\/www.gmsa.ch\/de\/wp-json\/wp\/v2\/pages\/7061","targetHints":{"allow":["GET"]}}],"collection":[{"href":"https:\/\/www.gmsa.ch\/de\/wp-json\/wp\/v2\/pages"}],"about":[{"href":"https:\/\/www.gmsa.ch\/de\/wp-json\/wp\/v2\/types\/page"}],"author":[{"embeddable":true,"href":"https:\/\/www.gmsa.ch\/de\/wp-json\/wp\/v2\/users\/3"}],"replies":[{"embeddable":true,"href":"https:\/\/www.gmsa.ch\/de\/wp-json\/wp\/v2\/comments?post=7061"}],"version-history":[{"count":22,"href":"https:\/\/www.gmsa.ch\/de\/wp-json\/wp\/v2\/pages\/7061\/revisions"}],"predecessor-version":[{"id":15740,"href":"https:\/\/www.gmsa.ch\/de\/wp-json\/wp\/v2\/pages\/7061\/revisions\/15740"}],"wp:featuredmedia":[{"embeddable":true,"href":"https:\/\/www.gmsa.ch\/de\/wp-json\/wp\/v2\/media\/6800"}],"wp:attachment":[{"href":"https:\/\/www.gmsa.ch\/de\/wp-json\/wp\/v2\/media?parent=7061"}],"curies":[{"name":"wp","href":"https:\/\/api.w.org\/{rel}","templated":true}]}}