{"id":7052,"date":"2026-03-17T18:00:00","date_gmt":"2026-03-17T17:00:00","guid":{"rendered":"https:\/\/www.gmsa.ch\/?page_id=7052"},"modified":"2026-07-28T10:34:57","modified_gmt":"2026-07-28T09:34:57","slug":"gmsa-ihr-partner","status":"publish","type":"page","link":"https:\/\/www.gmsa.ch\/de\/gmsa-ihr-partner\/","title":{"rendered":"GMSA \u2013 Ihr Partner"},"content":{"rendered":"\n<section class=\"acf-hero-banner has-white-color\"id=acf-block-64f8313c72e57 >\n            <div class=\"acf-hero-banner__bg acf-hero-banner__bg--mob\">\n            <img decoding=\"async\" width=\"750\" height=\"1360\" src=\"https:\/\/www.gmsa.ch\/wp-content\/uploads\/2023\/09\/gmsa-votre-partenaire-banniere-mobile.jpg\" class=\"attachment-full size-full\" alt=\"\" srcset=\"https:\/\/www.gmsa.ch\/wp-content\/uploads\/2023\/09\/gmsa-votre-partenaire-banniere-mobile.jpg 750w, https:\/\/www.gmsa.ch\/wp-content\/uploads\/2023\/09\/gmsa-votre-partenaire-banniere-mobile-165x300.jpg 165w, https:\/\/www.gmsa.ch\/wp-content\/uploads\/2023\/09\/gmsa-votre-partenaire-banniere-mobile-565x1024.jpg 565w\" sizes=\"(max-width: 750px) 100vw, 750px\" \/>        <\/div>\n                <div class=\"acf-hero-banner__bg acf-hero-banner__bg--laptop\">\n            <img decoding=\"async\" width=\"2560\" height=\"1424\" src=\"https:\/\/www.gmsa.ch\/wp-content\/uploads\/2023\/09\/gmsa-votre-partenaire-banniere-desktop.jpg\" class=\"attachment-full size-full\" alt=\"\" srcset=\"https:\/\/www.gmsa.ch\/wp-content\/uploads\/2023\/09\/gmsa-votre-partenaire-banniere-desktop.jpg 2560w, https:\/\/www.gmsa.ch\/wp-content\/uploads\/2023\/09\/gmsa-votre-partenaire-banniere-desktop-300x167.jpg 300w, https:\/\/www.gmsa.ch\/wp-content\/uploads\/2023\/09\/gmsa-votre-partenaire-banniere-desktop-1024x570.jpg 1024w, https:\/\/www.gmsa.ch\/wp-content\/uploads\/2023\/09\/gmsa-votre-partenaire-banniere-desktop-768x427.jpg 768w, https:\/\/www.gmsa.ch\/wp-content\/uploads\/2023\/09\/gmsa-votre-partenaire-banniere-desktop-1536x854.jpg 1536w, https:\/\/www.gmsa.ch\/wp-content\/uploads\/2023\/09\/gmsa-votre-partenaire-banniere-desktop-2048x1139.jpg 2048w\" sizes=\"(max-width: 2560px) 100vw, 2560px\" \/>        <\/div>\n        <div class=\"container\">\n        <div class=\"acf-hero-banner__row\" data-aos=\"fade\" data-aos-ofsset=\"10\" data-aos-easing=\"ease-in\" data-aos-duration=\"900\" data-aos-delay=\"800\">\n            <div class=\"acf-hero-banner__icon\" data-aos=\"fade\" data-aos-ofsset=\"10\" data-aos-easing=\"ease-in\" data-aos-duration=\"900\" data-aos-delay=\"700\">\n                <!-- Langue d\u00e9tect\u00e9e : de_DE --><!-- Page d'accueil : Non --><img decoding=\"async\" src=\"https:\/\/www.gmsa.ch\/wp-content\/themes\/gmsa\/img\/global\/banner-logo.svg\" alt=\"GMSA\">            <\/div>\n            <div class=\"acf-hero-banner__content\">\n                                    <div class=\"acf-hero-banner__subtitle\" data-aos=\"fade\" data-aos-ofsset=\"10\" data-aos-easing=\"ease-in\" data-aos-duration=\"800\" data-aos-delay=\"1000\">GMSA<\/div>\n                                                    <h1 class=\"acf-hero-banner__title\" data-aos=\"fade\" data-aos-ofsset=\"10\" data-aos-easing=\"ease-in\" data-aos-duration=\"1000\" data-aos-delay=\"2000\">IHR PARTNER UND L\u00d6SUNGSANBIETER<\/h1>\n                                            <\/div>\n        <\/div>\n    <\/div>\n<\/section>\n\n\n\n<div class=\"acf-container desktop:py-[80px] tablet:py-[64px] py-[32px] \"id=acf-block-64f8313c72ea7>\n            <div class=\"acf-container__bg-overlay\" style=\"background: rgba(0, 0, 0, 0)\"><\/div>\n                <div class=\"container\">\n        \n\n<div class=\"acf-columns cols-gap-default reverse-none justify-start desktop:py-0 tablet:py-0 py-0\"id=acf-block-64f8313c72ebd>\n    \n\n<div class=\"acf-tp-column two-third \"id=acf-block-64f8313c72ed8>\n    <div class=\"acf-tp-column__box has-vertical-top py-0 px-0 tablet:py-0 tablet:px-0 desktop:px-0 desktop:py-0 \">\n                    <div class=\"acf-tp-column__bg-overlay\" style=\"background: rgba(0, 0, 0, 0)\"><\/div>\n                                <div class=\"acf-tp-column__box-content \">\n            \n\n<h2 id=\"h-die-gmsa-gruppe\" class=\"wp-block-heading\" style=\"text-transform:uppercase\">DIE GMSA-GRUPPE<\/h2>\n\n\n\n<div class=\"acf-spacer h-[32px] tablet:h-[32px] desktop:h-[40px]\" id=acf-block-64f8313c72eec ><\/div>\n\n\n<p class=\"has-32-font-size wp-block-paragraph\">Die Groupe Minoteries SA (GMSA) ist ein dynamisches, leistungsstarkes und zukunftsorientiertes Unternehmen, das auf eine geschichtsreiche Vergangenheit bis auf das Jahr 1885 zur\u00fcckf\u00fchrt. Wir sind auf Nahrungsmittel aus Getreide und pflanzliche Produkte spezialisiert und bieten eine umfassende Dienstleistungspalette an, die von der Verarbeitung und Vermarktung von Rohstoffen bis hin zur Beratung und Betreuung unserer Partner reicht. Unser echter Mehrwert liegt in unserer F\u00e4higkeit, massgeschneiderte L\u00f6sungen in allen Regionen der Schweiz anzubieten.<\/p>\n\n\n        <\/div>\n    <\/div>\n<\/div>\n\n\n<div class=\"acf-tp-column one-third \"id=acf-block-64f8313c72f12>\n    <div class=\"acf-tp-column__box has-vertical-stretch py-0 px-0 tablet:py-0 tablet:px-0 desktop:px-0 desktop:py-0 \">\n                    <div class=\"acf-tp-column__bg-overlay\" style=\"background: rgba(0, 0, 0, 0)\"><\/div>\n                                <div class=\"acf-tp-column__box-content \">\n            \n\n<figure class=\"wp-block-image alignfull size-full is-style-default\"><img decoding=\"async\" width=\"806\" height=\"1006\" src=\"https:\/\/www.gmsa.ch\/wp-content\/uploads\/2023\/09\/gmsa-votre-partenaire-le-groupe.jpg\" alt=\"\" class=\"wp-image-3706\" srcset=\"https:\/\/www.gmsa.ch\/wp-content\/uploads\/2023\/09\/gmsa-votre-partenaire-le-groupe.jpg 806w, https:\/\/www.gmsa.ch\/wp-content\/uploads\/2023\/09\/gmsa-votre-partenaire-le-groupe-240x300.jpg 240w, https:\/\/www.gmsa.ch\/wp-content\/uploads\/2023\/09\/gmsa-votre-partenaire-le-groupe-768x959.jpg 768w\" sizes=\"(max-width: 806px) 100vw, 806px\" \/><\/figure>\n\n\n        <\/div>\n    <\/div>\n<\/div>\n\n<\/div>\n\n\n\n\n\n\n<div class=\"acf-spacer h-[64px] tablet:h-[72px] desktop:h-[80px]\" id=acf-block-64f8313c72f22 ><\/div>\n\n\n<h2 id=\"h-unsere-geschichte\" class=\"wp-block-heading\" style=\"text-transform:uppercase\">UNSERE GESCHICHTE<\/h2>\n\n\n    <\/div>\n<\/div>\n\n\n\n\n    <section class=\"acf-slider-gallery\"id=acf-block-64f8313c72f63 >\n        <div class=\"acf-slider-gallery__slider swiper js--slider-gallery\">\n            <div class=\"acf-slider-gallery__wrapper swiper-wrapper\">\n                                    <div class=\"acf-slider-gallery__slide swiper-slide\">\n                                                    <div class=\"acf-slider-gallery__slide-bg acf-slider-gallery__slide-bg--mobile\">\n                                <img decoding=\"async\" width=\"750\" height=\"1592\" src=\"https:\/\/www.gmsa.ch\/wp-content\/uploads\/2023\/09\/gmsa-votre-partenaire-histoire-plainpalais-mobile.jpg\" class=\"attachment-full size-full\" alt=\"\" srcset=\"https:\/\/www.gmsa.ch\/wp-content\/uploads\/2023\/09\/gmsa-votre-partenaire-histoire-plainpalais-mobile.jpg 750w, https:\/\/www.gmsa.ch\/wp-content\/uploads\/2023\/09\/gmsa-votre-partenaire-histoire-plainpalais-mobile-141x300.jpg 141w, https:\/\/www.gmsa.ch\/wp-content\/uploads\/2023\/09\/gmsa-votre-partenaire-histoire-plainpalais-mobile-482x1024.jpg 482w, https:\/\/www.gmsa.ch\/wp-content\/uploads\/2023\/09\/gmsa-votre-partenaire-histoire-plainpalais-mobile-724x1536.jpg 724w\" sizes=\"(max-width: 750px) 100vw, 750px\" \/>                            <\/div>\n                                                                            <div class=\"acf-slider-gallery__slide-bg acf-slider-gallery__slide-bg--desktop\">\n                                <img decoding=\"async\" width=\"2560\" height=\"1209\" src=\"https:\/\/www.gmsa.ch\/wp-content\/uploads\/2023\/09\/gmsa-votre-partenaire-histoire-plainpalais-desktop-scaled.jpg\" class=\"attachment-full size-full\" alt=\"\" srcset=\"https:\/\/www.gmsa.ch\/wp-content\/uploads\/2023\/09\/gmsa-votre-partenaire-histoire-plainpalais-desktop-scaled.jpg 2560w, https:\/\/www.gmsa.ch\/wp-content\/uploads\/2023\/09\/gmsa-votre-partenaire-histoire-plainpalais-desktop-300x142.jpg 300w, https:\/\/www.gmsa.ch\/wp-content\/uploads\/2023\/09\/gmsa-votre-partenaire-histoire-plainpalais-desktop-1024x484.jpg 1024w, https:\/\/www.gmsa.ch\/wp-content\/uploads\/2023\/09\/gmsa-votre-partenaire-histoire-plainpalais-desktop-768x363.jpg 768w, https:\/\/www.gmsa.ch\/wp-content\/uploads\/2023\/09\/gmsa-votre-partenaire-histoire-plainpalais-desktop-1536x725.jpg 1536w, https:\/\/www.gmsa.ch\/wp-content\/uploads\/2023\/09\/gmsa-votre-partenaire-histoire-plainpalais-desktop-2048x967.jpg 2048w\" sizes=\"(max-width: 2560px) 100vw, 2560px\" \/>                            <\/div>\n                                                <div class=\"container\">\n                            <div class=\"acf-slider-gallery__slide-content has-black-color\">\n                                <div class=\"acf-slider-gallery__slide-content-box\">\n                                                                            <h5 class=\"acf-slider-gallery__slide-title\">1885<\/h5>\n                                                                                                                <div class=\"acf-slider-gallery__slide-big-description\"><p>Gr\u00fcndung der juristischen Gesellschaft Minoteries de Plainpalais SA<\/p>\n<\/div>\n                                                                                                        <\/div>\n                            <\/div>\n                        <\/div>\n                    <\/div>\n                                    <div class=\"acf-slider-gallery__slide swiper-slide\">\n                                                    <div class=\"acf-slider-gallery__slide-bg acf-slider-gallery__slide-bg--mobile\">\n                                <img decoding=\"async\" width=\"750\" height=\"1592\" src=\"https:\/\/www.gmsa.ch\/wp-content\/uploads\/2023\/09\/gmsa-votre-partenaire-histoire-grange-mobile.jpg\" class=\"attachment-full size-full\" alt=\"\" srcset=\"https:\/\/www.gmsa.ch\/wp-content\/uploads\/2023\/09\/gmsa-votre-partenaire-histoire-grange-mobile.jpg 750w, https:\/\/www.gmsa.ch\/wp-content\/uploads\/2023\/09\/gmsa-votre-partenaire-histoire-grange-mobile-141x300.jpg 141w, https:\/\/www.gmsa.ch\/wp-content\/uploads\/2023\/09\/gmsa-votre-partenaire-histoire-grange-mobile-482x1024.jpg 482w, https:\/\/www.gmsa.ch\/wp-content\/uploads\/2023\/09\/gmsa-votre-partenaire-histoire-grange-mobile-724x1536.jpg 724w\" sizes=\"(max-width: 750px) 100vw, 750px\" \/>                            <\/div>\n                                                                            <div class=\"acf-slider-gallery__slide-bg acf-slider-gallery__slide-bg--desktop\">\n                                <img decoding=\"async\" width=\"2560\" height=\"1209\" src=\"https:\/\/www.gmsa.ch\/wp-content\/uploads\/2023\/09\/gmsa-votre-partenaire-histoire-grange-desktop-scaled.jpg\" class=\"attachment-full size-full\" alt=\"\" srcset=\"https:\/\/www.gmsa.ch\/wp-content\/uploads\/2023\/09\/gmsa-votre-partenaire-histoire-grange-desktop-scaled.jpg 2560w, https:\/\/www.gmsa.ch\/wp-content\/uploads\/2023\/09\/gmsa-votre-partenaire-histoire-grange-desktop-300x142.jpg 300w, https:\/\/www.gmsa.ch\/wp-content\/uploads\/2023\/09\/gmsa-votre-partenaire-histoire-grange-desktop-1024x484.jpg 1024w, https:\/\/www.gmsa.ch\/wp-content\/uploads\/2023\/09\/gmsa-votre-partenaire-histoire-grange-desktop-768x363.jpg 768w, https:\/\/www.gmsa.ch\/wp-content\/uploads\/2023\/09\/gmsa-votre-partenaire-histoire-grange-desktop-1536x725.jpg 1536w, https:\/\/www.gmsa.ch\/wp-content\/uploads\/2023\/09\/gmsa-votre-partenaire-histoire-grange-desktop-2048x967.jpg 2048w\" sizes=\"(max-width: 2560px) 100vw, 2560px\" \/>                            <\/div>\n                                                <div class=\"container\">\n                            <div class=\"acf-slider-gallery__slide-content has-white-color\">\n                                <div class=\"acf-slider-gallery__slide-content-box\">\n                                                                            <h5 class=\"acf-slider-gallery__slide-title\">1987<\/h5>\n                                                                                                                <div class=\"acf-slider-gallery__slide-big-description\"><p>Erwerb der Moulins de Granges SA, Granges-pr\u00e8s-Marnand<\/p>\n<\/div>\n                                                                                                        <\/div>\n                            <\/div>\n                        <\/div>\n                    <\/div>\n                                    <div class=\"acf-slider-gallery__slide swiper-slide\">\n                                                    <div class=\"acf-slider-gallery__slide-bg acf-slider-gallery__slide-bg--mobile\">\n                                <img decoding=\"async\" width=\"750\" height=\"1592\" src=\"https:\/\/www.gmsa.ch\/wp-content\/uploads\/2023\/09\/gmsa-votre-partenaire-histoire-goldach-mobile.jpg\" class=\"attachment-full size-full\" alt=\"\" srcset=\"https:\/\/www.gmsa.ch\/wp-content\/uploads\/2023\/09\/gmsa-votre-partenaire-histoire-goldach-mobile.jpg 750w, https:\/\/www.gmsa.ch\/wp-content\/uploads\/2023\/09\/gmsa-votre-partenaire-histoire-goldach-mobile-141x300.jpg 141w, https:\/\/www.gmsa.ch\/wp-content\/uploads\/2023\/09\/gmsa-votre-partenaire-histoire-goldach-mobile-482x1024.jpg 482w, https:\/\/www.gmsa.ch\/wp-content\/uploads\/2023\/09\/gmsa-votre-partenaire-histoire-goldach-mobile-724x1536.jpg 724w\" sizes=\"(max-width: 750px) 100vw, 750px\" \/>                            <\/div>\n                                                                            <div class=\"acf-slider-gallery__slide-bg acf-slider-gallery__slide-bg--desktop\">\n                                <img decoding=\"async\" width=\"2560\" height=\"1209\" src=\"https:\/\/www.gmsa.ch\/wp-content\/uploads\/2023\/09\/gmsa-votre-partenaire-histoire-goldach-desktop-scaled.jpg\" class=\"attachment-full size-full\" alt=\"\" srcset=\"https:\/\/www.gmsa.ch\/wp-content\/uploads\/2023\/09\/gmsa-votre-partenaire-histoire-goldach-desktop-scaled.jpg 2560w, https:\/\/www.gmsa.ch\/wp-content\/uploads\/2023\/09\/gmsa-votre-partenaire-histoire-goldach-desktop-300x142.jpg 300w, https:\/\/www.gmsa.ch\/wp-content\/uploads\/2023\/09\/gmsa-votre-partenaire-histoire-goldach-desktop-1024x484.jpg 1024w, https:\/\/www.gmsa.ch\/wp-content\/uploads\/2023\/09\/gmsa-votre-partenaire-histoire-goldach-desktop-768x363.jpg 768w, https:\/\/www.gmsa.ch\/wp-content\/uploads\/2023\/09\/gmsa-votre-partenaire-histoire-goldach-desktop-1536x725.jpg 1536w, https:\/\/www.gmsa.ch\/wp-content\/uploads\/2023\/09\/gmsa-votre-partenaire-histoire-goldach-desktop-2048x967.jpg 2048w\" sizes=\"(max-width: 2560px) 100vw, 2560px\" \/>                            <\/div>\n                                                <div class=\"container\">\n                            <div class=\"acf-slider-gallery__slide-content has-white-color\">\n                                <div class=\"acf-slider-gallery__slide-content-box\">\n                                                                            <h5 class=\"acf-slider-gallery__slide-title\">2002<\/h5>\n                                                                                                                <div class=\"acf-slider-gallery__slide-big-description\"><p>\u00dcbernahme der Bruggm\u00fchle Goldach AG und Umfirmierung in Groupe Minoteries SA<\/p>\n<\/div>\n                                                                                                        <\/div>\n                            <\/div>\n                        <\/div>\n                    <\/div>\n                                    <div class=\"acf-slider-gallery__slide swiper-slide\">\n                                                    <div class=\"acf-slider-gallery__slide-bg acf-slider-gallery__slide-bg--mobile\">\n                                <img decoding=\"async\" width=\"750\" height=\"1592\" src=\"https:\/\/www.gmsa.ch\/wp-content\/uploads\/2023\/09\/gmsa-votre-partenaire-histoire-penthalaz-mobile.jpg\" class=\"attachment-full size-full\" alt=\"\" srcset=\"https:\/\/www.gmsa.ch\/wp-content\/uploads\/2023\/09\/gmsa-votre-partenaire-histoire-penthalaz-mobile.jpg 750w, https:\/\/www.gmsa.ch\/wp-content\/uploads\/2023\/09\/gmsa-votre-partenaire-histoire-penthalaz-mobile-141x300.jpg 141w, https:\/\/www.gmsa.ch\/wp-content\/uploads\/2023\/09\/gmsa-votre-partenaire-histoire-penthalaz-mobile-482x1024.jpg 482w, https:\/\/www.gmsa.ch\/wp-content\/uploads\/2023\/09\/gmsa-votre-partenaire-histoire-penthalaz-mobile-724x1536.jpg 724w\" sizes=\"(max-width: 750px) 100vw, 750px\" \/>                            <\/div>\n                                                                            <div class=\"acf-slider-gallery__slide-bg acf-slider-gallery__slide-bg--desktop\">\n                                <img decoding=\"async\" width=\"2560\" height=\"1209\" src=\"https:\/\/www.gmsa.ch\/wp-content\/uploads\/2023\/09\/gmsa-votre-partenaire-histoire-penthalaz-desktop-scaled.jpg\" class=\"attachment-full size-full\" alt=\"\" srcset=\"https:\/\/www.gmsa.ch\/wp-content\/uploads\/2023\/09\/gmsa-votre-partenaire-histoire-penthalaz-desktop-scaled.jpg 2560w, https:\/\/www.gmsa.ch\/wp-content\/uploads\/2023\/09\/gmsa-votre-partenaire-histoire-penthalaz-desktop-300x142.jpg 300w, https:\/\/www.gmsa.ch\/wp-content\/uploads\/2023\/09\/gmsa-votre-partenaire-histoire-penthalaz-desktop-1024x484.jpg 1024w, https:\/\/www.gmsa.ch\/wp-content\/uploads\/2023\/09\/gmsa-votre-partenaire-histoire-penthalaz-desktop-768x363.jpg 768w, https:\/\/www.gmsa.ch\/wp-content\/uploads\/2023\/09\/gmsa-votre-partenaire-histoire-penthalaz-desktop-1536x725.jpg 1536w, https:\/\/www.gmsa.ch\/wp-content\/uploads\/2023\/09\/gmsa-votre-partenaire-histoire-penthalaz-desktop-2048x967.jpg 2048w\" sizes=\"(max-width: 2560px) 100vw, 2560px\" \/>                            <\/div>\n                                                <div class=\"container\">\n                            <div class=\"acf-slider-gallery__slide-content has-black-color\">\n                                <div class=\"acf-slider-gallery__slide-content-box\">\n                                                                            <h5 class=\"acf-slider-gallery__slide-title\">2013<\/h5>\n                                                                                                                <div class=\"acf-slider-gallery__slide-big-description\"><p>Erwerb der Grands Moulins de Cossonay S\u00e0rl, in Penthalaz, Penthalaz<\/p>\n<\/div>\n                                                                                                        <\/div>\n                            <\/div>\n                        <\/div>\n                    <\/div>\n                                    <div class=\"acf-slider-gallery__slide swiper-slide\">\n                                                    <div class=\"acf-slider-gallery__slide-bg acf-slider-gallery__slide-bg--mobile\">\n                                <img decoding=\"async\" width=\"750\" height=\"1592\" src=\"https:\/\/www.gmsa.ch\/wp-content\/uploads\/2023\/09\/gmsa-votre-partenaire-histoire-sion-mobile.jpg\" class=\"attachment-full size-full\" alt=\"\" srcset=\"https:\/\/www.gmsa.ch\/wp-content\/uploads\/2023\/09\/gmsa-votre-partenaire-histoire-sion-mobile.jpg 750w, https:\/\/www.gmsa.ch\/wp-content\/uploads\/2023\/09\/gmsa-votre-partenaire-histoire-sion-mobile-141x300.jpg 141w, https:\/\/www.gmsa.ch\/wp-content\/uploads\/2023\/09\/gmsa-votre-partenaire-histoire-sion-mobile-482x1024.jpg 482w, https:\/\/www.gmsa.ch\/wp-content\/uploads\/2023\/09\/gmsa-votre-partenaire-histoire-sion-mobile-724x1536.jpg 724w\" sizes=\"(max-width: 750px) 100vw, 750px\" \/>                            <\/div>\n                                                                            <div class=\"acf-slider-gallery__slide-bg acf-slider-gallery__slide-bg--desktop\">\n                                <img decoding=\"async\" width=\"2560\" height=\"1209\" src=\"https:\/\/www.gmsa.ch\/wp-content\/uploads\/2023\/09\/gmsa-votre-partenaire-histoire-sion-desktop-scaled.jpg\" class=\"attachment-full size-full\" alt=\"\" srcset=\"https:\/\/www.gmsa.ch\/wp-content\/uploads\/2023\/09\/gmsa-votre-partenaire-histoire-sion-desktop-scaled.jpg 2560w, https:\/\/www.gmsa.ch\/wp-content\/uploads\/2023\/09\/gmsa-votre-partenaire-histoire-sion-desktop-300x142.jpg 300w, https:\/\/www.gmsa.ch\/wp-content\/uploads\/2023\/09\/gmsa-votre-partenaire-histoire-sion-desktop-1024x484.jpg 1024w, https:\/\/www.gmsa.ch\/wp-content\/uploads\/2023\/09\/gmsa-votre-partenaire-histoire-sion-desktop-768x363.jpg 768w, https:\/\/www.gmsa.ch\/wp-content\/uploads\/2023\/09\/gmsa-votre-partenaire-histoire-sion-desktop-1536x725.jpg 1536w, https:\/\/www.gmsa.ch\/wp-content\/uploads\/2023\/09\/gmsa-votre-partenaire-histoire-sion-desktop-2048x967.jpg 2048w\" sizes=\"(max-width: 2560px) 100vw, 2560px\" \/>                            <\/div>\n                                                <div class=\"container\">\n                            <div class=\"acf-slider-gallery__slide-content has-white-color\">\n                                <div class=\"acf-slider-gallery__slide-content-box\">\n                                                                                                                <div class=\"acf-slider-gallery__slide-big-description\"><p>WEITERE HIGHLIGHTS<\/p>\n<\/div>\n                                                                                                            <div class=\"acf-slider-gallery__slide-small-description\"><ul>\n<li><strong>1919 :<\/strong> Bau der Moulin de Sion<\/li>\n<li><strong>2009 :<\/strong> Integration der Intermill AG<\/li>\n<li><strong>2011 :<\/strong> Integration der Steiner M\u00fchle AG<\/li>\n<li><strong>2012 :<\/strong> \u00dcbernahme der Bonvita AG<\/li>\n<li><strong>2017 :<\/strong> Erwerb der Silos in Schwarzenbach<\/li>\n<li><strong>2019 :<\/strong> Integration von Geb. Augsburger Naters AG<\/li>\n<\/ul>\n<\/div>\n                                                                    <\/div>\n                            <\/div>\n                        <\/div>\n                    <\/div>\n                            <\/div>\n            <div class=\"container relative\">\n                <div class=\"acf-slider-gallery__slider-nav\">\n                    <div class=\"acf-slider-gallery__slider-buttons\">\n                        <div class=\"acf-slider-gallery__slider-button acf-slider-gallery__slide-button--prev\">\n                            <svg class=\"text-white\" width=\"12\" height=\"14\" viewBox=\"0 0 12 14\" fill=\"none\" xmlns=\"http:\/\/www.w3.org\/2000\/svg\">\n\t<path d=\"M10.2305 13L1.92285 7L10.2305 1\" stroke=\"currentColor\" stroke-width=\"2\" stroke-linecap=\"round\" stroke-linejoin=\"round\"\/>\n<\/svg>                        <\/div>\n                        <div class=\"acf-slider-gallery__slider-button acf-slider-gallery__slide-button--next\">\n                            <svg class=\"text-white transform rotate-180\" width=\"12\" height=\"14\" viewBox=\"0 0 12 14\" fill=\"none\" xmlns=\"http:\/\/www.w3.org\/2000\/svg\">\n\t<path d=\"M10.2305 13L1.92285 7L10.2305 1\" stroke=\"currentColor\" stroke-width=\"2\" stroke-linecap=\"round\" stroke-linejoin=\"round\"\/>\n<\/svg>                        <\/div>\n                    <\/div>\n                    <div class=\"acf-slider-gallery__slider-pagination swiper-pagination\"><\/div>\n                <\/div>\n            <\/div>\n        <\/div>\n    <\/section>\n\n\n\n<div class=\"acf-container desktop:py-0 tablet:py-0 py-0 \"id=acf-block-64f8313c72f86>\n            <div class=\"acf-container__bg-overlay\" style=\"background: rgba(0, 0, 0, 0)\"><\/div>\n                <div class=\"container\">\n        \n\n<div class=\"acf-spacer h-[64px] tablet:h-[72px] desktop:h-[80px]\" id=acf-block-64f8313c72f94 ><\/div>\n\n\n<div class=\"acf-columns cols-gap-default reverse-none justify-start desktop:py-0 tablet:py-0 py-0\"id=acf-block-64f8313c72fa3>\n    \n\n<div class=\"acf-tp-column one-third \"id=acf-block-64f8313c72fbc>\n    <div class=\"acf-tp-column__box has-vertical-top py-0 px-0 tablet:py-0 tablet:px-0 desktop:px-0 desktop:py-0 \">\n                    <div class=\"acf-tp-column__bg-overlay\" style=\"background: rgba(0, 0, 0, 0)\"><\/div>\n                                <div class=\"acf-tp-column__box-content \">\n            \n\n<h2 id=\"h-unsere-philosophie\" class=\"wp-block-heading\" style=\"text-transform:uppercase\">UNSERE PHILOSOPHIE<\/h2>\n\n\n\n<div class=\"acf-spacer h-[24px] tablet:h-[0px] desktop:h-[0px]\" id=acf-block-64f8313c72fcd ><\/div>\n\n        <\/div>\n    <\/div>\n<\/div>\n\n\n<div class=\"acf-tp-column two-third \"id=acf-block-64f8313c72fe2>\n    <div class=\"acf-tp-column__box has-vertical-top py-0 px-0 tablet:py-0 tablet:px-0 desktop:px-0 desktop:py-0 \">\n                    <div class=\"acf-tp-column__bg-overlay\" style=\"background: rgba(0, 0, 0, 0)\"><\/div>\n                                <div class=\"acf-tp-column__box-content \">\n            \n\n<p class=\"has-32-font-size wp-block-paragraph\">Als f\u00fchrender Akteur im Bereich Getreide und andere pflanzliche Produkte gestalten wir eine nachhaltige Zukunft f\u00fcr unsere Branche. Wir bauen eine enge, authentische und unkomplizierte Beziehung zu unseren Lieferanten und Kunden auf, die zu unseren Partnern werden. Exzellenz entsteht aus Leidenschaft. Wir lieben unsere Arbeit und streben st\u00e4ndig danach, besser zu werden.<\/p>\n\n\n        <\/div>\n    <\/div>\n<\/div>\n\n<\/div>\n\n\n\n\n\n\n<div class=\"acf-spacer h-[48px] tablet:h-[48px] desktop:h-[56px]\" id=acf-block-64f8313c72ff1 ><\/div>\n\n\n\n<hr class=\"acf-separator has-bg-color has-light-basalt-background-color h-[1px] no-space\">\n\n\n    <\/div>\n<\/div>\n\n\n\n\n\n<div class=\"acf-container desktop:py-0 tablet:py-0 py-0 \"id=acf-block-64f8313c7300c>\n            <div class=\"acf-container__bg-overlay\" style=\"background: rgba(0, 0, 0, 0)\"><\/div>\n                <div class=\"container\">\n        \n\n<div class=\"acf-spacer h-[64px] tablet:h-[72px] desktop:h-[80px]\" id=acf-block-64f8313c73019 ><\/div>\n\n\n<div class=\"acf-columns cols-gap-default reverse-none justify-start desktop:py-0 tablet:py-0 py-0\"id=acf-block-64f8313c73027>\n    \n\n<div class=\"acf-tp-column half \"id=acf-block-64f8313c7303e>\n    <div class=\"acf-tp-column__box has-vertical-top py-0 px-0 tablet:py-0 tablet:px-0 desktop:px-0 desktop:py-0 \">\n                    <div class=\"acf-tp-column__bg-overlay\" style=\"background: rgba(0, 0, 0, 0)\"><\/div>\n                                <div class=\"acf-tp-column__box-content \">\n            \n\n<h2 id=\"h-unsere-kennzahlen\" class=\"wp-block-heading\" style=\"text-transform:uppercase\">UNSERE KENNZAHLEN<\/h2>\n\n\n\n<div class=\"acf-spacer h-[8px] tablet:h-[8px] desktop:h-[16px]\" id=acf-block-64f8313c7304e ><\/div>\n\n\n<p class=\"has-15-font-size wp-block-paragraph\" style=\"font-style:normal;font-weight:700\">(31.12.2025)<\/p>\n\n\n        <\/div>\n    <\/div>\n<\/div>\n\n<\/div>\n\n\n\n\n\n\n<div class=\"acf-spacer h-[64px] tablet:h-[72px] desktop:h-[80px]\" id=acf-block-64f8313c7305b ><\/div>\n\n    <div class=\"acf-big-numbers has-basalt-color\"id=acf-block-64f8313c73295 >\n        <div class=\"acf-big-numbers__row js--big-numbers justify-start\">\n                            <div class=\"acf-big-numbers__col\">\n                                            <div class=\"acf-big-numbers__img is-rounded\">\n                            <img decoding=\"async\" width=\"96\" height=\"96\" src=\"https:\/\/www.gmsa.ch\/wp-content\/uploads\/2023\/09\/gmsa-picto-statistiques.svg\" class=\"attachment-full size-full\" alt=\"Pictogramme GMSA\" \/>                        <\/div>\n                                        <div class=\"acf-big-numbers__num js--big-numbers-count\" data-number=\"151.9\">0<\/div>\n                                            <h4 class=\"acf-big-numbers__title\">MILLIONEN<\/h4>\n                                                                <div class=\"acf-big-numbers__description\"><p>Nettoumsatz in CHF, d.h. 123&#8217;292 Tonnen pflanzliche Rohstoffe wurden an unseren verschiedenen Standorten verarbeitet<\/p>\n<\/div>\n                                    <\/div>\n                            <div class=\"acf-big-numbers__col\">\n                                            <div class=\"acf-big-numbers__img is-rounded\">\n                            <img decoding=\"async\" width=\"96\" height=\"96\" src=\"https:\/\/www.gmsa.ch\/wp-content\/uploads\/2023\/09\/gmsa-picto-recolte.svg\" class=\"attachment-full size-full\" alt=\"Pictogramme GMSA\" \/>                        <\/div>\n                                        <div class=\"acf-big-numbers__num js--big-numbers-count\" data-number=\"74.0\">0<\/div>\n                                            <h4 class=\"acf-big-numbers__title\">PROZENT<\/h4>\n                                                                <div class=\"acf-big-numbers__description\"><p>unseres Brotgetreides stammen aus Schweizer Landwirtschaftsbetrieben<\/p>\n<\/div>\n                                    <\/div>\n                            <div class=\"acf-big-numbers__col\">\n                                            <div class=\"acf-big-numbers__img is-rounded\">\n                            <img decoding=\"async\" width=\"96\" height=\"96\" src=\"https:\/\/www.gmsa.ch\/wp-content\/uploads\/2023\/09\/gmsa-picto-ressource-humaine.svg\" class=\"attachment-full size-full\" alt=\"Pictogramme GMSA\" \/>                        <\/div>\n                                        <div class=\"acf-big-numbers__num js--big-numbers-count\" data-number=\"260.0\">0<\/div>\n                                            <h4 class=\"acf-big-numbers__title\">MITARBEITERINNEN UND MITARBEITER<\/h4>\n                                                                <div class=\"acf-big-numbers__description\"><p>arbeiten mit Leidenschaft f\u00fcr unser Unternehmen (in Vollzeit\u00e4quivalenten)<\/p>\n<\/div>\n                                    <\/div>\n                            <div class=\"acf-big-numbers__col\">\n                                            <div class=\"acf-big-numbers__img is-rounded\">\n                            <img decoding=\"async\" width=\"96\" height=\"96\" src=\"https:\/\/www.gmsa.ch\/wp-content\/uploads\/2023\/09\/gmsa-picto-satisfaction.svg\" class=\"attachment-full size-full\" alt=\"Pictogramme GMSA\" \/>                        <\/div>\n                                        <div class=\"acf-big-numbers__num js--big-numbers-count\" data-number=\"1642\">0<\/div>\n                                            <h4 class=\"acf-big-numbers__title\">Kunden<\/h4>\n                                                                <div class=\"acf-big-numbers__description\"><p>vertrauen uns<\/p>\n<\/div>\n                                    <\/div>\n                    <\/div>\n    <\/div>\n\n\n\n<div class=\"acf-spacer h-[96px] tablet:h-[96px] desktop:h-[104px]\" id=acf-block-64f8313c732b1 ><\/div>\n\n\n\n<hr class=\"acf-separator has-bg-color has-light-basalt-background-color h-[1px] no-space\">\n\n\n\n<div class=\"acf-spacer h-[64px] tablet:h-[72px] desktop:h-[80px]\" id=acf-block-64f8313c732ce ><\/div>\n\n\n<div class=\"acf-columns cols-gap-default reverse-none justify-start desktop:py-0 tablet:py-0 py-0\"id=acf-block-64f8313c732df>\n    \n\n<div class=\"acf-tp-column one-third \"id=acf-block-64f8313c732f7>\n    <div class=\"acf-tp-column__box has-vertical-top py-0 px-0 tablet:py-0 tablet:px-0 desktop:px-0 desktop:py-0 \">\n                    <div class=\"acf-tp-column__bg-overlay\" style=\"background: rgba(0, 0, 0, 0)\"><\/div>\n                                <div class=\"acf-tp-column__box-content \">\n            \n\n<h2 id=\"h-gmsa-viel-mehr-als-nur-eine-muhle\" class=\"wp-block-heading\" style=\"text-transform:uppercase\">GMSA, VIEL MEHR ALS NUR EINE M\u00dcHLE<\/h2>\n\n\n\n<div class=\"acf-spacer h-[24px] tablet:h-[0px] desktop:h-[0px]\" id=acf-block-64f8313c7330e ><\/div>\n\n        <\/div>\n    <\/div>\n<\/div>\n\n\n<div class=\"acf-tp-column two-third \"id=acf-block-64f8313c73324>\n    <div class=\"acf-tp-column__box has-vertical-top py-0 px-0 tablet:py-0 tablet:px-0 desktop:px-0 desktop:py-0 \">\n                    <div class=\"acf-tp-column__bg-overlay\" style=\"background: rgba(0, 0, 0, 0)\"><\/div>\n                                <div class=\"acf-tp-column__box-content \">\n            \n\n<p class=\"has-32-font-size wp-block-paragraph\">Wir sind das Bindeglied zwischen Feld und Teller, zwischen Erzeuger und Verbraucher, zwischen M\u00fcller und B\u00e4cker. Unsere Aufgabe: das Leben ges\u00fcnder, einfacher und nachhaltiger zu gestalten. <\/p>\n\n\n        <\/div>\n    <\/div>\n<\/div>\n\n<\/div>\n\n\n\n\n\n\n<div class=\"acf-spacer h-[32px] tablet:h-[64px] desktop:h-[80px]\" id=acf-block-64f8313c73334 ><\/div>\n\n\n<div class=\"acf-columns fade-up cols-gap-none reverse-none justify-start desktop:py-0 tablet:py-0 py-0\"id=acf-block-64f87266008e6>\n    \n\n<div class=\"acf-tp-column half \"id=acf-block-64f8313c73359>\n    <div class=\"acf-tp-column__box has-vertical-top py-0 px-0 tablet:py-0 tablet:px-0 desktop:px-0 desktop:py-0 has-bg-image\">\n                    <div class=\"acf-tp-column__bg-overlay\" style=\"background: rgba(0, 0, 0, 0)\"><\/div>\n                            <div class=\"acf-tp-column__bg-img \"><img decoding=\"async\" width=\"1200\" height=\"1200\" src=\"https:\/\/www.gmsa.ch\/wp-content\/uploads\/2023\/09\/gmsa-votre-partenaire-organisation.jpg\" class=\"object-center\" alt=\"\" srcset=\"https:\/\/www.gmsa.ch\/wp-content\/uploads\/2023\/09\/gmsa-votre-partenaire-organisation.jpg 1200w, https:\/\/www.gmsa.ch\/wp-content\/uploads\/2023\/09\/gmsa-votre-partenaire-organisation-300x300.jpg 300w, https:\/\/www.gmsa.ch\/wp-content\/uploads\/2023\/09\/gmsa-votre-partenaire-organisation-1024x1024.jpg 1024w, https:\/\/www.gmsa.ch\/wp-content\/uploads\/2023\/09\/gmsa-votre-partenaire-organisation-150x150.jpg 150w, https:\/\/www.gmsa.ch\/wp-content\/uploads\/2023\/09\/gmsa-votre-partenaire-organisation-768x768.jpg 768w\" sizes=\"(max-width: 1200px) 100vw, 1200px\" \/><\/div>\n                        <div class=\"acf-tp-column__box-content \">\n            \n\n<div class=\"acf-spacer h-[336px] tablet:h-[460px] desktop:h-[580px]\" id=acf-block-64f8313c73368 ><\/div>\n\n        <\/div>\n    <\/div>\n<\/div>\n\n\n<div class=\"acf-tp-column half \"id=acf-block-64f8313c7337e>\n    <div class=\"acf-tp-column__box has-vertical-center py-[64px] px-0 tablet:py-[64px] tablet:px-[48px] desktop:px-[88px] desktop:py-[80px] \">\n                    <div class=\"acf-tp-column__bg-overlay\" style=\"background: rgba(0, 0, 0, 0)\"><\/div>\n                                <div class=\"acf-tp-column__box-content \">\n            \n\n<h3 id=\"h-spezialist-fur-getreide-und-pflanzliche-produkte\" class=\"wp-block-heading\" style=\"text-transform:uppercase\">SPEZIALIST F\u00dcR GETREIDE UND PFLANZLICHE PRODUKTE<\/h3>\n\n\n\n<div class=\"acf-spacer h-[16px] tablet:h-[16px] desktop:h-[24px]\" id=acf-block-64f8313c7338f ><\/div>\n\n\n<p class=\"wp-block-paragraph\">Innerhalb der Nahrungsmittelbranche nehmen wir eine f\u00fchrende Rolle ein. Langfristig geplante Investitionen in leistungsf\u00e4hige und moderne Anlagen garantieren uns eine Infrastruktur, die ausnahmslos den neuesten hygienischen und technologischen Anforderungen entspricht.<\/p>\n\n\n        <\/div>\n    <\/div>\n<\/div>\n\n<\/div>\n\n\n\n\n\n\n<div class=\"acf-columns fade-up cols-gap-none reverse-desktop justify-start desktop:py-0 tablet:py-0 py-0\"id=acf-block-64f8726600bb0>\n    \n\n<div class=\"acf-tp-column half \"id=acf-block-64f8313c733b4>\n    <div class=\"acf-tp-column__box has-vertical-top py-0 px-0 tablet:py-0 tablet:px-0 desktop:px-0 desktop:py-0 has-bg-image\">\n                    <div class=\"acf-tp-column__bg-overlay\" style=\"background: rgba(0, 0, 0, 0)\"><\/div>\n                            <div class=\"acf-tp-column__bg-img \"><img decoding=\"async\" width=\"1200\" height=\"1200\" src=\"https:\/\/www.gmsa.ch\/wp-content\/uploads\/2023\/10\/gmsa-votre-partenaire-qualite-recolte-en-recolte.jpg\" class=\"object-center\" alt=\"\" srcset=\"https:\/\/www.gmsa.ch\/wp-content\/uploads\/2023\/10\/gmsa-votre-partenaire-qualite-recolte-en-recolte.jpg 1200w, https:\/\/www.gmsa.ch\/wp-content\/uploads\/2023\/10\/gmsa-votre-partenaire-qualite-recolte-en-recolte-300x300.jpg 300w, https:\/\/www.gmsa.ch\/wp-content\/uploads\/2023\/10\/gmsa-votre-partenaire-qualite-recolte-en-recolte-1024x1024.jpg 1024w, https:\/\/www.gmsa.ch\/wp-content\/uploads\/2023\/10\/gmsa-votre-partenaire-qualite-recolte-en-recolte-150x150.jpg 150w, https:\/\/www.gmsa.ch\/wp-content\/uploads\/2023\/10\/gmsa-votre-partenaire-qualite-recolte-en-recolte-768x768.jpg 768w\" sizes=\"(max-width: 1200px) 100vw, 1200px\" \/><\/div>\n                        <div class=\"acf-tp-column__box-content \">\n            \n\n<div class=\"acf-spacer h-[336px] tablet:h-[460px] desktop:h-[580px]\" id=acf-block-64f8313c733c3 ><\/div>\n\n        <\/div>\n    <\/div>\n<\/div>\n\n\n<div class=\"acf-tp-column half \"id=acf-block-64f8313c733d8>\n    <div class=\"acf-tp-column__box has-vertical-center py-[64px] px-0 tablet:py-[64px] tablet:px-[48px] desktop:px-[88px] desktop:py-[80px] \">\n                    <div class=\"acf-tp-column__bg-overlay\" style=\"background: rgba(0, 0, 0, 0)\"><\/div>\n                                <div class=\"acf-tp-column__box-content \">\n            \n\n<h3 id=\"h-qualitatsgarantie-von-ernte-zu-ernte\" class=\"wp-block-heading\" style=\"text-transform:uppercase\">QUALIT\u00c4TSGARANTIE VON ERNTE ZU ERNTE<\/h3>\n\n\n\n<div class=\"acf-spacer h-[16px] tablet:h-[16px] desktop:h-[24px]\" id=acf-block-64f8313c733e8 ><\/div>\n\n\n<p class=\"wp-block-paragraph\">Die Gew\u00e4hrleistung einer gleichbleibend hohen Qualit\u00e4t unserer Produkte ist eines unserer vorrangigen Ziele, trotz der erntebedingten Qualit\u00e4tsschwankungen der Rohstoffe. In diesem Punkt verfolgen wir eine kompromisslose Politik.<\/p>\n\n\n        <\/div>\n    <\/div>\n<\/div>\n\n<\/div>\n\n\n\n\n\n\n<div class=\"acf-columns fade-up cols-gap-none reverse-none justify-start desktop:py-0 tablet:py-0 py-0\"id=acf-block-64f8726600c93>\n    \n\n<div class=\"acf-tp-column half \"id=acf-block-64f8313c7340c>\n    <div class=\"acf-tp-column__box has-vertical-top py-0 px-0 tablet:py-0 tablet:px-0 desktop:px-0 desktop:py-0 \">\n                    <div class=\"acf-tp-column__bg-overlay\" style=\"background: rgba(0, 0, 0, 0)\"><\/div>\n                                <div class=\"acf-tp-column__box-content \">\n            \n\n<figure class=\"wp-block-image size-large\"><img decoding=\"async\" width=\"1024\" height=\"1024\" src=\"https:\/\/www.gmsa.ch\/wp-content\/uploads\/2023\/10\/gmsa-durabilite-logistique-transport-1024x1024.jpg\" alt=\"\" class=\"wp-image-8121\" srcset=\"https:\/\/www.gmsa.ch\/wp-content\/uploads\/2023\/10\/gmsa-durabilite-logistique-transport-1024x1024.jpg 1024w, https:\/\/www.gmsa.ch\/wp-content\/uploads\/2023\/10\/gmsa-durabilite-logistique-transport-300x300.jpg 300w, https:\/\/www.gmsa.ch\/wp-content\/uploads\/2023\/10\/gmsa-durabilite-logistique-transport-150x150.jpg 150w, https:\/\/www.gmsa.ch\/wp-content\/uploads\/2023\/10\/gmsa-durabilite-logistique-transport-768x768.jpg 768w, https:\/\/www.gmsa.ch\/wp-content\/uploads\/2023\/10\/gmsa-durabilite-logistique-transport.jpg 1200w\" sizes=\"(max-width: 1024px) 100vw, 1024px\" \/><\/figure>\n\n\n        <\/div>\n    <\/div>\n<\/div>\n\n\n<div class=\"acf-tp-column half \"id=acf-block-64f8313c73430>\n    <div class=\"acf-tp-column__box has-vertical-center py-[64px] px-0 tablet:py-[64px] tablet:px-[48px] desktop:px-[88px] desktop:py-[80px] \">\n                    <div class=\"acf-tp-column__bg-overlay\" style=\"background: rgba(0, 0, 0, 0)\"><\/div>\n                                <div class=\"acf-tp-column__box-content \">\n            \n\n<h3 id=\"h-logistische-flexibilitat\" class=\"wp-block-heading\" style=\"text-transform:uppercase\">LOGISTISCHE FLEXIBILIT\u00c4T<\/h3>\n\n\n\n<div class=\"acf-spacer h-[16px] tablet:h-[16px] desktop:h-[24px]\" id=acf-block-64f8313c7343f ><\/div>\n\n\n<p class=\"wp-block-paragraph\">Mit unseren rund 50 Mitarbeitenden im Logistikbereich sowie unserer eigenen Flotte von 30 LKWs erf\u00fcllen unsere Lieferkapazit\u00e4ten die h\u00f6chsten Anforderungen in einem hart umk\u00e4mpften Gesch\u00e4ftsumfeld.<\/p>\n\n\n        <\/div>\n    <\/div>\n<\/div>\n\n<\/div>\n\n\n\n\n\n\n<div class=\"acf-columns fade-up cols-gap-none reverse-desktop justify-start desktop:py-0 tablet:py-0 py-0\"id=acf-block-64f8726600d6b>\n    \n\n<div class=\"acf-tp-column half \"id=acf-block-64f8313c73463>\n    <div class=\"acf-tp-column__box has-vertical-top py-0 px-0 tablet:py-0 tablet:px-0 desktop:px-0 desktop:py-0 has-bg-image\">\n                    <div class=\"acf-tp-column__bg-overlay\" style=\"background: rgba(0, 0, 0, 0)\"><\/div>\n                            <div class=\"acf-tp-column__bg-img \"><img decoding=\"async\" width=\"1200\" height=\"1200\" src=\"https:\/\/www.gmsa.ch\/wp-content\/uploads\/2023\/09\/gmsa-votre-partenaire-clients-partenaires.jpg\" class=\"object-center\" alt=\"\" srcset=\"https:\/\/www.gmsa.ch\/wp-content\/uploads\/2023\/09\/gmsa-votre-partenaire-clients-partenaires.jpg 1200w, https:\/\/www.gmsa.ch\/wp-content\/uploads\/2023\/09\/gmsa-votre-partenaire-clients-partenaires-300x300.jpg 300w, https:\/\/www.gmsa.ch\/wp-content\/uploads\/2023\/09\/gmsa-votre-partenaire-clients-partenaires-1024x1024.jpg 1024w, https:\/\/www.gmsa.ch\/wp-content\/uploads\/2023\/09\/gmsa-votre-partenaire-clients-partenaires-150x150.jpg 150w, https:\/\/www.gmsa.ch\/wp-content\/uploads\/2023\/09\/gmsa-votre-partenaire-clients-partenaires-768x768.jpg 768w\" sizes=\"(max-width: 1200px) 100vw, 1200px\" \/><\/div>\n                        <div class=\"acf-tp-column__box-content \">\n            \n\n<div class=\"acf-spacer h-[336px] tablet:h-[460px] desktop:h-[580px]\" id=acf-block-64f8313c73471 ><\/div>\n\n        <\/div>\n    <\/div>\n<\/div>\n\n\n<div class=\"acf-tp-column half \"id=acf-block-64f8313c73486>\n    <div class=\"acf-tp-column__box has-vertical-center py-[64px] px-0 tablet:py-[64px] tablet:px-[48px] desktop:px-[88px] desktop:py-[80px] \">\n                    <div class=\"acf-tp-column__bg-overlay\" style=\"background: rgba(0, 0, 0, 0)\"><\/div>\n                                <div class=\"acf-tp-column__box-content \">\n            \n\n<h3 id=\"h-kunden-als-partner-behandeln\" class=\"wp-block-heading\" style=\"text-transform:uppercase\">KUNDEN ALS PARTNER BEHANDELN<\/h3>\n\n\n\n<div class=\"acf-spacer h-[16px] tablet:h-[16px] desktop:h-[24px]\" id=acf-block-64f8313c73495 ><\/div>\n\n\n<p class=\"wp-block-paragraph\">Unsere Kunden aus dem B\u00e4ckergewerbe, der Gastronomie, Industrie und dem Detail-\/Grosshandel profitieren von unseren Produkten und unseren Dienstleistungen. Wir sind in der ganzen Schweiz pr\u00e4sent und garantieren eine pers\u00f6nliche Betreuung und Beratung.<\/p>\n\n\n        <\/div>\n    <\/div>\n<\/div>\n\n<\/div>\n\n\n\n\n\n\n<div class=\"acf-spacer h-[64px] tablet:h-[72px] desktop:h-[80px]\" id=acf-block-64f8313c734a1 ><\/div>\n\n    <\/div>\n<\/div>\n\n\n\n\n\n<div class=\"acf-container desktop:py-0 tablet:py-0 py-0 \"id=acf-block-6a58a684e05a49.66374845>\n            <div class=\"acf-container__bg-overlay\" style=\"background: rgba(0, 0, 0, 0)\"><\/div>\n                <div class=\"container\">\n        \n\n\n<hr class=\"acf-separator has-bg-color has-light-basalt-background-color h-[1px] no-space\">\n\n\n\n<div class=\"acf-spacer h-[64px] tablet:h-[72px] desktop:h-[80px]\" id=acf-block-64f8313c734b6 ><\/div>\n\n\n<h2 id=\"h-organisation\" class=\"wp-block-heading\" style=\"text-transform:uppercase\">ORGANISATION<\/h2>\n\n\n\n<div class=\"acf-spacer h-[24px] tablet:h-[24px] desktop:h-[32px]\" id=acf-block-64f8313c734c3 ><\/div>\n\n\n<p class=\"wp-block-paragraph\">Wir sind bestrebt, die Leistung des Unternehmens st\u00e4ndig zu verbessern. <\/p>\n\n\n\n<div class=\"acf-spacer h-[32px] tablet:h-[64px] desktop:h-[80px]\" id=acf-block-64f8313c734ce ><\/div>\n\n    <\/div>\n<\/div>\n\n\n\n\n\n<div class=\"acf-container desktop:py-0 tablet:py-0 py-0 \"id=acf-block-64f8313c735de>\n            <div class=\"acf-container__bg-overlay\" style=\"background: rgba(0, 0, 0, 0)\"><\/div>\n                <div class=\"container\">\n        \n\n<h3 id=\"h-organigramm\" class=\"wp-block-heading has-36-font-size\" style=\"text-transform:uppercase\">ORGANIGRAMM<\/h3>\n\n\n\n<div class=\"acf-spacer h-[40px] tablet:h-[40px] desktop:h-[48px]\" id=acf-block-64f8313c734da ><\/div>\n\n\n<figure class=\"wp-block-image alignfull size-large\"><img decoding=\"async\" width=\"1280\" height=\"827\" src=\"https:\/\/www.gmsa.ch\/wp-content\/uploads\/2026\/07\/GMSA-organigram-de-vectoriser-20260715-01.svg\" alt=\"\" class=\"wp-image-15639\"\/><\/figure>\n\n\n\n<div class=\"acf-spacer h-[64px] tablet:h-[72px] desktop:h-[80px]\" id=acf-block-64f8313c73608 ><\/div>\n\n    <\/div>\n<\/div>\n\n\n\n\n\n<div class=\"acf-container desktop:py-0 tablet:py-0 py-0 \"id=acf-block-6a58a684e06757.32969554>\n            <div class=\"acf-container__bg-overlay\" style=\"background: rgba(0, 0, 0, 0)\"><\/div>\n                <div class=\"container\">\n        \n\n<div class=\"acf-spacer h-[32px] tablet:h-[32px] desktop:h-[40px]\" id=acf-block-6a58a684e06901.17834455 ><\/div>\n\n\n\n<hr class=\"acf-separator has-bg-color has-light-basalt-background-color h-[1px] no-space\">\n\n\n\n<div class=\"acf-spacer h-[64px] tablet:h-[72px] desktop:h-[80px]\" id=acf-block-6a58a684e06c02.89778198 ><\/div>\n\n\n<h2 id=\"h-biografien-der-mitglieder-des-verwaltungsrats\" class=\"wp-block-heading has-36-font-size\" style=\"text-transform:uppercase\">BIOGRAFIEN DER MITGLIEDER DES VERWALTUNGSRATS<\/h2>\n\n\n\n<div class=\"acf-spacer h-[64px] tablet:h-[72px] desktop:h-[80px]\" id=acf-block-6a58a684e06dc1.30462746 ><\/div>\n\n    <\/div>\n<\/div>\n\n\n\n\n    <section\n            class=\"acf-slider-gallery-round has-basalt-color js--slider-gallery-round\"id=acf-block-64f8313c73525 >\n        <div class=\"laptop:container\">\n            <div class=\"acf-slider-gallery-round__row\">\n                <div class=\"acf-slider-gallery-round__col\">\n                    <div class=\"acf-slider-gallery-round__slider-img swiper mySwiper js--slider-gallery-round-img\"\n                         dir=\"rtl\">\n                        <div class=\"acf-slider-gallery-round__slider-wrapper swiper-wrapper\">\n                                                                                                <div class=\"acf-slider-gallery-round__slide swiper-slide\">\n                                        <div class=\"acf-slider-gallery-round__slide-img-box\">\n                                            <img decoding=\"async\" width=\"524\" height=\"524\" src=\"https:\/\/www.gmsa.ch\/wp-content\/uploads\/2023\/09\/gmsa-celine-amaudruz.jpg\" class=\"attachment-full size-full\" alt=\"\" srcset=\"https:\/\/www.gmsa.ch\/wp-content\/uploads\/2023\/09\/gmsa-celine-amaudruz.jpg 524w, https:\/\/www.gmsa.ch\/wp-content\/uploads\/2023\/09\/gmsa-celine-amaudruz-300x300.jpg 300w, https:\/\/www.gmsa.ch\/wp-content\/uploads\/2023\/09\/gmsa-celine-amaudruz-150x150.jpg 150w\" sizes=\"(max-width: 524px) 100vw, 524px\" \/>                                        <\/div>\n                                        <div class=\"acf-slider-gallery-round__slide-overlay\"><\/div>\n                                    <\/div>\n                                                                                                                                <div class=\"acf-slider-gallery-round__slide swiper-slide\">\n                                        <div class=\"acf-slider-gallery-round__slide-img-box\">\n                                            <img decoding=\"async\" width=\"524\" height=\"524\" src=\"https:\/\/www.gmsa.ch\/wp-content\/uploads\/2023\/09\/gmsa-emmanuel-sequin.jpg\" class=\"attachment-full size-full\" alt=\"\" srcset=\"https:\/\/www.gmsa.ch\/wp-content\/uploads\/2023\/09\/gmsa-emmanuel-sequin.jpg 524w, https:\/\/www.gmsa.ch\/wp-content\/uploads\/2023\/09\/gmsa-emmanuel-sequin-300x300.jpg 300w, https:\/\/www.gmsa.ch\/wp-content\/uploads\/2023\/09\/gmsa-emmanuel-sequin-150x150.jpg 150w\" sizes=\"(max-width: 524px) 100vw, 524px\" \/>                                        <\/div>\n                                        <div class=\"acf-slider-gallery-round__slide-overlay\"><\/div>\n                                    <\/div>\n                                                                                                                                <div class=\"acf-slider-gallery-round__slide swiper-slide\">\n                                        <div class=\"acf-slider-gallery-round__slide-img-box\">\n                                            <img decoding=\"async\" width=\"600\" height=\"600\" src=\"https:\/\/www.gmsa.ch\/wp-content\/uploads\/2023\/09\/gmsa-olivier-schucht.jpg\" class=\"attachment-full size-full\" alt=\"\" srcset=\"https:\/\/www.gmsa.ch\/wp-content\/uploads\/2023\/09\/gmsa-olivier-schucht.jpg 600w, https:\/\/www.gmsa.ch\/wp-content\/uploads\/2023\/09\/gmsa-olivier-schucht-300x300.jpg 300w, https:\/\/www.gmsa.ch\/wp-content\/uploads\/2023\/09\/gmsa-olivier-schucht-150x150.jpg 150w\" sizes=\"(max-width: 600px) 100vw, 600px\" \/>                                        <\/div>\n                                        <div class=\"acf-slider-gallery-round__slide-overlay\"><\/div>\n                                    <\/div>\n                                                                                                                                <div class=\"acf-slider-gallery-round__slide swiper-slide\">\n                                        <div class=\"acf-slider-gallery-round__slide-img-box\">\n                                            <img decoding=\"async\" width=\"440\" height=\"440\" src=\"https:\/\/www.gmsa.ch\/wp-content\/uploads\/2026\/07\/Ralph-Siegl-copyright-GMSA-Biographie-Web-1-e1784533541820.jpg\" class=\"attachment-full size-full\" alt=\"\" srcset=\"https:\/\/www.gmsa.ch\/wp-content\/uploads\/2026\/07\/Ralph-Siegl-copyright-GMSA-Biographie-Web-1-e1784533541820.jpg 440w, https:\/\/www.gmsa.ch\/wp-content\/uploads\/2026\/07\/Ralph-Siegl-copyright-GMSA-Biographie-Web-1-e1784533541820-300x300.jpg 300w, https:\/\/www.gmsa.ch\/wp-content\/uploads\/2026\/07\/Ralph-Siegl-copyright-GMSA-Biographie-Web-1-e1784533541820-150x150.jpg 150w\" sizes=\"(max-width: 440px) 100vw, 440px\" \/>                                        <\/div>\n                                        <div class=\"acf-slider-gallery-round__slide-overlay\"><\/div>\n                                    <\/div>\n                                                                                                                                <div class=\"acf-slider-gallery-round__slide swiper-slide\">\n                                        <div class=\"acf-slider-gallery-round__slide-img-box\">\n                                            <img decoding=\"async\" width=\"524\" height=\"524\" src=\"https:\/\/www.gmsa.ch\/wp-content\/uploads\/2023\/09\/gmsa-francois-sunier.jpg\" class=\"attachment-full size-full\" alt=\"\" srcset=\"https:\/\/www.gmsa.ch\/wp-content\/uploads\/2023\/09\/gmsa-francois-sunier.jpg 524w, https:\/\/www.gmsa.ch\/wp-content\/uploads\/2023\/09\/gmsa-francois-sunier-300x300.jpg 300w, https:\/\/www.gmsa.ch\/wp-content\/uploads\/2023\/09\/gmsa-francois-sunier-150x150.jpg 150w\" sizes=\"(max-width: 524px) 100vw, 524px\" \/>                                        <\/div>\n                                        <div class=\"acf-slider-gallery-round__slide-overlay\"><\/div>\n                                    <\/div>\n                                                                                    <\/div>\n                    <\/div>\n                <\/div>\n                <div class=\"acf-slider-gallery-round__col\">\n                    <div class=\"mobile-laptop:container\">\n                        <div humbsSlider=\"\"\n                             class=\"acf-slider-gallery-round__slider-content swiper mySwiper2 js--slider-gallery-round-content\">\n                            <div class=\"acf-slider-gallery-round__slider-wrapper swiper-wrapper\">\n                                                                    <div class=\"acf-slider-gallery-round__slide swiper-slide has-white-background-color\">\n                                                                                    <h5 class=\"acf-slider-gallery-round__slide-name\">C\u00e9line Amaudruz<\/h5>\n                                                                                                                            <div class=\"acf-slider-gallery-round__slide-intro\"><p><strong>Pr\u00e4sidentin \u2013 Nicht exekutives Verwaltungsratsmitglied \u2013 Mitglied Verg\u00fctungsausschuss \u2013 Seit 2019 gew\u00e4hlt \u2013 Schweizer B\u00fcrgerin, 1979<\/strong><\/p>\n<p>Abschlusszertifikat im Bereich internationales Steuerrecht, Universit\u00e9 de Gen\u00e8ve (2001) \u2013 Master in Rechtswissenschaften, Universit\u00e9 de Gen\u00e8ve (2002) \u2013 Wealth Management Diploma (2010) \u2013 IMD: Foundations for Business Leadership (2018) \u2013 IMD: Executive MBA \u2013 AMC (2019)<\/p>\n<\/div>\n                                                                                                                            <div class=\"acf-slider-gallery-round__slide-description\"><p>Nach einem Rechtsstudium an der Universit\u00e9 de Gen\u00e8ve arbeitet sie von 2006 bis Ende 2020 im Bankensektor. Im Jahr 2022 \u00fcbernahm sie den Posten der Relationship Managerin im Wealth Management bei der Bank Reyl Intesa Sanpaolo. Seit 2011 engagiert sie sich als Nationalr\u00e4tin in der Politik und ist eine der Vizepr\u00e4sidentinnen der SVP Schweiz. Sie ist Mitglied der Kommission f\u00fcr Wirtschaft und Abgaben (WAK) des Nationalrates sowie der Kommission f\u00fcr soziale Sicherheit und Gesundheit, wo sie auch den Vorsitz hat. Sie h\u00e4lt verschiedene Verwaltungsratsmandate, darunter bei der FICAL Finanzierungs-Genossenschaft und beim A\u00e9roport International de Gen\u00e8ve.<\/p>\n<\/div>\n                                                                            <\/div>\n                                                                    <div class=\"acf-slider-gallery-round__slide swiper-slide has-white-background-color\">\n                                                                                    <h5 class=\"acf-slider-gallery-round__slide-name\">Emmanuel S\u00e9quin<\/h5>\n                                                                                                                            <div class=\"acf-slider-gallery-round__slide-intro\"><p><strong>Vizepr\u00e4sident \u2013 Nicht exekutives Verwaltungsratsmitglied \u2013 Mitglied Verg\u00fctungsausschuss \u2013 Mitglied Audit- und Risikoausschuss \u2013 Seit 2005 gew\u00e4hlt \u2013 Schweizer B\u00fcrger, 1956<\/strong><\/p>\n<p>Lizenziat in Wirtschaftswissenschaften an der Universit\u00e9 de Gen\u00e8ve \u2013 MBA \u2013 American Graduate School of International Management, Phoenix (AZ)<\/p>\n<\/div>\n                                                                                                                            <div class=\"acf-slider-gallery-round__slide-description\"><p>Die ersten 10 Jahre seiner beruflichen Laufbahn verbringt er bei der Citibank NA in Z\u00fcrich, bevor er die Funktion des Finanzdirektors bei Dow Jones Telerate (Schweiz), einem Unternehmen, welches sich mit der Beschaffung und Verbreitung von internationalen Finanzinformationen besch\u00e4ftigt, \u00fcbernimmt. Im Anschluss an eine Bef\u00f6rderung auf internationaler Ebene als CFO Europe verbringt er zwei Jahre in London, bevor er aus diesem Unternehmen \u2013 nach dem Verkauf an einen Konkurrenten \u2013 ausscheidet. Eine kurze Pr\u00e4senz bei der Groupe Minoteries SA als Finanzdirektor ad interim im Rahmen der Fusion mit der Bruggm\u00fchle Goldach AG hat ihm einen ersten Kontakt mit der Lebensmittelindustrie erm\u00f6glicht. Er stand alsdann \u2013 bis Mitte Juli 2019 \u2013 in der Funktion \/ Stellung eines Direktors in einem \u00abFamily Office\u00bb in Z\u00fcrich. Derzeit ist er Pr\u00e4sident des Verwaltungsrates der MITHRAS AG und der Emera SA und er ist Mitglied des Verwaltungsrates der Soci\u00e9t\u00e9 fonci\u00e8re Hauterive Petit-Ouchy SA.<\/p>\n<\/div>\n                                                                            <\/div>\n                                                                    <div class=\"acf-slider-gallery-round__slide swiper-slide has-white-background-color\">\n                                                                                    <h5 class=\"acf-slider-gallery-round__slide-name\">Olivier Schucht<\/h5>\n                                                                                                                            <div class=\"acf-slider-gallery-round__slide-intro\"><p><strong>Verwaltungsrat \u2013 Nicht exekutives Verwaltungsratsmitglied \u2013 Pr\u00e4sident Audit- und Risikoausschuss \u2013 Seit 2022 gew\u00e4hlt \u2013 Schweizer und franz\u00f6sischer B\u00fcrger, 1974<\/strong><\/p>\n<p>Master in Biologie ETH (1999) \u2013 Doktorat in Naturwissenschaften ETH (2004) \u2013 MBA University of Chicago Booth (2013)<\/p>\n<\/div>\n                                                                                                                            <div class=\"acf-slider-gallery-round__slide-description\"><p>Nach seinem Studium und Doktorat an der ETH und verschiedenen Praktika (Goldman Sachs, Translink) beginnt er als Berater bei Bain &amp; Company. Es folgt eine Anstellung bei der Jacobs Holding, infolgedessen er 2008 bei Barry Callebaut Teil der erweiterten Gesch\u00e4ftsleitung und Verantwortlicher f\u00fcr die weltweite Gesch\u00e4ftseinheit Gourmet wird (kleingewerbliche und kleinere industrielle Kunden). In der Folge verantwortet er erst die interimistische F\u00fchrung einer M&amp;A Beratung (Translink), um dann ab 2013 bei der Credit Suisse in unterschiedlichen Funktionen t\u00e4tig zu sein. Per Anfang 2018 \u00fcbernimmt er mit einer Gruppe von Unternehmern die Firma FFF Fresh &amp; Frozen Food AG in Wohlen, wo er in der Folge als CFO t\u00e4tig ist. Er ver\u00e4ussert seine Anteile 2022 und verwaltet seitdem private Beteiligungen. Er sitzt seit 2017 im Aufsichtsrat von Food Emotion, einer franz\u00f6sischen Holding im Lebensmittel-Sektor (mit den Beteiligungen PCB und Ponthier) und ist seit 2024 Verwaltungsratspr\u00e4sident der AESA SA in Bevaix (NE) und der CMBP AG in Z\u00fcrich.<\/p>\n<\/div>\n                                                                            <\/div>\n                                                                    <div class=\"acf-slider-gallery-round__slide swiper-slide has-white-background-color\">\n                                                                                    <h5 class=\"acf-slider-gallery-round__slide-name\">Ralph Siegl<\/h5>\n                                                                                                                            <div class=\"acf-slider-gallery-round__slide-intro\"><p><strong>Verwaltungsrat \u2013 <\/strong><strong>Nicht exekutives Verwaltungsratsmitglied \u2013 <\/strong><strong>Mitglied Audit- und Risikoausschuss &#8211; <\/strong><strong>Seit 2026 gew\u00e4hlt \u2013 <\/strong><strong>Schweizer B\u00fcrger, 1966<\/strong><\/p>\n<p>Bachelor in Politikwissenschaft und Internationalen Beziehungen, Universit\u00e4t St. Gallen HSG (1992) \u2013 Master of Science (MSc) in Wirtschaftswissenschaften, London School of Economics, LSE (1993)<\/p>\n<\/div>\n                                                                                                                            <div class=\"acf-slider-gallery-round__slide-description\"><p>Nach seiner T\u00e4tigkeit als Aussenwirtschaftsexperte f\u00fcr Nahrungsmittel im EDA\/EVD hatte er verschiedene F\u00fchrungspositionen bei Nestl\u00e9 im In- und Ausland inne. Er war langj\u00e4hriger Gesch\u00e4ftsf\u00fchrer bei L\u00e4derach und exekutiver Verwaltungsrat und CEO der Hochdorf Swiss Nutrition AG sowie Stiftungsratspr\u00e4sident der Pensionskasse. Er ist aktuell Pr\u00e4sident und Equity Partner der Experts for Leaders AG. Als erfahrener Verwaltungsrat und -Pr\u00e4sident bekleidet er derzeit Mandate bei der LLB Schweiz AG, der Zibatra Beteiligungen AG, der W. K\u00fcndig &amp; Cie. AG und der laflor AG. Er pr\u00e4sidiert zudem das SwissBoardForum. Er \u00fcbt kein politisches Amt aus.<\/p>\n<\/div>\n                                                                            <\/div>\n                                                                    <div class=\"acf-slider-gallery-round__slide swiper-slide has-white-background-color\">\n                                                                                    <h5 class=\"acf-slider-gallery-round__slide-name\">Fran\u00e7ois Sunier<\/h5>\n                                                                                                                            <div class=\"acf-slider-gallery-round__slide-intro\"><p><strong>Verwaltungsrat \u2013 Nicht exekutives Verwaltungsratsmitglied \u2013 Mitglied Audit- und Risikoausschuss &#8211; Seit 2006 gew\u00e4hlt \u2013 Schweizer B\u00fcrger, 1965<\/strong><\/p>\n<p>Lizenziat in Politikwissenschaften<\/p>\n<\/div>\n                                                                                                                            <div class=\"acf-slider-gallery-round__slide-description\"><p>Nach einem Praktikum w\u00e4hrend des Studiums und einer Ausbildung in Verm\u00f6gensverwaltung bei der UBS in Gen\u00e8ve ist er bei UBS Philips &amp; Drew in London als Direktor und Co-Leiter f\u00fcr Anleihenprodukte f\u00fcr die Schweiz t\u00e4tig. Anschliessend arbeitet er w\u00e4hrend vier Jahren als Direktor, Mitverantwortlicher f\u00fcr die Zinssatzprodukte Schweizer Kunden, bei Goldman Sachs (London). 1998 kehrt er in die Schweiz zur\u00fcck und st\u00f6sst zur Verm\u00f6gensverwaltungsgesellschaft Suntrust Investment Company SA. 2002 wird er deren CEO. Von 2013 bis 2024 ist er Mitglied des Aufsichtsrats von Mirabaud SCA. Er ist Pr\u00e4sident des Verwaltungsrats der Prisminvest SA in Morges und der Suntrust Capital Management SA in Gen\u00e8ve sowie Mitglied des Verwaltungsrats der Primatrust SA in Gen\u00e8ve, der Reference Capital SA in Gen\u00e8ve und der Avance Gas Holding (Oslo), Norwegen.<\/p>\n<\/div>\n                                                                            <\/div>\n                                                            <\/div>\n                        <\/div>\n                    <\/div>\n                <\/div>\n            <\/div>\n            <div class=\"acf-slider-gallery-round__buttons\">\n                <div class=\"acf-slider-gallery-round__button acf-slider-gallery-round__button--prev\">\n                    <svg class=\"text-white\" width=\"12\" height=\"14\" viewBox=\"0 0 12 14\" fill=\"none\" xmlns=\"http:\/\/www.w3.org\/2000\/svg\">\n\t<path d=\"M10.2305 13L1.92285 7L10.2305 1\" stroke=\"currentColor\" stroke-width=\"2\" stroke-linecap=\"round\" stroke-linejoin=\"round\"\/>\n<\/svg>                <\/div>\n                <div class=\"acf-slider-gallery-round__button acf-slider-gallery-round__button--next\">\n                    <svg class=\"text-white transform rotate-180\" width=\"12\" height=\"14\" viewBox=\"0 0 12 14\" fill=\"none\" xmlns=\"http:\/\/www.w3.org\/2000\/svg\">\n\t<path d=\"M10.2305 13L1.92285 7L10.2305 1\" stroke=\"currentColor\" stroke-width=\"2\" stroke-linecap=\"round\" stroke-linejoin=\"round\"\/>\n<\/svg>                <\/div>\n            <\/div>\n        <\/div>\n    <\/section>\n\n\n\n<div class=\"acf-container desktop:py-0 tablet:py-0 py-0 \"id=acf-block-6a58a684e2f028.93332772>\n            <div class=\"acf-container__bg-overlay\" style=\"background: rgba(0, 0, 0, 0)\"><\/div>\n                <div class=\"container\">\n        \n\n<div class=\"acf-spacer h-[32px] tablet:h-[32px] desktop:h-[40px]\" id=acf-block-6a58a684e2f2f8.24469977 ><\/div>\n\n\n\n<hr class=\"acf-separator has-bg-color has-light-basalt-background-color h-[1px] no-space\">\n\n\n\n<div class=\"acf-spacer h-[64px] tablet:h-[72px] desktop:h-[80px]\" id=acf-block-6a58a684e2f9b8.07445093 ><\/div>\n\n\n<h2 id=\"h-biografien-der-mitglieder-der-geschaftsleitung\" class=\"wp-block-heading has-36-font-size\" style=\"text-transform:uppercase\">BIOGRAFIEN DER MITGLIEDER DER GESCH\u00c4FTSLEITUNG<\/h2>\n\n\n\n<div class=\"acf-spacer h-[64px] tablet:h-[72px] desktop:h-[80px]\" id=acf-block-6a58a684e2fbc8.36445102 ><\/div>\n\n    <\/div>\n<\/div>\n\n\n\n\n    <section\n            class=\"acf-slider-gallery-round has-basalt-color js--slider-gallery-round\"id=acf-block-64f8313c735bb >\n        <div class=\"laptop:container\">\n            <div class=\"acf-slider-gallery-round__row\">\n                <div class=\"acf-slider-gallery-round__col\">\n                    <div class=\"acf-slider-gallery-round__slider-img swiper mySwiper js--slider-gallery-round-img\"\n                         dir=\"rtl\">\n                        <div class=\"acf-slider-gallery-round__slider-wrapper swiper-wrapper\">\n                                                                                                <div class=\"acf-slider-gallery-round__slide swiper-slide\">\n                                        <div class=\"acf-slider-gallery-round__slide-img-box\">\n                                            <img decoding=\"async\" width=\"432\" height=\"432\" src=\"https:\/\/www.gmsa.ch\/wp-content\/uploads\/2023\/09\/gmsa-alain-raymond.jpg\" class=\"attachment-full size-full\" alt=\"\" srcset=\"https:\/\/www.gmsa.ch\/wp-content\/uploads\/2023\/09\/gmsa-alain-raymond.jpg 432w, https:\/\/www.gmsa.ch\/wp-content\/uploads\/2023\/09\/gmsa-alain-raymond-300x300.jpg 300w, https:\/\/www.gmsa.ch\/wp-content\/uploads\/2023\/09\/gmsa-alain-raymond-150x150.jpg 150w\" sizes=\"(max-width: 432px) 100vw, 432px\" \/>                                        <\/div>\n                                        <div class=\"acf-slider-gallery-round__slide-overlay\"><\/div>\n                                    <\/div>\n                                                                                                                                <div class=\"acf-slider-gallery-round__slide swiper-slide\">\n                                        <div class=\"acf-slider-gallery-round__slide-img-box\">\n                                            <img decoding=\"async\" width=\"977\" height=\"977\" src=\"https:\/\/www.gmsa.ch\/wp-content\/uploads\/2024\/09\/profile-02-alexandre-bardet.png\" class=\"attachment-full size-full\" alt=\"\" \/>                                        <\/div>\n                                        <div class=\"acf-slider-gallery-round__slide-overlay\"><\/div>\n                                    <\/div>\n                                                                                                                                <div class=\"acf-slider-gallery-round__slide swiper-slide\">\n                                        <div class=\"acf-slider-gallery-round__slide-img-box\">\n                                            <img decoding=\"async\" width=\"2560\" height=\"2560\" src=\"https:\/\/www.gmsa.ch\/wp-content\/uploads\/2023\/09\/DSC4184-3-scaled.jpg\" class=\"attachment-full size-full\" alt=\"\" srcset=\"https:\/\/www.gmsa.ch\/wp-content\/uploads\/2023\/09\/DSC4184-3-scaled.jpg 2560w, https:\/\/www.gmsa.ch\/wp-content\/uploads\/2023\/09\/DSC4184-3-300x300.jpg 300w, https:\/\/www.gmsa.ch\/wp-content\/uploads\/2023\/09\/DSC4184-3-1024x1024.jpg 1024w, https:\/\/www.gmsa.ch\/wp-content\/uploads\/2023\/09\/DSC4184-3-150x150.jpg 150w, https:\/\/www.gmsa.ch\/wp-content\/uploads\/2023\/09\/DSC4184-3-768x768.jpg 768w, https:\/\/www.gmsa.ch\/wp-content\/uploads\/2023\/09\/DSC4184-3-1536x1536.jpg 1536w, https:\/\/www.gmsa.ch\/wp-content\/uploads\/2023\/09\/DSC4184-3-2048x2048.jpg 2048w\" sizes=\"(max-width: 2560px) 100vw, 2560px\" \/>                                        <\/div>\n                                        <div class=\"acf-slider-gallery-round__slide-overlay\"><\/div>\n                                    <\/div>\n                                                                                                                                <div class=\"acf-slider-gallery-round__slide swiper-slide\">\n                                        <div class=\"acf-slider-gallery-round__slide-img-box\">\n                                            <img decoding=\"async\" width=\"977\" height=\"977\" src=\"https:\/\/www.gmsa.ch\/wp-content\/uploads\/2024\/05\/Murset-Patrick-2.jpg\" class=\"attachment-full size-full\" alt=\"\" srcset=\"https:\/\/www.gmsa.ch\/wp-content\/uploads\/2024\/05\/Murset-Patrick-2.jpg 977w, https:\/\/www.gmsa.ch\/wp-content\/uploads\/2024\/05\/Murset-Patrick-2-300x300.jpg 300w, https:\/\/www.gmsa.ch\/wp-content\/uploads\/2024\/05\/Murset-Patrick-2-150x150.jpg 150w, https:\/\/www.gmsa.ch\/wp-content\/uploads\/2024\/05\/Murset-Patrick-2-768x768.jpg 768w\" sizes=\"(max-width: 977px) 100vw, 977px\" \/>                                        <\/div>\n                                        <div class=\"acf-slider-gallery-round__slide-overlay\"><\/div>\n                                    <\/div>\n                                                                                                                                <div class=\"acf-slider-gallery-round__slide swiper-slide\">\n                                        <div class=\"acf-slider-gallery-round__slide-img-box\">\n                                            <img decoding=\"async\" width=\"432\" height=\"432\" src=\"https:\/\/www.gmsa.ch\/wp-content\/uploads\/2023\/09\/gmsa-blaise-simon.jpg\" class=\"attachment-full size-full\" alt=\"\" srcset=\"https:\/\/www.gmsa.ch\/wp-content\/uploads\/2023\/09\/gmsa-blaise-simon.jpg 432w, https:\/\/www.gmsa.ch\/wp-content\/uploads\/2023\/09\/gmsa-blaise-simon-300x300.jpg 300w, https:\/\/www.gmsa.ch\/wp-content\/uploads\/2023\/09\/gmsa-blaise-simon-150x150.jpg 150w\" sizes=\"(max-width: 432px) 100vw, 432px\" \/>                                        <\/div>\n                                        <div class=\"acf-slider-gallery-round__slide-overlay\"><\/div>\n                                    <\/div>\n                                                                                    <\/div>\n                    <\/div>\n                <\/div>\n                <div class=\"acf-slider-gallery-round__col\">\n                    <div class=\"mobile-laptop:container\">\n                        <div humbsSlider=\"\"\n                             class=\"acf-slider-gallery-round__slider-content swiper mySwiper2 js--slider-gallery-round-content\">\n                            <div class=\"acf-slider-gallery-round__slider-wrapper swiper-wrapper\">\n                                                                    <div class=\"acf-slider-gallery-round__slide swiper-slide has-white-background-color\">\n                                                                                    <h5 class=\"acf-slider-gallery-round__slide-name\">Alain Raymond<\/h5>\n                                                                                                                            <div class=\"acf-slider-gallery-round__slide-intro\"><p><strong>Directeur g\u00e9n\u00e9ral* \u2013 Membre de la Direction* \u2013 Schweizer B\u00fcrger, 1979<\/strong><\/p>\n<p>Konditor-Confiseur EFZ \u2013 Technische Berufsmatur \u2013 Ingenieur f\u00fcr Aagrarlebensmittel und Biotechnologie, Haute Ecole, Sion \u2013 Executive Master of Business Administration, HEG Fribourg<\/p>\n<\/div>\n                                                                                                                            <div class=\"acf-slider-gallery-round__slide-description\"><p>In verschiedenen Funktionen bei Unternehmen der Migros-Gruppe t\u00e4tig, beginnt er 2002 als Projektleiter und erh\u00e4lt sp\u00e4ter die Gelegenheit, den JOWA-Standort Volketswil (ZH) zu leiten (2009-2013). Ab 2013 geh\u00f6rt er der Gesch\u00e4ftsleitung der ELSA-Mifroma-Gruppe (Milchprodukte) an, wer f\u00fcr den Standort Ursy (FR) verantwortlich ist, und sp\u00e4ter auch die F\u00fchrung der Business Unit K\u00e4se f\u00fcr die Migros-Industrie innehat. Im November 2020 wechselt er zu der Groupe Minoteries SA und \u00fcbernimmt am 01.04.2021 die Gesch\u00e4ftsleitung. Seit dem 12.11.2021 ist er auch Vorstandsmitglied des Dachverbandes Schweizerischer M\u00fcller (DSM) und seit dem 21.06.2023 dessen Vizepr\u00e4sident. Er pr\u00e4sidiert die Tochtergesellschaften der Groupe Minoteries SA, insbesondere die Protaneo SA seit Dezember 2022 sowie die Schweizerische Sch\u00e4lm\u00fchle E. Zwicky AG seit Juni 2025. Zudem trat er im Juni 2024 dem Verwaltungsrat des Z\u00fcrcher Start-ups Fabas Foods AG bei.<\/p>\n<p><small>*gem\u00e4ss Handelsregister (Moudon)<\/small><\/p>\n<\/div>\n                                                                            <\/div>\n                                                                    <div class=\"acf-slider-gallery-round__slide swiper-slide has-white-background-color\">\n                                                                                    <h5 class=\"acf-slider-gallery-round__slide-name\">Alexandre Bardet<\/h5>\n                                                                                                                            <div class=\"acf-slider-gallery-round__slide-intro\"><p><strong>Membre de la Direction* \u2013 Leiter Prozess Einkauf-Nachhaltigkeit \u2013 Schweizer B\u00fcrger, 1983<\/strong><\/p>\n<p>Eidg. Fachausweis als Verkaufsfachmann<\/p>\n<\/div>\n                                                                                                                            <div class=\"acf-slider-gallery-round__slide-description\"><p>Nach einer kaufm\u00e4nnischen Ausbildung integriert er sich rasch in der Arbeitswelt. Bei der fenaco GOF ist er f\u00fcr den Handel und die Versorgung des Werkes der UFA in Puidoux t\u00e4tig. Anschliessend arbeitet er f\u00fcnf Jahre bei Calciumagro in Bern im Inland- und Auslandhandel, bevor er sich w\u00e4hrend 13 Jahren f\u00fcr IP-SUISSE in Zollikofen engagiert. In dieser Zeit war er zuerst Projektleiter, anschliessend Leiter Getreidehandel, danach Leiter Getreidehandel und -produktion und schliesslich Leiter der gesamten Pflanzenproduktion sowie Mitglied der Gesch\u00e4ftsleitung. Am 01.11.2024 tritt er als Verantwortlicher f\u00fcr den Prozess Einkauf-Nachhaltigkeit in die Groupe Minoteries SA ein. Seit 2025 ist er Mitglied der Expertenkommission von r\u00e9servesuisse f\u00fcr den Getreidesektor und der Kommission \u00abMarkt-Qualit\u00e4t Getreide\u00bb von swiss granum. Seit 2011 ist er zudem Mitglied des Gemeinderats von Vully-les-Lacs.<\/p>\n<p><small>*gem\u00e4ss Handelsregister (Moudon)<\/small><\/p>\n<\/div>\n                                                                            <\/div>\n                                                                    <div class=\"acf-slider-gallery-round__slide swiper-slide has-white-background-color\">\n                                                                                    <h5 class=\"acf-slider-gallery-round__slide-name\">Fabiano D\u2019Amico<\/h5>\n                                                                                                                            <div class=\"acf-slider-gallery-round__slide-intro\"><p><strong>Membre de la Direction* \u2013 Leiter Prozess Vertrieb \u2013 Schweizer und italienischer B\u00fcrger, 1981<\/strong><\/p>\n<p>B\u00e4cker-Konditor EFZ \u2013 Technische Berufsmatur \u2013 Bachelor of Science in Lebensmitteltechnologie, ZHAW, W\u00e4denswil \u2013 Master of Business Administration, Hochschule Neu-Ulm, Neu-Ulm (DE)<\/p>\n<\/div>\n                                                                                                                            <div class=\"acf-slider-gallery-round__slide-description\"><p>Ab 2008 arbeitet er als Produktentwickler bei HOCHDORF Nutribake AG, wechselt im 2012 als Leiter Entwicklung zur SchapfenM\u00fchle GmbH &amp; Co. KG nach Jungingen (DE). Ab 2016 ist er als Manager Private Label &amp; Business Development verantwortlich f\u00fcr den Aufbau des Kids Snacking Gesch\u00e4fts bei HOCHDORF Cereals &amp; Ingredients AG und wechselt ab 2019 verantwortlich f\u00fcr den Aufbau der Branchenentwicklung B\u00e4ckerei zur Pistor AG. Im M\u00e4rz 2023 tritt er als Leiter Prozess Verkauf der Groupe Minoteries SA bei und ist ab Februar 2024 f\u00fcr den Prozess Vertrieb verantwortlich.<\/p>\n<p><small>*gem\u00e4ss Handelsregister (Moudon)<\/small><\/p>\n<\/div>\n                                                                            <\/div>\n                                                                    <div class=\"acf-slider-gallery-round__slide swiper-slide has-white-background-color\">\n                                                                                    <h5 class=\"acf-slider-gallery-round__slide-name\">Patrick M\u00fcrset<\/h5>\n                                                                                                                            <div class=\"acf-slider-gallery-round__slide-intro\"><p><strong>Membre de la Direction* \u2013 Leiter Prozess Operations \u2013 Schweizer B\u00fcrger, 1971<br \/>\n<\/strong><\/p>\n<p>Lebensmitteltechnologe EFZ \u2013 Ingenieur HTL Lebensmitteltechnologie, W\u00e4denswil \u2013 EMBA General Management FHNW<\/p>\n<\/div>\n                                                                                                                            <div class=\"acf-slider-gallery-round__slide-description\"><p>Er \u00fcbt verschiedenen Funktionen bei der JOWA AG aus (Leiter Produktion TKFrischland und B\u00e4ckerei in Gr\u00e4nichen, Leiter Produktion in Ecublens) und ist w\u00e4hrend 18 Monaten Mitglied des Produktivit\u00e4tsteams der Migros-Industrie f\u00fcr die Optimierung s\u00e4mtlicher Prozesse in den Betrieben JOWA AG und Micarna AG. Im Jahr 2014 wechselt er zu COOP mit der Aufgabe, die B\u00e4ckerei in Schafisheim in Betrieb zu nehmen und die Produktionsleitung zu \u00fcbernehmen (Zusammenf\u00fchrung der B\u00e4ckereien Wallisellen und Basel und Transfer eines definierten Sortiments von Hicopain Dagmarsellen). Im M\u00e4rz 2024 wechselt er zur Groupe Minoteries SA und \u00fcbernimmt die Leitung Operations. Nebenamtlich ist er als Pr\u00fcfungsexperte f\u00fcr die Berufspr\u00fcfung und h\u00f6here Fachpr\u00fcfung der Lebensmitteltechnologen t\u00e4tig. Seit Juni 2025 ist er Mitglied im Verwaltungsrat und Co-CEO der Schweizerischen Sch\u00e4lm\u00fchle E. Zwicky AG.<\/p>\n<p><small>*gem\u00e4ss Handelsregister (Moudon)<\/small><\/p>\n<\/div>\n                                                                            <\/div>\n                                                                    <div class=\"acf-slider-gallery-round__slide swiper-slide has-white-background-color\">\n                                                                                    <h5 class=\"acf-slider-gallery-round__slide-name\">Blaise Simon<\/h5>\n                                                                                                                            <div class=\"acf-slider-gallery-round__slide-intro\"><p><strong>Membre de la Direction* \u2013 Leiter Prozess Finanzen-IT \u2013 Schweizer B\u00fcrger, 1970<\/strong><\/p>\n<p>Handelsdiplom \u2013 Fachmann im Finanz- und Rechnungswesen mit eidg. Fachausweis<\/p>\n<\/div>\n                                                                                                                            <div class=\"acf-slider-gallery-round__slide-description\"><p>W\u00e4hrend zwei Jahren ist er Kundenberater bei der Basler Versicherungsgesellschaft. Danach arbeitet er als Chefbuchhalter in einer Glaserei\/Spiegelglaserei und anschliessend w\u00e4hrend drei Jahren in einer Hoch- und Tiefbauunternehmung. Von 1997 bis 2002 ist er Buchhalter bei Nestec SA, insbesondere im Nestl\u00e9-Forschungszentrum in Vers-chez-les-Blancs. Er tritt als Verantwortlicher einer Support Gruppe beim CHUV (Centre Hospitalier Universitaire Vaudois) ein und besucht alle die f\u00fcr die Erlangung des Rechnungslegungs- und Controlling-Diploms notwendigen Abendkurse. Seit Mitte 2004 ist er bei der Groupe Minoteries SA als Leiter der Finanzen und der Buchhaltung angestellt. Im M\u00e4rz 2008 erfolgt die Bef\u00f6rderung zum Finanzdirektor. Seit 2008 ist er zudem Leiter Informatik und seit 2011 Verantwortlicher GwG.<\/p>\n<p><small>*gem\u00e4ss Handelsregister (Moudon)<\/small><\/p>\n<\/div>\n                                                                            <\/div>\n                                                            <\/div>\n                        <\/div>\n                    <\/div>\n                <\/div>\n            <\/div>\n            <div class=\"acf-slider-gallery-round__buttons\">\n                <div class=\"acf-slider-gallery-round__button acf-slider-gallery-round__button--prev\">\n                    <svg class=\"text-white\" width=\"12\" height=\"14\" viewBox=\"0 0 12 14\" fill=\"none\" xmlns=\"http:\/\/www.w3.org\/2000\/svg\">\n\t<path d=\"M10.2305 13L1.92285 7L10.2305 1\" stroke=\"currentColor\" stroke-width=\"2\" stroke-linecap=\"round\" stroke-linejoin=\"round\"\/>\n<\/svg>                <\/div>\n                <div class=\"acf-slider-gallery-round__button acf-slider-gallery-round__button--next\">\n                    <svg class=\"text-white transform rotate-180\" width=\"12\" height=\"14\" viewBox=\"0 0 12 14\" fill=\"none\" xmlns=\"http:\/\/www.w3.org\/2000\/svg\">\n\t<path d=\"M10.2305 13L1.92285 7L10.2305 1\" stroke=\"currentColor\" stroke-width=\"2\" stroke-linecap=\"round\" stroke-linejoin=\"round\"\/>\n<\/svg>                <\/div>\n            <\/div>\n        <\/div>\n    <\/section>\n\n\n\n<div class=\"acf-container desktop:py-0 tablet:py-0 py-0 \"id=acf-block-6a58a684e30961.71942268>\n            <div class=\"acf-container__bg-overlay\" style=\"background: rgba(0, 0, 0, 0)\"><\/div>\n                <div class=\"container\">\n        \n\n<div class=\"acf-spacer h-[32px] tablet:h-[32px] desktop:h-[40px]\" id=acf-block-6a58a684e30b58.24680260 ><\/div>\n\n\n\n<hr class=\"acf-separator has-bg-color has-light-basalt-background-color h-[1px] no-space\">\n\n\n\n<div class=\"acf-spacer h-[64px] tablet:h-[72px] desktop:h-[80px]\" id=acf-block-6a58a684e30eb8.94123956 ><\/div>\n\n    <\/div>\n<\/div>\n\n\n\n\n\n<div class=\"acf-container desktop:py-0 tablet:py-0 py-0 \"id=acf-block-6a58a684e310b3.14413576>\n            <div class=\"acf-container__bg-overlay\" style=\"background: rgba(0, 0, 0, 0)\"><\/div>\n                <div class=\"container\">\n        \n\n<div class=\"acf-columns cols-gap-default reverse-none justify-start desktop:py-0 tablet:py-0 py-0\"id=acf-block-64f8313c73622>\n    \n\n<div class=\"acf-tp-column one-third \"id=acf-block-64f8313c7363a>\n    <div class=\"acf-tp-column__box has-vertical-top py-0 px-0 tablet:py-0 tablet:px-0 desktop:px-0 desktop:py-0 \">\n                    <div class=\"acf-tp-column__bg-overlay\" style=\"background: rgba(0, 0, 0, 0)\"><\/div>\n                                <div class=\"acf-tp-column__box-content \">\n            \n\n<h2 id=\"h-gmsa-viel-mehr-als-nur-eine-muhle-0\" class=\"wp-block-heading\" style=\"text-transform:uppercase\">GMSA, VIEL MEHR ALS NUR EINE M\u00dcHLE<\/h2>\n\n\n\n<div class=\"acf-spacer h-[24px] tablet:h-[0px] desktop:h-[0px]\" id=acf-block-64f8313c7364b ><\/div>\n\n        <\/div>\n    <\/div>\n<\/div>\n\n\n<div class=\"acf-tp-column two-third \"id=acf-block-64f8313c73662>\n    <div class=\"acf-tp-column__box has-vertical-top py-0 px-0 tablet:py-0 tablet:px-0 desktop:px-0 desktop:py-0 \">\n                    <div class=\"acf-tp-column__bg-overlay\" style=\"background: rgba(0, 0, 0, 0)\"><\/div>\n                                <div class=\"acf-tp-column__box-content \">\n            \n\n<p class=\"has-32-font-size wp-block-paragraph\">Wir sind das Bindeglied zwischen Feld und Teller, zwischen Produzenten und Verbrauchern, zwischen M\u00fcller und B\u00e4cker. Unsere Aufgabe: das Leben ges\u00fcnder, einfacher und nachhaltiger zu gestalten. <\/p>\n\n\n        <\/div>\n    <\/div>\n<\/div>\n\n<\/div>\n\n\n\n\n\n    <\/div>\n<\/div>\n\n\n\n\n\n<div class=\"acf-spacer h-[32px] tablet:h-[64px] desktop:h-[80px]\" id=acf-block-64f8313c73673 ><\/div>\n\n<section class=\"acf-interactive-map\"id=acf-block-64f891fc0b97d >\n    <div class=\"container\">\n        <div class=\"acf-interactive-map__map-wrap js--map\">\n            <div class=\"acf-interactive-map__map\">\n                                                    <div class=\"acf-interactive-map__point-card-wrap js--map-point-card-wrap\" style=\"top:39%; left:35%;\">\n                        <div class=\"acf-interactive-map__point js--map-point bg-green\">\n                           <img decoding=\"async\" width=\"42\" height=\"42\" src=\"https:\/\/www.gmsa.ch\/wp-content\/uploads\/2023\/09\/gmsa-carte-picto-bio.svg\" class=\"attachment-full size-full\" alt=\"\" \/>                        <\/div>\n                                                <div class=\"acf-interactive-map__card js--map-card\"><p><strong>Steiner M\u00fchle AG<\/strong><\/p>\n<p>Langnaustrasse 144<br \/>\n3436 Zollbr\u00fcck (BE)<\/p>\n<p>T <a href=\"tel:+41 34 496 96 00\">+41 34 496 96 00<\/a><br \/>\nF <a href=\"tel:+41 34 496 96 05\">+41 34 496 96 05<\/a><\/p>\n<p><a href=\"mailto:info@steiner-muehle.ch\">info@steiner-muehle.ch<\/a><\/p>\n<p><a href=\"https:\/\/www.google.com\/maps\/dir\/steiner+muhle+ag\/data=!4m6!4m5!1m1!4e2!1m2!1m1!1s0x478fcc22e2774a0f:0xc89497639919b169?sa=X&amp;ved=2ahUKEwjjxKCE98ziAhXN0qYKHeWVAicQ9RcwbHoECF8QEA\" target=\"_blank\" rel=\"noreferrer noopener\">Anfahrtsplan<\/a><\/p>\n<\/div>\n                                            <\/div>\n                                                                    <div class=\"acf-interactive-map__point-card-wrap js--map-point-card-wrap\" style=\"top:78%; left:23%;\">\n                        <div class=\"acf-interactive-map__point js--map-point bg-yellow\">\n                           <img decoding=\"async\" width=\"42\" height=\"42\" src=\"https:\/\/www.gmsa.ch\/wp-content\/uploads\/2023\/09\/gmsa-carte-picto-moulin.svg\" class=\"attachment-full size-full\" alt=\"\" \/>                        <\/div>\n                                                <div class=\"acf-interactive-map__card js--map-card\"><p><strong>Moulin du Valais SA<\/strong><\/p>\n<p>Rue du Canal 4<br \/>\n1908 Riddes (VS)<\/p>\n<p>T <a href=\"tel:+41 26 668 51 11\">+41 26 668 51 11<\/a><br \/>\nF <a href=\"tel:+41 26 668 52 20\">+41 26 668 52 20<\/a><\/p>\n<p><a href=\"mailto:groupe@gmsa.ch\">groupe@gmsa.ch<\/a><\/p>\n<p><a href=\"https:\/\/maps.app.goo.gl\/bPzrwXYhPQhvxujc9\" target=\"_blank\" rel=\"noreferrer noopener\">Anfahrtsplan<\/a><\/p>\n<\/div>\n                                            <\/div>\n                                                                    <div class=\"acf-interactive-map__point-card-wrap js--map-point-card-wrap\" style=\"top:49%; left:19%;\">\n                        <div class=\"acf-interactive-map__point js--map-point bg-yellow\">\n                           <img decoding=\"async\" width=\"42\" height=\"42\" src=\"https:\/\/www.gmsa.ch\/wp-content\/uploads\/2023\/09\/gmsa-carte-picto-moulin.svg\" class=\"attachment-full size-full\" alt=\"\" \/>                        <\/div>\n                                                <div class=\"acf-interactive-map__card js--map-card\"><p><strong>Groupe Minoteries SA, Standort Granges-pr\u00e8s-Marnand<\/strong><\/p>\n<p>Route des Moulins 31<br \/>\n1523 Granges-pr\u00e8s-Marnand<br \/>\ncommune de Valbroye (VD)<\/p>\n<p>T <a href=\"tel:+41 26 668 51 11\">+41 26 668 51 11<\/a><br \/>\nF <a href=\"tel:+41 26 668 52 20\">+41 26 668 52 20<\/a><\/p>\n<p><a href=\"mailto:groupe@gmsa.ch\">groupe@gmsa.ch<\/a><\/p>\n<p><a href=\"https:\/\/www.google.com\/maps\/dir\/groupe+minoteries+sa\/data=!4m6!4m5!1m1!4e2!1m2!1m1!1s0x478e78179ec84151:0xad977015b030be40?sa=X&amp;ved=2ahUKEwjwi8nO9cziAhXr6aYKHVIpDfYQ9RcwbHoECGIQEA\" target=\"_blank\" rel=\"noopener\">Anfahrtsplan<\/a><\/p>\n<\/div>\n                                            <\/div>\n                                                                    <div class=\"acf-interactive-map__point-card-wrap js--map-point-card-wrap\" style=\"top:12%; left:75%;\">\n                        <div class=\"acf-interactive-map__point js--map-point bg-yellow\">\n                           <img decoding=\"async\" width=\"42\" height=\"42\" src=\"https:\/\/www.gmsa.ch\/wp-content\/uploads\/2023\/09\/gmsa-carte-picto-moulin.svg\" class=\"attachment-full size-full\" alt=\"\" \/>                        <\/div>\n                                                <div class=\"acf-interactive-map__card js--map-card\"><p><strong>Groupe Minoteries SA, Standort Goldach<\/strong><\/p>\n<p>St. Gallerstrasse 117<br \/>\n9403 Goldach (SG)<\/p>\n<p>T <a href=\"tel:+41 71 841 13 12\">+41 71 841 13 12<\/a><br \/>\nF <a href=\"tel:+41 71 845 37 92\">+41 71 845 37 92<\/a><\/p>\n<p><a href=\"mailto:groupe@gmsa.ch\">groupe@gmsa.ch<\/a><\/p>\n<p><a href=\"https:\/\/www.google.com\/maps\/dir\/Bruggm%C3%BChle+Goldach+AG\/data=!4m6!4m5!1m1!4e2!1m2!1m1!1s0x479b1c75ff300139:0x3a9ec415bdcd4376?sa=X&amp;ved=2ahUKEwip_caM98ziAhVwwcQBHbbdApYQ9RcwY3oECFsQEA\" target=\"_blank\" rel=\"noopener\">Anfahrtsplan<\/a><\/p>\n<\/div>\n                                            <\/div>\n                                                                    <div class=\"acf-interactive-map__point-card-wrap js--map-point-card-wrap\" style=\"top:4%; left:59.5%;\">\n                        <div class=\"acf-interactive-map__point js--map-point bg-yellow\">\n                           <img decoding=\"async\" width=\"42\" height=\"42\" src=\"https:\/\/www.gmsa.ch\/wp-content\/uploads\/2023\/09\/gmsa-carte-picto-usine.svg\" class=\"attachment-full size-full\" alt=\"\" \/>                        <\/div>\n                                                <div class=\"acf-interactive-map__card js--map-card\"><p><strong>Bonvita AG<\/strong><\/p>\n<p>Hofwisenstrasse 15<br \/>\n8260 Stein am Rhein (SH)<\/p>\n<p>T <a href=\"tel:+41 52 740 31 00\">+41 52 740 31 00<\/a><br \/>\nF <a href=\"tel:+41 52 740 31 78\">+41 52 740 31 78<\/a><\/p>\n<p><a href=\"mailto:info@bonvita.ch\">info@bonvita.ch<\/a><\/p>\n<p><a href=\"https:\/\/www.google.com\/maps\/dir\/bonvita+ag\/data=!4m6!4m5!1m1!4e2!1m2!1m1!1s0x479a8f30ecef0a7d:0x85fb446c3d489e92?sa=X&amp;ved=2ahUKEwiqw_2598ziAhVvxKYKHWe1BfIQ9RcwZ3oECFoQDg\" target=\"_blank\" rel=\"noopener\">Anfahrtsplan<\/a><\/p>\n<p><a href=\"https:\/\/www.bonvita.ch\/\">bonvita.ch<\/a><\/p>\n<\/div>\n                                            <\/div>\n                                                                    <div class=\"acf-interactive-map__point-card-wrap js--map-point-card-wrap\" style=\"top:17%; left:68%;\">\n                        <div class=\"acf-interactive-map__point js--map-point bg-yellow\">\n                           <img decoding=\"async\" width=\"42\" height=\"42\" src=\"https:\/\/www.gmsa.ch\/wp-content\/uploads\/2023\/09\/gmsa-carte-picto-silo.svg\" class=\"attachment-full size-full\" alt=\"\" \/>                        <\/div>\n                                                <div class=\"acf-interactive-map__card js--map-card\"><p><strong>Groupe Minoteries SA, Silo Schwarzenbach<\/strong><\/p>\n<p>Salen 1065<br \/>\n9536 Schwarzenbach (SG)<\/p>\n<p>T <a href=\"tel:+41 71 923 71 55\">+41 71 923 71 55<\/a><\/p>\n<p><a href=\"mailto:groupe@gmsa.ch\">groupe@gmsa.ch<\/a><\/p>\n<p><a href=\"https:\/\/www.google.com\/maps\/dir\/steiner+muhle+ag\/Schwarzenbach,+9536+Jonschwil\/@47.0092296,7.1556771,9z\/data=!3m1!4b1!4m12!4m11!1m4!2m2!1d6.6256896!2d46.514176!4e1!1m5!1m1!1s0x479ae9b7967281f7:0xb9ec90313fe60132!2m2!1d9.0764333!2d47.4423658?entry=ttu\" target=\"_blank\" rel=\"noopener\">Anfahrtsplan<\/a><\/p>\n<\/div>\n                                            <\/div>\n                                                                    <div class=\"acf-interactive-map__point-card-wrap js--map-point-card-wrap\" style=\"top:8%; left:65%;\">\n                        <div class=\"acf-interactive-map__point js--map-point bg-yellow\">\n                           <img decoding=\"async\" width=\"42\" height=\"42\" src=\"https:\/\/www.gmsa.ch\/wp-content\/uploads\/2023\/09\/gmsa-carte-picto-moulin.svg\" class=\"attachment-full size-full\" alt=\"\" \/>                        <\/div>\n                                                <div class=\"acf-interactive-map__card js--map-card\"><p><strong>Schweizerische Sch\u00e4lm\u00fchle E. Zwicky AG<\/strong><\/p>\n<p>M\u00fcllheimerstrasse 7<br \/>\n8554 M\u00fcllheim-Wigoltingen (TG)<\/p>\n<p>T <a href=\"tel:+41 52 763 17 44\">+41 52 763 17 44<\/a><\/p>\n<p><a href=\"mailto:info@zwicky.ch\" target=\"_blank\" rel=\"noopener\">info@zwicky.ch<\/a><\/p>\n<p><a href=\"https:\/\/maps.app.goo.gl\/FPtBecBPUKh6evUQA\" target=\"_blank\" rel=\"noopener\">Anfahrtsplan<\/a><\/p>\n<p><a href=\"https:\/\/www.zwicky.swiss\/de\/\" target=\"_blank\" rel=\"noopener\">zwicky.ch<\/a><\/p>\n<\/div>\n                                            <\/div>\n                                                                    <img decoding=\"async\" width=\"2560\" height=\"1631\" src=\"https:\/\/www.gmsa.ch\/wp-content\/uploads\/2023\/08\/map.png\" class=\"attachment-full size-full\" alt=\"\" srcset=\"https:\/\/www.gmsa.ch\/wp-content\/uploads\/2023\/08\/map.png 2560w, https:\/\/www.gmsa.ch\/wp-content\/uploads\/2023\/08\/map-300x191.png 300w, https:\/\/www.gmsa.ch\/wp-content\/uploads\/2023\/08\/map-1024x652.png 1024w, https:\/\/www.gmsa.ch\/wp-content\/uploads\/2023\/08\/map-768x489.png 768w, https:\/\/www.gmsa.ch\/wp-content\/uploads\/2023\/08\/map-1536x979.png 1536w, https:\/\/www.gmsa.ch\/wp-content\/uploads\/2023\/08\/map-2048x1305.png 2048w\" sizes=\"(max-width: 2560px) 100vw, 2560px\" \/>                            <\/div>\n        <\/div>\n    <\/div>\n<\/section>\n\n\n\n<div class=\"acf-container desktop:py-0 tablet:py-0 py-0 \"id=zertifikate>\n            <div class=\"acf-container__bg-overlay\" style=\"background: rgba(0, 0, 0, 0)\"><\/div>\n                <div class=\"container\">\n        \n\n<div class=\"acf-spacer h-[64px] tablet:h-[72px] desktop:h-[80px]\" id=acf-block-6a58a684e32cd3.50233778 ><\/div>\n\n\n\n<hr class=\"acf-separator has-bg-color has-light-basalt-background-color h-[1px] no-space\">\n\n\n\n<div class=\"acf-spacer h-[64px] tablet:h-[72px] desktop:h-[80px]\" id=acf-block-6a58a684e33043.48358417 ><\/div>\n\n\n<div class=\"acf-columns cols-gap-default reverse-none justify-start desktop:py-0 tablet:py-0 py-0\"id=acf-block-64ff03b6b8554>\n    \n\n<div class=\"acf-tp-column half \"id=acf-block-6a58a684e334f6.41729904>\n    <div class=\"acf-tp-column__box has-vertical-top py-0 px-0 tablet:py-0 tablet:px-0 desktop:px-0 desktop:py-0 \">\n                    <div class=\"acf-tp-column__bg-overlay\" style=\"background: rgba(0, 0, 0, 0)\"><\/div>\n                                <div class=\"acf-tp-column__box-content \">\n            \n\n<h2 id=\"h-zertifizierungen\" class=\"wp-block-heading\" style=\"text-transform:uppercase\">ZERTIFIZIERUNGEN<\/h2>\n\n\n\n<div class=\"acf-spacer h-[24px] tablet:h-[0px] desktop:h-[0px]\" id=acf-block-6a58a684e337d4.50303473 ><\/div>\n\n        <\/div>\n    <\/div>\n<\/div>\n\n\n<div class=\"acf-tp-column half \"id=acf-block-6a58a684e33a67.14704852>\n    <div class=\"acf-tp-column__box has-vertical-top py-0 px-0 tablet:py-0 tablet:px-0 desktop:px-0 desktop:py-0 \">\n                    <div class=\"acf-tp-column__bg-overlay\" style=\"background: rgba(0, 0, 0, 0)\"><\/div>\n                                <div class=\"acf-tp-column__box-content \">\n            \n\n<p class=\"has-32-font-size wp-block-paragraph\">Die Zertifikate belegen, dass wir nicht nur das Beste f\u00fcr unsere Kunden tun, sondern auch die strengen Anforderungen der Normen f\u00fcr Unternehmensf\u00fchrung, Lebensmittelsicherheit und Energieeffizienz sowie jede Spezifikation, welche die verschiedenen Labels beschreiben, einhalten und stets erf\u00fcllen.<\/p>\n\n\n        <\/div>\n    <\/div>\n<\/div>\n\n<\/div>\n\n\n\n\n\n    <\/div>\n<\/div>\n\n\n\n\n\n<div class=\"acf-container desktop:py-0 tablet:py-0 py-0 \"id=acf-block-64f8313c736c9>\n            <div class=\"acf-container__bg-overlay\" style=\"background: rgba(0, 0, 0, 0)\"><\/div>\n                <div class=\"container\">\n        \n\n<div class=\"acf-spacer h-[104px] tablet:h-[104px] desktop:h-[120px]\" id=acf-block-64f8313c736e3 ><\/div>\n\n\n<div class=\"acf-columns big-gap reverse-none justify-start desktop:py-0 tablet:py-0 py-0\"id=acf-block-64f8313c736f3>\n    \n\n<div class=\"acf-tp-column two-third \"id=acf-block-64f8313c7370b>\n    <div class=\"acf-tp-column__box has-vertical-top py-0 px-0 tablet:py-0 tablet:px-0 desktop:px-0 desktop:py-0 \">\n                    <div class=\"acf-tp-column__bg-overlay\" style=\"background: rgba(0, 0, 0, 0)\"><\/div>\n                                <div class=\"acf-tp-column__box-content \">\n            \n\n<h3 id=\"h-compliance-und-fssc-normen\" class=\"wp-block-heading\" style=\"text-transform:uppercase\">COMPLIANCE UND FSSC-NORMEN<\/h3>\n\n\n\n<div class=\"acf-spacer h-[8px] tablet:h-[8px] desktop:h-[16px]\" id=acf-block-64f8313c7371c ><\/div>\n\n\n<p class=\"wp-block-paragraph\">Durch die Einf\u00fchrung und Aufrechterhaltung des Qualit\u00e4tsmanagements werden unsere Prozesse und Verfahren gem\u00e4ss den Normen FSSC 22000 definiert und dokumentiert. Wir bem\u00fchen uns um eine kontinuierliche Verbesserung der Unternehmensleistung und \u00fcberwachen diese durch regelm\u00e4ssige Kontrollen jedes einzelnen Prozesses. <\/p>\n\n\n        <\/div>\n    <\/div>\n<\/div>\n\n<\/div>\n\n\n\n\n\n\n<div class=\"acf-spacer h-[8px] tablet:h-[16px] desktop:h-[24px]\" id=acf-block-675845191729b ><\/div>\n\n\n<div class=\"acf-columns fade-up cols-gap-default reverse-none justify-start desktop:py-0 tablet:py-0 py-0\"id=acf-block-64f83e93bfe39>\n    \n\n<div class=\"acf-tp-column one-third \"id=acf-block-64f83e93bfffb>\n    <div class=\"acf-tp-column__box has-vertical-top py-0 px-[24px] tablet:py-0 tablet:px-[24px] desktop:px-[24px] desktop:py-0 \">\n                    <div class=\"acf-tp-column__bg-overlay\" style=\"background: rgba(0, 0, 0, 0)\"><\/div>\n                                <div class=\"acf-tp-column__box-content \">\n            \n\n<figure class=\"wp-block-image alignleft size-full is-resized center\"><img decoding=\"async\" width=\"400\" height=\"400\" src=\"https:\/\/www.gmsa.ch\/wp-content\/uploads\/2023\/09\/gmsa-logo-partenaire-fssc.jpg\" alt=\"\" class=\"wp-image-4363\" style=\"width:200px;height:undefinedpx\" srcset=\"https:\/\/www.gmsa.ch\/wp-content\/uploads\/2023\/09\/gmsa-logo-partenaire-fssc.jpg 400w, https:\/\/www.gmsa.ch\/wp-content\/uploads\/2023\/09\/gmsa-logo-partenaire-fssc-300x300.jpg 300w, https:\/\/www.gmsa.ch\/wp-content\/uploads\/2023\/09\/gmsa-logo-partenaire-fssc-150x150.jpg 150w\" sizes=\"(max-width: 400px) 100vw, 400px\" \/><\/figure>\n\n\n\n<div class=\"acf-spacer h-[32px] tablet:h-[32px] desktop:h-[40px]\" id=acf-block-64f83e93c002b ><\/div>\n\n\n<p class=\"is-style-font-trade-gothic has-24-font-size wp-block-paragraph\"><strong>FSSC 22000<\/strong><\/p>\n\n\n\n<p class=\"has-18-font-size wp-block-paragraph\">FSSC 22000 ist ein international anerkanntes Zertifizierungssystem f\u00fcr Lebensmittelsicherheit. Es erm\u00f6glicht uns, Risiken in einer Vielzahl von Bereichen zu begegnen.<\/p>\n\n\n\n    <div class=\"acf-buttons start inline-buttons\"id=acf-block-64f87aab9d590>\n\n        \n                            <a href=\"http:\/\/www.fssc.com\" target=\"_blank\"\n                   class=\"acf-button__link\">fssc.com<\/a>\n            \n            \n            <\/div>\n\n\n\n<div class=\"acf-spacer h-[16px] tablet:h-[16px] desktop:h-[24px]\" id=acf-block-6a58a684e34f90.68107721 ><\/div>\n\n        <\/div>\n    <\/div>\n<\/div>\n\n\n<div class=\"acf-tp-column one-third \"id=acf-block-64f83e93c00eb>\n    <div class=\"acf-tp-column__box has-vertical-top py-0 px-[24px] tablet:py-0 tablet:px-[24px] desktop:px-[24px] desktop:py-0 \">\n                    <div class=\"acf-tp-column__bg-overlay\" style=\"background: rgba(0, 0, 0, 0)\"><\/div>\n                                <div class=\"acf-tp-column__box-content \">\n            \n\n<figure class=\"wp-block-image alignleft size-full is-resized center is-style-default\"><img decoding=\"async\" width=\"400\" height=\"400\" src=\"https:\/\/www.gmsa.ch\/wp-content\/uploads\/2024\/04\/EnAW_Logo-1.jpg\" alt=\"\" class=\"wp-image-9827\" style=\"width:199px;height:auto\" srcset=\"https:\/\/www.gmsa.ch\/wp-content\/uploads\/2024\/04\/EnAW_Logo-1.jpg 400w, https:\/\/www.gmsa.ch\/wp-content\/uploads\/2024\/04\/EnAW_Logo-1-300x300.jpg 300w, https:\/\/www.gmsa.ch\/wp-content\/uploads\/2024\/04\/EnAW_Logo-1-150x150.jpg 150w\" sizes=\"(max-width: 400px) 100vw, 400px\" \/><\/figure>\n\n\n\n<div class=\"acf-spacer h-[32px] tablet:h-[32px] desktop:h-[40px]\" id=acf-block-64f83e93c0114 ><\/div>\n\n\n<p class=\"is-style-font-trade-gothic has-24-font-size wp-block-paragraph\"><strong>EnAW<\/strong><\/p>\n\n\n\n<p class=\"has-18-font-size wp-block-paragraph\">Das EnAW-Zertifikat belegt unser Engagement im wirtschaftlichen und nachhaltigen Klimaschutz in Bezug auf Energieeffizienz und CO2-Reduktion.<\/p>\n\n\n\n    <div class=\"acf-buttons start inline-buttons\"id=acf-block-64f87aab9d672>\n\n        \n                            <a href=\"https:\/\/enaw.ch\/\" target=\"_blank\"\n                   class=\"acf-button__link\">enaw.ch<\/a>\n            \n            \n            <\/div>\n\n\n\n<div class=\"acf-spacer h-[16px] tablet:h-[16px] desktop:h-[24px]\" id=acf-block-6a58a684e35785.29954332 ><\/div>\n\n        <\/div>\n    <\/div>\n<\/div>\n\n\n<div class=\"acf-tp-column one-third \"id=acf-block-64f83e93c01cc>\n    <div class=\"acf-tp-column__box has-vertical-top py-0 px-[24px] tablet:py-0 tablet:px-[24px] desktop:px-[24px] desktop:py-0 \">\n                    <div class=\"acf-tp-column__bg-overlay\" style=\"background: rgba(0, 0, 0, 0)\"><\/div>\n                                <div class=\"acf-tp-column__box-content \">\n            \n\n<figure class=\"wp-block-image alignleft size-full is-resized center\"><img decoding=\"async\" width=\"400\" height=\"400\" src=\"https:\/\/www.gmsa.ch\/wp-content\/uploads\/2023\/09\/gmsa-logo-partenaire-formationprofch.jpg\" alt=\"\" class=\"wp-image-4365\" style=\"width:200px;height:undefinedpx\" srcset=\"https:\/\/www.gmsa.ch\/wp-content\/uploads\/2023\/09\/gmsa-logo-partenaire-formationprofch.jpg 400w, https:\/\/www.gmsa.ch\/wp-content\/uploads\/2023\/09\/gmsa-logo-partenaire-formationprofch-300x300.jpg 300w, https:\/\/www.gmsa.ch\/wp-content\/uploads\/2023\/09\/gmsa-logo-partenaire-formationprofch-150x150.jpg 150w\" sizes=\"(max-width: 400px) 100vw, 400px\" \/><\/figure>\n\n\n\n<div class=\"acf-spacer h-[32px] tablet:h-[32px] desktop:h-[40px]\" id=acf-block-64f83e93c01f3 ><\/div>\n\n\n<p class=\"has-text-align-left is-style-font-trade-gothic has-24-font-size wp-block-paragraph\"><strong>Entreprise formatrice<\/strong><\/p>\n\n\n\n<p class=\"has-text-align-left has-18-font-size wp-block-paragraph\">Wir sind stolz darauf, junge Menschen in Lehrberufen auszubilden.<\/p>\n\n\n\n    <div class=\"acf-buttons start inline-buttons\"id=acf-block-64f87aab9d703>\n\n        \n                            <a href=\"https:\/\/www.formationprof.ch\/dyn\/1008.aspx\" target=\"_blank\"\n                   class=\"acf-button__link\">formationprof.ch<\/a>\n            \n            \n            <\/div>\n\n\n\n<div class=\"acf-spacer h-[16px] tablet:h-[16px] desktop:h-[24px]\" id=acf-block-6a58a684e36495.89143235 ><\/div>\n\n        <\/div>\n    <\/div>\n<\/div>\n\n<\/div>\n\n\n\n\n\n\n<div class=\"acf-spacer h-[64px] tablet:h-[72px] desktop:h-[80px]\" id=acf-block-650039329bab7 ><\/div>\n\n\n<div class=\"acf-columns big-gap reverse-none justify-start desktop:py-0 tablet:py-0 py-0\"id=acf-block-6a58a684e367c6.87544847>\n    \n\n<div class=\"acf-tp-column two-third \"id=acf-block-6a58a684e36a74.63057458>\n    <div class=\"acf-tp-column__box has-vertical-top py-0 px-0 tablet:py-0 tablet:px-0 desktop:px-0 desktop:py-0 \">\n                    <div class=\"acf-tp-column__bg-overlay\" style=\"background: rgba(0, 0, 0, 0)\"><\/div>\n                                <div class=\"acf-tp-column__box-content \">\n            \n\n<h3 id=\"h-unsere-zertifikate-herunterladen\" class=\"wp-block-heading\" style=\"text-transform:uppercase\">UNSERE ZERTIFIKATE HERUNTERLADEN<\/h3>\n\n\n\n<div class=\"acf-spacer h-[56px] tablet:h-[56px] desktop:h-[64px]\" id=acf-block-6a58a684e36cb5.93913504 ><\/div>\n\n        <\/div>\n    <\/div>\n<\/div>\n\n<\/div>\n\n\n\n\n\n    <div class=\"acf-accordion-media has-black-color\"id=acf-block-65017f9f84587 >\n                    <div class=\"acf-accordion-media__row js--accordion-media-row \">\n                <div class=\"acf-accordion-media__title js--accordion-media-title\">\n                    <div class=\"acf-accordions-media__accordion-heading-wrapper\">\n                        <h5>FOOD SAFETY SYSTEM CERTIFICATION 22000<\/h5>\n                                            <\/div>\n                    <div class=\"acf-accordion-media__title-icon\">\n                        <span><\/span>\n                        <span><\/span>\n                    <\/div>\n                <\/div>\n                <div class=\"acf-accordion-media__content js--accordion-media-content\">\n                    <div class=\"acf-accordion-media__content-header\">\n                        <div class=\"acf-accordion-media__content-header-item\">Food safety system certification 22000<\/div>\n                                                <div class=\"acf-accordion-media__content-header-item is-last\">herunterladen<\/div>\n                    <\/div>\n                                                                        <div class=\"acf-accordion-media__content-row js--acc-media-inner-row \">\n                                <div class=\"acf-accordion-media__content-row-text\">\n                                    <div class=\"acf-accordion-media__content-row-name font-bold\">FSSC 22000 &#8211; Moulins de Granges SA<\/div>\n                                                                    <\/div>\n                                <div class=\"acf-accordion-media__content-row-buttons\">\n                                                                                                                                                                        <a href=\"https:\/\/www.gmsa.ch\/wp-content\/uploads\/2024\/05\/MG-2027-FSSC_ISO-22000_fr.pdf\"\n                                                   target=\"_blank\">FR<\/a>\n                                                                                                                                                                                <a href=\"https:\/\/www.gmsa.ch\/wp-content\/uploads\/2024\/05\/MG-2027-FSSC_ISO-22000_de.pdf\"\n                                                   target=\"_blank\">DE<\/a>\n                                                                                                                                                        <\/div>\n                            <\/div>\n                                                    <div class=\"acf-accordion-media__content-row js--acc-media-inner-row \">\n                                <div class=\"acf-accordion-media__content-row-text\">\n                                    <div class=\"acf-accordion-media__content-row-name font-bold\">FSSC 22000 &#8211; Bruggm\u00fchle Goldach AG<\/div>\n                                                                    <\/div>\n                                <div class=\"acf-accordion-media__content-row-buttons\">\n                                                                                                                                                                        <a href=\"https:\/\/www.gmsa.ch\/wp-content\/uploads\/2024\/05\/BMG-2027-FSSC-ISO-22000_fr.pdf\"\n                                                   target=\"_blank\">FR<\/a>\n                                                                                                                                                                                <a href=\"https:\/\/www.gmsa.ch\/wp-content\/uploads\/2024\/05\/BMG-2027-FSSC-ISO-22000_de.pdf\"\n                                                   target=\"_blank\">DE<\/a>\n                                                                                                                                                        <\/div>\n                            <\/div>\n                                                    <div class=\"acf-accordion-media__content-row js--acc-media-inner-row \">\n                                <div class=\"acf-accordion-media__content-row-text\">\n                                    <div class=\"acf-accordion-media__content-row-name font-bold\">FSSC 22000 &#8211; Moulins du Valais SA<\/div>\n                                                                    <\/div>\n                                <div class=\"acf-accordion-media__content-row-buttons\">\n                                                                                                                                                                                                                                                                                                                        <\/div>\n                            <\/div>\n                                                    <div class=\"acf-accordion-media__content-row js--acc-media-inner-row \">\n                                <div class=\"acf-accordion-media__content-row-text\">\n                                    <div class=\"acf-accordion-media__content-row-name font-bold\">FSSC 22000 &#8211; Bonvita AG<\/div>\n                                                                    <\/div>\n                                <div class=\"acf-accordion-media__content-row-buttons\">\n                                                                                                                                                                        <a href=\"https:\/\/www.gmsa.ch\/wp-content\/uploads\/2024\/05\/BVA-2027-FSSC_ISO-22000_fr.pdf\"\n                                                   target=\"_blank\">FR<\/a>\n                                                                                                                                                                                <a href=\"https:\/\/www.gmsa.ch\/wp-content\/uploads\/2024\/05\/BVA-2027-FSSC_ISO-22000_de.pdf\"\n                                                   target=\"_blank\">DE<\/a>\n                                                                                                                                                        <\/div>\n                            <\/div>\n                                                    <div class=\"acf-accordion-media__content-row js--acc-media-inner-row \">\n                                <div class=\"acf-accordion-media__content-row-text\">\n                                    <div class=\"acf-accordion-media__content-row-name font-bold\">FSSC 22000 &#8211; Steiner M\u00fchle AG<\/div>\n                                                                    <\/div>\n                                <div class=\"acf-accordion-media__content-row-buttons\">\n                                                                                                                                                                        <a href=\"https:\/\/www.gmsa.ch\/wp-content\/uploads\/2024\/05\/STM-2027-FSSC-ISO-22000_fr.pdf\"\n                                                   target=\"_blank\">FR<\/a>\n                                                                                                                                                                                <a href=\"https:\/\/www.gmsa.ch\/wp-content\/uploads\/2024\/05\/STM-2027-FSSC-ISO-22000_de.pdf\"\n                                                   target=\"_blank\">DE<\/a>\n                                                                                                                                                                                <a href=\"https:\/\/www.gmsa.ch\/wp-content\/uploads\/2024\/05\/STM-2027-FSSC-ISO-22000_en.pdf\"\n                                                   target=\"_blank\">EN<\/a>\n                                                                                                                                                        <\/div>\n                            <\/div>\n                                            \n                    \n                <\/div>\n            <\/div>\n                    <div class=\"acf-accordion-media__row js--accordion-media-row \">\n                <div class=\"acf-accordion-media__title js--accordion-media-title\">\n                    <div class=\"acf-accordions-media__accordion-heading-wrapper\">\n                        <h5>EnAW<\/h5>\n                                            <\/div>\n                    <div class=\"acf-accordion-media__title-icon\">\n                        <span><\/span>\n                        <span><\/span>\n                    <\/div>\n                <\/div>\n                <div class=\"acf-accordion-media__content js--accordion-media-content\">\n                    <div class=\"acf-accordion-media__content-header\">\n                        <div class=\"acf-accordion-media__content-header-item\">Energieeffizienz<\/div>\n                                                <div class=\"acf-accordion-media__content-header-item is-last\">Download<\/div>\n                    <\/div>\n                                                                        <div class=\"acf-accordion-media__content-row js--acc-media-inner-row \">\n                                <div class=\"acf-accordion-media__content-row-text\">\n                                    <div class=\"acf-accordion-media__content-row-name font-bold\">Zertifikat EnAW<\/div>\n                                                                    <\/div>\n                                <div class=\"acf-accordion-media__content-row-buttons\">\n                                                                                                                                                                        <a href=\"https:\/\/www.gmsa.ch\/wp-content\/uploads\/2026\/02\/Certificat_AEnEC_2026_14154_Groupe-Minoteries-SA.pdf\"\n                                                   target=\"_blank\">FR<\/a>\n                                                                                                                                                        <\/div>\n                            <\/div>\n                                            \n                    \n                <\/div>\n            <\/div>\n                    <div class=\"acf-accordion-media__row js--accordion-media-row \">\n                <div class=\"acf-accordion-media__title js--accordion-media-title\">\n                    <div class=\"acf-accordions-media__accordion-heading-wrapper\">\n                        <h5>\u00d6KOSTROM<\/h5>\n                                            <\/div>\n                    <div class=\"acf-accordion-media__title-icon\">\n                        <span><\/span>\n                        <span><\/span>\n                    <\/div>\n                <\/div>\n                <div class=\"acf-accordion-media__content js--accordion-media-content\">\n                    <div class=\"acf-accordion-media__content-header\">\n                        <div class=\"acf-accordion-media__content-header-item\">\u00d6kostrom<\/div>\n                                                <div class=\"acf-accordion-media__content-header-item is-last\">Download<\/div>\n                    <\/div>\n                                                                        <div class=\"acf-accordion-media__content-row js--acc-media-inner-row \">\n                                <div class=\"acf-accordion-media__content-row-text\">\n                                    <div class=\"acf-accordion-media__content-row-name font-bold\">Zertifikat \u00d6kostrom Steiner M\u00fchle AG<\/div>\n                                                                    <\/div>\n                                <div class=\"acf-accordion-media__content-row-buttons\">\n                                                                                                                                                                        <a href=\"https:\/\/www.gmsa.ch\/wp-content\/uploads\/2026\/02\/260202_Steiner-Muhle_Zertifikat.pdf\"\n                                                   target=\"_blank\">DE<\/a>\n                                                                                                                                                        <\/div>\n                            <\/div>\n                                            \n                    \n                <\/div>\n            <\/div>\n            <\/div>\n\n\n    <div class=\"acf-accordion-media-v2 has-black-color\"id=acf-block-6758053595eb6 >\n                    <div class=\"acf-accordion-media__row js--accordion-media-row-v2 \">\n                <div class=\"acf-accordion-media__title js--accordion-media-title-v2\">\n                    <div class=\"acf-accordions-media__accordion-heading-wrapper\">\n                        <h5>ZERTIFIKATE PRO PRODUKTIONSSTANDORT<\/h5>\n                                            <\/div>\n                    <div class=\"acf-accordion-media__title-icon\">\n                        <span><\/span>\n                        <span><\/span>\n                    <\/div>\n                <\/div>\n                <div class=\"acf-accordion-media__content js--accordion-media-content-v2\">\n                    <div class=\"acf-accordion-media__content-header\">\n                        <div class=\"acf-accordion-media__content-header-item\">Standort <\/div>\n                                                    <div class=\"acf-accordion-media__content-header-item\">ProCert<\/div>\n                                                <div class=\"acf-accordion-media__content-header-item \">Easy-Cert<\/div>\n                    <\/div>\n                                                                        <div class=\"acf-accordion-media__content-row js--acc-media-inner-row-v2 \">\n                                <div class=\"acf-accordion-media__content-row-text\">\n                                    <div class=\"acf-accordion-media__content-row-name font-bold\">Moulins de Granges SA<\/div>\n                                <\/div>\n\n                                <div class=\"acf-accordion-media__content-row-buttons\">\n                                                                                                                                                                                                                    <a href=\"https:\/\/www.procert.ch\/de\/certificats\/moulins-de-granges-sa-10204-11.html\"\n                                                   target=\"_blank\">\n                                                    <svg width=\"20\" height=\"21\" viewBox=\"0 0 20 21\" fill=\"none\" xmlns=\"http:\/\/www.w3.org\/2000\/svg\">\n                                                        <path d=\"M16 11.5V17.5C16 18.0304 15.7893 18.5391 15.4142 18.9142C15.0391 19.2893 14.5304 19.5 14 19.5H3C2.46957 19.5 1.96086 19.2893 1.58579 18.9142C1.21071 18.5391 1 18.0304 1 17.5V6.5C1 5.96957 1.21071 5.46086 1.58579 5.08579C1.96086 4.71071 2.46957 4.5 3 4.5H9\" stroke=\"currentColor\" stroke-width=\"2\" stroke-linecap=\"round\" stroke-linejoin=\"round\"\/>\n                                                        <path d=\"M13 1.5H19V7.5\" stroke=\"currentColor\" stroke-width=\"2\" stroke-linecap=\"round\" stroke-linejoin=\"round\"\/>\n                                                        <path d=\"M8 12.5L19 1.5\" stroke=\"currentColor\" stroke-width=\"2\" stroke-linecap=\"round\" stroke-linejoin=\"round\"\/>\n                                                    <\/svg>\n                                                <\/a>\n                                                                                                                                                        <\/div>\n\n                                <div class=\"acf-accordion-media__content-row-buttons\">\n                                                                                                                                                                                                                    <a href=\"http:\/\/www.easy-cert.com\/htm\/suchresultat-detail.htm?id=12025&#038;db=oic&#038;sprache=de\"\n                                                   target=\"_blank\">\n                                                    <svg width=\"20\" height=\"21\" viewBox=\"0 0 20 21\" fill=\"none\" xmlns=\"http:\/\/www.w3.org\/2000\/svg\">\n                                                        <path d=\"M16 11.5V17.5C16 18.0304 15.7893 18.5391 15.4142 18.9142C15.0391 19.2893 14.5304 19.5 14 19.5H3C2.46957 19.5 1.96086 19.2893 1.58579 18.9142C1.21071 18.5391 1 18.0304 1 17.5V6.5C1 5.96957 1.21071 5.46086 1.58579 5.08579C1.96086 4.71071 2.46957 4.5 3 4.5H9\" stroke=\"currentColor\" stroke-width=\"2\" stroke-linecap=\"round\" stroke-linejoin=\"round\"\/>\n                                                        <path d=\"M13 1.5H19V7.5\" stroke=\"currentColor\" stroke-width=\"2\" stroke-linecap=\"round\" stroke-linejoin=\"round\"\/>\n                                                        <path d=\"M8 12.5L19 1.5\" stroke=\"currentColor\" stroke-width=\"2\" stroke-linecap=\"round\" stroke-linejoin=\"round\"\/>\n                                                    <\/svg>\n                                                <\/a>\n                                                                                                                                                        <\/div>\n                            <\/div>\n                                                    <div class=\"acf-accordion-media__content-row js--acc-media-inner-row-v2 \">\n                                <div class=\"acf-accordion-media__content-row-text\">\n                                    <div class=\"acf-accordion-media__content-row-name font-bold\">Bruggm\u00fchle Goldach AG<\/div>\n                                <\/div>\n\n                                <div class=\"acf-accordion-media__content-row-buttons\">\n                                                                                                                                                                                                                    <a href=\"https:\/\/www.procert.ch\/de\/certificats\/bruggmuehle-goldach-ag-10197-11.html\"\n                                                   target=\"_blank\">\n                                                    <svg width=\"20\" height=\"21\" viewBox=\"0 0 20 21\" fill=\"none\" xmlns=\"http:\/\/www.w3.org\/2000\/svg\">\n                                                        <path d=\"M16 11.5V17.5C16 18.0304 15.7893 18.5391 15.4142 18.9142C15.0391 19.2893 14.5304 19.5 14 19.5H3C2.46957 19.5 1.96086 19.2893 1.58579 18.9142C1.21071 18.5391 1 18.0304 1 17.5V6.5C1 5.96957 1.21071 5.46086 1.58579 5.08579C1.96086 4.71071 2.46957 4.5 3 4.5H9\" stroke=\"currentColor\" stroke-width=\"2\" stroke-linecap=\"round\" stroke-linejoin=\"round\"\/>\n                                                        <path d=\"M13 1.5H19V7.5\" stroke=\"currentColor\" stroke-width=\"2\" stroke-linecap=\"round\" stroke-linejoin=\"round\"\/>\n                                                        <path d=\"M8 12.5L19 1.5\" stroke=\"currentColor\" stroke-width=\"2\" stroke-linecap=\"round\" stroke-linejoin=\"round\"\/>\n                                                    <\/svg>\n                                                <\/a>\n                                                                                                                                                        <\/div>\n\n                                <div class=\"acf-accordion-media__content-row-buttons\">\n                                                                    <\/div>\n                            <\/div>\n                                                    <div class=\"acf-accordion-media__content-row js--acc-media-inner-row-v2 \">\n                                <div class=\"acf-accordion-media__content-row-text\">\n                                    <div class=\"acf-accordion-media__content-row-name font-bold\">Steiner M\u00fchle AG<\/div>\n                                <\/div>\n\n                                <div class=\"acf-accordion-media__content-row-buttons\">\n                                                                                                                                                                                                                    <a href=\"https:\/\/www.procert.ch\/de\/certificats\/steiner-muehle-ag-11799-11.html\"\n                                                   target=\"_blank\">\n                                                    <svg width=\"20\" height=\"21\" viewBox=\"0 0 20 21\" fill=\"none\" xmlns=\"http:\/\/www.w3.org\/2000\/svg\">\n                                                        <path d=\"M16 11.5V17.5C16 18.0304 15.7893 18.5391 15.4142 18.9142C15.0391 19.2893 14.5304 19.5 14 19.5H3C2.46957 19.5 1.96086 19.2893 1.58579 18.9142C1.21071 18.5391 1 18.0304 1 17.5V6.5C1 5.96957 1.21071 5.46086 1.58579 5.08579C1.96086 4.71071 2.46957 4.5 3 4.5H9\" stroke=\"currentColor\" stroke-width=\"2\" stroke-linecap=\"round\" stroke-linejoin=\"round\"\/>\n                                                        <path d=\"M13 1.5H19V7.5\" stroke=\"currentColor\" stroke-width=\"2\" stroke-linecap=\"round\" stroke-linejoin=\"round\"\/>\n                                                        <path d=\"M8 12.5L19 1.5\" stroke=\"currentColor\" stroke-width=\"2\" stroke-linecap=\"round\" stroke-linejoin=\"round\"\/>\n                                                    <\/svg>\n                                                <\/a>\n                                                                                                                                                        <\/div>\n\n                                <div class=\"acf-accordion-media__content-row-buttons\">\n                                                                                                                                                                                                                    <a href=\"http:\/\/www.easy-cert.com\/htm\/suchresultat-detail.htm?id=e3d85226-91bb-40b4-a45a-45b677245ecf&#038;db=bio&#038;sprache=de\"\n                                                   target=\"_blank\">\n                                                    <svg width=\"20\" height=\"21\" viewBox=\"0 0 20 21\" fill=\"none\" xmlns=\"http:\/\/www.w3.org\/2000\/svg\">\n                                                        <path d=\"M16 11.5V17.5C16 18.0304 15.7893 18.5391 15.4142 18.9142C15.0391 19.2893 14.5304 19.5 14 19.5H3C2.46957 19.5 1.96086 19.2893 1.58579 18.9142C1.21071 18.5391 1 18.0304 1 17.5V6.5C1 5.96957 1.21071 5.46086 1.58579 5.08579C1.96086 4.71071 2.46957 4.5 3 4.5H9\" stroke=\"currentColor\" stroke-width=\"2\" stroke-linecap=\"round\" stroke-linejoin=\"round\"\/>\n                                                        <path d=\"M13 1.5H19V7.5\" stroke=\"currentColor\" stroke-width=\"2\" stroke-linecap=\"round\" stroke-linejoin=\"round\"\/>\n                                                        <path d=\"M8 12.5L19 1.5\" stroke=\"currentColor\" stroke-width=\"2\" stroke-linecap=\"round\" stroke-linejoin=\"round\"\/>\n                                                    <\/svg>\n                                                <\/a>\n                                                                                                                                                        <\/div>\n                            <\/div>\n                                                    <div class=\"acf-accordion-media__content-row js--acc-media-inner-row-v2 \">\n                                <div class=\"acf-accordion-media__content-row-text\">\n                                    <div class=\"acf-accordion-media__content-row-name font-bold\">Bonvita AG<\/div>\n                                <\/div>\n\n                                <div class=\"acf-accordion-media__content-row-buttons\">\n                                                                                                                                                                                                                    <a href=\"https:\/\/www.procert.ch\/de\/certificats\/bonvita-ag-11537-11.html\"\n                                                   target=\"_blank\">\n                                                    <svg width=\"20\" height=\"21\" viewBox=\"0 0 20 21\" fill=\"none\" xmlns=\"http:\/\/www.w3.org\/2000\/svg\">\n                                                        <path d=\"M16 11.5V17.5C16 18.0304 15.7893 18.5391 15.4142 18.9142C15.0391 19.2893 14.5304 19.5 14 19.5H3C2.46957 19.5 1.96086 19.2893 1.58579 18.9142C1.21071 18.5391 1 18.0304 1 17.5V6.5C1 5.96957 1.21071 5.46086 1.58579 5.08579C1.96086 4.71071 2.46957 4.5 3 4.5H9\" stroke=\"currentColor\" stroke-width=\"2\" stroke-linecap=\"round\" stroke-linejoin=\"round\"\/>\n                                                        <path d=\"M13 1.5H19V7.5\" stroke=\"currentColor\" stroke-width=\"2\" stroke-linecap=\"round\" stroke-linejoin=\"round\"\/>\n                                                        <path d=\"M8 12.5L19 1.5\" stroke=\"currentColor\" stroke-width=\"2\" stroke-linecap=\"round\" stroke-linejoin=\"round\"\/>\n                                                    <\/svg>\n                                                <\/a>\n                                                                                                                                                        <\/div>\n\n                                <div class=\"acf-accordion-media__content-row-buttons\">\n                                                                    <\/div>\n                            <\/div>\n                                                    <div class=\"acf-accordion-media__content-row js--acc-media-inner-row-v2 \">\n                                <div class=\"acf-accordion-media__content-row-text\">\n                                    <div class=\"acf-accordion-media__content-row-name font-bold\">Moulin du Valais SA<\/div>\n                                <\/div>\n\n                                <div class=\"acf-accordion-media__content-row-buttons\">\n                                                                                                                                                                                                                    <a href=\"https:\/\/www.procert.ch\/de\/certificats\/gebr-augsburger-ag-10288-11.html\"\n                                                   target=\"_blank\">\n                                                    <svg width=\"20\" height=\"21\" viewBox=\"0 0 20 21\" fill=\"none\" xmlns=\"http:\/\/www.w3.org\/2000\/svg\">\n                                                        <path d=\"M16 11.5V17.5C16 18.0304 15.7893 18.5391 15.4142 18.9142C15.0391 19.2893 14.5304 19.5 14 19.5H3C2.46957 19.5 1.96086 19.2893 1.58579 18.9142C1.21071 18.5391 1 18.0304 1 17.5V6.5C1 5.96957 1.21071 5.46086 1.58579 5.08579C1.96086 4.71071 2.46957 4.5 3 4.5H9\" stroke=\"currentColor\" stroke-width=\"2\" stroke-linecap=\"round\" stroke-linejoin=\"round\"\/>\n                                                        <path d=\"M13 1.5H19V7.5\" stroke=\"currentColor\" stroke-width=\"2\" stroke-linecap=\"round\" stroke-linejoin=\"round\"\/>\n                                                        <path d=\"M8 12.5L19 1.5\" stroke=\"currentColor\" stroke-width=\"2\" stroke-linecap=\"round\" stroke-linejoin=\"round\"\/>\n                                                    <\/svg>\n                                                <\/a>\n                                                                                                                                                        <\/div>\n\n                                <div class=\"acf-accordion-media__content-row-buttons\">\n                                                                                                                                                                                                                    <a href=\"http:\/\/www.easy-cert.com\/htm\/suchresultat-detail.htm?id=1295&#038;db=oic&#038;sprache=de\"\n                                                   target=\"_blank\">\n                                                    <svg width=\"20\" height=\"21\" viewBox=\"0 0 20 21\" fill=\"none\" xmlns=\"http:\/\/www.w3.org\/2000\/svg\">\n                                                        <path d=\"M16 11.5V17.5C16 18.0304 15.7893 18.5391 15.4142 18.9142C15.0391 19.2893 14.5304 19.5 14 19.5H3C2.46957 19.5 1.96086 19.2893 1.58579 18.9142C1.21071 18.5391 1 18.0304 1 17.5V6.5C1 5.96957 1.21071 5.46086 1.58579 5.08579C1.96086 4.71071 2.46957 4.5 3 4.5H9\" stroke=\"currentColor\" stroke-width=\"2\" stroke-linecap=\"round\" stroke-linejoin=\"round\"\/>\n                                                        <path d=\"M13 1.5H19V7.5\" stroke=\"currentColor\" stroke-width=\"2\" stroke-linecap=\"round\" stroke-linejoin=\"round\"\/>\n                                                        <path d=\"M8 12.5L19 1.5\" stroke=\"currentColor\" stroke-width=\"2\" stroke-linecap=\"round\" stroke-linejoin=\"round\"\/>\n                                                    <\/svg>\n                                                <\/a>\n                                                                                                                                                        <\/div>\n                            <\/div>\n                                            \n                    \n                <\/div>\n            <\/div>\n            <\/div>\n\n\n\n<div class=\"acf-spacer h-[64px] tablet:h-[72px] desktop:h-[80px]\" id=acf-block-64f8313c7383d ><\/div>\n\n\n\n<hr class=\"acf-separator has-bg-color has-light-basalt-background-color h-[1px] no-space\">\n\n\n\n<div class=\"acf-spacer h-[64px] tablet:h-[72px] desktop:h-[80px]\" id=acf-block-64f8313c738a1 ><\/div>\n\n\n<div class=\"acf-columns cols-gap-default reverse-none justify-start desktop:py-0 tablet:py-0 py-0\"id=acf-block-64f8313c73871>\n    \n\n<div class=\"acf-tp-column two-third \"id=acf-block-64f8313c73886>\n    <div class=\"acf-tp-column__box has-vertical-top py-0 px-0 tablet:py-0 tablet:px-0 desktop:px-0 desktop:py-0 \">\n                    <div class=\"acf-tp-column__bg-overlay\" style=\"background: rgba(0, 0, 0, 0)\"><\/div>\n                                <div class=\"acf-tp-column__box-content \">\n            \n\n<h3 id=\"h-ein-engagement-das-von-zahlreichen-unabhangigen-labels-zertifiziert-wird\" class=\"wp-block-heading\" style=\"text-transform:uppercase\">EIN ENGAGEMENT, DAS VON ZAHLREICHEN UNABH\u00c4NGIGEN LABELS ZERTIFIZIERT WIRD<\/h3>\n\n\n\n<div class=\"acf-spacer h-[32px] tablet:h-[32px] desktop:h-[40px]\" id=acf-block-64f8313c73895 ><\/div>\n\n\n<p class=\"has-32-font-size wp-block-paragraph\">Aufgrund unserer Erfahrung mit der Herstellung verschiedener Labels garantieren wir ein hohes Mass an R\u00fcckverfolgbarkeit unserer Produkte.<\/p>\n\n\n        <\/div>\n    <\/div>\n<\/div>\n\n<\/div>\n\n\n\n\n\n\n<div class=\"acf-spacer h-[64px] tablet:h-[72px] desktop:h-[80px]\" id=acf-block-6a58a684e39338.60086660 ><\/div>\n\n\n<div class=\"acf-columns fade-up cols-gap-default reverse-none justify-start desktop:py-0 tablet:py-0 py-0\"id=acf-block-6a58a684e39535.59158892>\n    \n\n<div class=\"acf-tp-column one-third \"id=acf-block-6a58a684e397d5.49407225>\n    <div class=\"acf-tp-column__box has-vertical-top py-0 px-[24px] tablet:py-0 tablet:px-[24px] desktop:px-[24px] desktop:py-0 \">\n                    <div class=\"acf-tp-column__bg-overlay\" style=\"background: rgba(0, 0, 0, 0)\"><\/div>\n                                <div class=\"acf-tp-column__box-content \">\n            \n\n<figure class=\"wp-block-image alignleft size-full is-resized center\"><img decoding=\"async\" width=\"400\" height=\"400\" src=\"https:\/\/www.gmsa.ch\/wp-content\/uploads\/2023\/09\/gmsa-logo-partenaire-suisse-garantie.jpg\" alt=\"\" class=\"wp-image-4379\" style=\"width:200px;height:undefinedpx\" srcset=\"https:\/\/www.gmsa.ch\/wp-content\/uploads\/2023\/09\/gmsa-logo-partenaire-suisse-garantie.jpg 400w, https:\/\/www.gmsa.ch\/wp-content\/uploads\/2023\/09\/gmsa-logo-partenaire-suisse-garantie-300x300.jpg 300w, https:\/\/www.gmsa.ch\/wp-content\/uploads\/2023\/09\/gmsa-logo-partenaire-suisse-garantie-150x150.jpg 150w\" sizes=\"(max-width: 400px) 100vw, 400px\" \/><\/figure>\n\n\n\n<div class=\"acf-spacer h-[32px] tablet:h-[32px] desktop:h-[40px]\" id=acf-block-6a58a684e39a71.24744063 ><\/div>\n\n\n<p class=\"is-style-font-trade-gothic has-24-font-size wp-block-paragraph\"><strong>Suisse Garantie<\/strong><\/p>\n\n\n\n<p class=\"has-18-font-size wp-block-paragraph\">Produkte mit der Marke Suisse Garantie werden in der Schweiz hergestellt und verarbeitet, wobei die Zutaten aus einer umweltfreundlichen Schweizer Landwirtschaft stammen.<\/p>\n\n\n\n    <div class=\"acf-buttons start inline-buttons\"id=acf-block-6a58a684e39ca0.02873166>\n\n        \n                            <a href=\"https:\/\/www.suissegarantie.ch\/de\/\" target=\"_blank\"\n                   class=\"acf-button__link\">suissegarantie.ch<\/a>\n            \n            \n            <\/div>\n\n\n\n<div class=\"acf-spacer h-[16px] tablet:h-[16px] desktop:h-[24px]\" id=acf-block-6a58a684e39e94.60147338 ><\/div>\n\n        <\/div>\n    <\/div>\n<\/div>\n\n\n<div class=\"acf-tp-column one-third \"id=acf-block-6a58a684e3a122.29499633>\n    <div class=\"acf-tp-column__box has-vertical-top py-0 px-[24px] tablet:py-0 tablet:px-[24px] desktop:px-[24px] desktop:py-0 \">\n                    <div class=\"acf-tp-column__bg-overlay\" style=\"background: rgba(0, 0, 0, 0)\"><\/div>\n                                <div class=\"acf-tp-column__box-content \">\n            \n\n<figure class=\"wp-block-image alignleft size-full is-resized center\"><img decoding=\"async\" width=\"400\" height=\"400\" src=\"https:\/\/www.gmsa.ch\/wp-content\/uploads\/2025\/12\/gmsa-logo-ip-suisse-1.png\" alt=\"\" class=\"wp-image-14524\" style=\"width:auto;height:300px\" srcset=\"https:\/\/www.gmsa.ch\/wp-content\/uploads\/2025\/12\/gmsa-logo-ip-suisse-1.png 400w, https:\/\/www.gmsa.ch\/wp-content\/uploads\/2025\/12\/gmsa-logo-ip-suisse-1-300x300.png 300w, https:\/\/www.gmsa.ch\/wp-content\/uploads\/2025\/12\/gmsa-logo-ip-suisse-1-150x150.png 150w\" sizes=\"(max-width: 400px) 100vw, 400px\" \/><\/figure>\n\n\n\n<div class=\"acf-spacer h-[32px] tablet:h-[32px] desktop:h-[40px]\" id=acf-block-6a58a684e3a333.99451014 ><\/div>\n\n\n<p class=\"is-style-font-trade-gothic has-24-font-size wp-block-paragraph\"><strong>IP-SUISSE<\/strong><\/p>\n\n\n\n<p class=\"has-18-font-size wp-block-paragraph\">Das IP-Suisse-Label garantiert eine umweltfreundliche Produktion nach einem sehr ehrgeizigen Pflichtenheft. Zusammen mit IP-Suisse engagieren wir uns in mehreren Projekten, um unsere Branche noch nachhaltiger zu machen.<\/p>\n\n\n\n    <div class=\"acf-buttons start inline-buttons\"id=acf-block-6a58a684e3a597.87429509>\n\n        \n                            <a href=\"https:\/\/www.ipsuisse.ch\/\" target=\"_blank\"\n                   class=\"acf-button__link\">ipsuisse.ch<\/a>\n            \n            \n            <\/div>\n\n\n\n<div class=\"acf-spacer h-[16px] tablet:h-[16px] desktop:h-[24px]\" id=acf-block-6a58a684e3a7b7.32830472 ><\/div>\n\n        <\/div>\n    <\/div>\n<\/div>\n\n\n<div class=\"acf-tp-column one-third \"id=acf-block-6a58a684e3aa34.11050201>\n    <div class=\"acf-tp-column__box has-vertical-top py-0 px-[24px] tablet:py-0 tablet:px-[24px] desktop:px-[24px] desktop:py-0 \">\n                    <div class=\"acf-tp-column__bg-overlay\" style=\"background: rgba(0, 0, 0, 0)\"><\/div>\n                                <div class=\"acf-tp-column__box-content \">\n            \n\n<figure class=\"wp-block-image alignleft size-full is-resized center\"><img decoding=\"async\" width=\"400\" height=\"400\" src=\"https:\/\/www.gmsa.ch\/wp-content\/uploads\/2023\/09\/gmsa-logo-partenaire-bio-bourgeon.jpg\" alt=\"\" class=\"wp-image-4384\" style=\"width:200px;height:undefinedpx\" srcset=\"https:\/\/www.gmsa.ch\/wp-content\/uploads\/2023\/09\/gmsa-logo-partenaire-bio-bourgeon.jpg 400w, https:\/\/www.gmsa.ch\/wp-content\/uploads\/2023\/09\/gmsa-logo-partenaire-bio-bourgeon-300x300.jpg 300w, https:\/\/www.gmsa.ch\/wp-content\/uploads\/2023\/09\/gmsa-logo-partenaire-bio-bourgeon-150x150.jpg 150w\" sizes=\"(max-width: 400px) 100vw, 400px\" \/><\/figure>\n\n\n\n<div class=\"acf-spacer h-[32px] tablet:h-[32px] desktop:h-[40px]\" id=acf-block-6a58a684e3ac51.82828669 ><\/div>\n\n\n<p class=\"has-text-align-left is-style-font-trade-gothic has-24-font-size wp-block-paragraph\"><strong>Bio Knospe<\/strong><\/p>\n\n\n\n<p class=\"has-text-align-left has-18-font-size wp-block-paragraph\">Bio Knospe-Produkte stammen aus vollst\u00e4ndig biologisch gef\u00fchrten Betrieben und enthalten importierte Rohstoffe d\u00fcrfen auch importierte Rohstoffe enthalten.<\/p>\n\n\n\n    <div class=\"acf-buttons start inline-buttons\"id=acf-block-6a58a684e3aec3.93643306>\n\n        \n                            <a href=\"https:\/\/www.bio-suisse.ch\/de.html\" target=\"_blank\"\n                   class=\"acf-button__link\">bio-suisse.ch<\/a>\n            \n            \n            <\/div>\n\n\n\n<div class=\"acf-spacer h-[16px] tablet:h-[16px] desktop:h-[24px]\" id=acf-block-6a58a684e3b078.70930795 ><\/div>\n\n        <\/div>\n    <\/div>\n<\/div>\n\n<\/div>\n\n\n\n\n\n\n<div class=\"acf-columns fade-up cols-gap-default reverse-none justify-start desktop:py-0 tablet:py-0 py-0\"id=acf-block-6a58a684e3b336.35573663>\n    \n\n<div class=\"acf-tp-column one-third \"id=acf-block-6a58a684e3b5f2.83627399>\n    <div class=\"acf-tp-column__box has-vertical-top py-0 px-[24px] tablet:py-0 tablet:px-[24px] desktop:px-[24px] desktop:py-0 \">\n                    <div class=\"acf-tp-column__bg-overlay\" style=\"background: rgba(0, 0, 0, 0)\"><\/div>\n                                <div class=\"acf-tp-column__box-content \">\n            \n\n<figure class=\"wp-block-image alignleft size-full is-resized center\"><img decoding=\"async\" width=\"400\" height=\"400\" src=\"https:\/\/www.gmsa.ch\/wp-content\/uploads\/2023\/09\/gmsa-logo-partenaire-bio-bourgeon-suisse.jpg\" alt=\"\" class=\"wp-image-4385\" style=\"width:200px;height:undefinedpx\" srcset=\"https:\/\/www.gmsa.ch\/wp-content\/uploads\/2023\/09\/gmsa-logo-partenaire-bio-bourgeon-suisse.jpg 400w, https:\/\/www.gmsa.ch\/wp-content\/uploads\/2023\/09\/gmsa-logo-partenaire-bio-bourgeon-suisse-300x300.jpg 300w, https:\/\/www.gmsa.ch\/wp-content\/uploads\/2023\/09\/gmsa-logo-partenaire-bio-bourgeon-suisse-150x150.jpg 150w\" sizes=\"(max-width: 400px) 100vw, 400px\" \/><\/figure>\n\n\n\n<div class=\"acf-spacer h-[32px] tablet:h-[32px] desktop:h-[40px]\" id=acf-block-6a58a684e3b814.71848463 ><\/div>\n\n\n<p class=\"is-style-font-trade-gothic has-24-font-size wp-block-paragraph\"><strong>Bio Suisse-Knospe<\/strong><\/p>\n\n\n\n<p class=\"has-18-font-size wp-block-paragraph\">Die Knospe mit dem Schweizer Kreuz steht f\u00fcr Bio Suisse, die Produkte aus vollst\u00e4ndig biologisch bewirtschafteten Betrieben von Schweizer Landwirten garantieren. <\/p>\n\n\n\n    <div class=\"acf-buttons start inline-buttons\"id=acf-block-6a58a684e3ba65.52054764>\n\n        \n                            <a href=\"https:\/\/www.bio-suisse.ch\/de.html\" target=\"_blank\"\n                   class=\"acf-button__link\">bio-suisse.ch<\/a>\n            \n            \n            <\/div>\n\n\n\n<div class=\"acf-spacer h-[16px] tablet:h-[16px] desktop:h-[24px]\" id=acf-block-6a58a684e3bc08.59036372 ><\/div>\n\n        <\/div>\n    <\/div>\n<\/div>\n\n\n<div class=\"acf-tp-column one-third \"id=acf-block-6a58a684e3be85.90510902>\n    <div class=\"acf-tp-column__box has-vertical-top py-0 px-[24px] tablet:py-0 tablet:px-[24px] desktop:px-[24px] desktop:py-0 \">\n                    <div class=\"acf-tp-column__bg-overlay\" style=\"background: rgba(0, 0, 0, 0)\"><\/div>\n                                <div class=\"acf-tp-column__box-content \">\n            \n\n<figure class=\"wp-block-image alignleft size-full is-resized center\"><img decoding=\"async\" width=\"400\" height=\"400\" src=\"https:\/\/www.gmsa.ch\/wp-content\/uploads\/2023\/09\/gmsa-logo-partenaire-pur-epeautre.jpg\" alt=\"\" class=\"wp-image-4386\" style=\"width:200px;height:undefinedpx\" srcset=\"https:\/\/www.gmsa.ch\/wp-content\/uploads\/2023\/09\/gmsa-logo-partenaire-pur-epeautre.jpg 400w, https:\/\/www.gmsa.ch\/wp-content\/uploads\/2023\/09\/gmsa-logo-partenaire-pur-epeautre-300x300.jpg 300w, https:\/\/www.gmsa.ch\/wp-content\/uploads\/2023\/09\/gmsa-logo-partenaire-pur-epeautre-150x150.jpg 150w\" sizes=\"(max-width: 400px) 100vw, 400px\" \/><\/figure>\n\n\n\n<div class=\"acf-spacer h-[32px] tablet:h-[32px] desktop:h-[40px]\" id=acf-block-6a58a684e3c091.17354980 ><\/div>\n\n\n<p class=\"is-style-font-trade-gothic has-24-font-size wp-block-paragraph\"><strong>Urdinkel<\/strong><\/p>\n\n\n\n<p class=\"has-18-font-size wp-block-paragraph\">Urdinkel bezieht sich auf Produkte, die aus alten Schweizer Dinkelsorten stammen, die ohne Kreuzung mit Weizen erhalten wurden. Dieses Getreide muss aus einem Anbau stammen, der nach den IP-SUISSE oder Bio-Richtlinien erfolgt.<\/p>\n\n\n\n    <div class=\"acf-buttons start inline-buttons\"id=acf-block-6a58a684e3c2a8.72234675>\n\n        \n                            <a href=\"https:\/\/www.urdinkel.ch\/de\" target=\"_blank\"\n                   class=\"acf-button__link\">urdinkel.ch<\/a>\n            \n            \n            <\/div>\n\n\n\n<div class=\"acf-spacer h-[16px] tablet:h-[16px] desktop:h-[24px]\" id=acf-block-6a58a684e3c4d7.86864163 ><\/div>\n\n        <\/div>\n    <\/div>\n<\/div>\n\n\n<div class=\"acf-tp-column one-third \"id=acf-block-6a58a684e3c813.37892090>\n    <div class=\"acf-tp-column__box has-vertical-top py-0 px-[24px] tablet:py-0 tablet:px-[24px] desktop:px-[24px] desktop:py-0 \">\n                    <div class=\"acf-tp-column__bg-overlay\" style=\"background: rgba(0, 0, 0, 0)\"><\/div>\n                                <div class=\"acf-tp-column__box-content \">\n            \n\n<figure class=\"wp-block-image alignleft size-full is-resized center\"><img decoding=\"async\" width=\"400\" height=\"400\" src=\"https:\/\/www.gmsa.ch\/wp-content\/uploads\/2023\/09\/gmsa-logo-partenaire-aop-pain-seigle.jpg\" alt=\"\" class=\"wp-image-4387\" style=\"width:200px;height:undefinedpx\" srcset=\"https:\/\/www.gmsa.ch\/wp-content\/uploads\/2023\/09\/gmsa-logo-partenaire-aop-pain-seigle.jpg 400w, https:\/\/www.gmsa.ch\/wp-content\/uploads\/2023\/09\/gmsa-logo-partenaire-aop-pain-seigle-300x300.jpg 300w, https:\/\/www.gmsa.ch\/wp-content\/uploads\/2023\/09\/gmsa-logo-partenaire-aop-pain-seigle-150x150.jpg 150w\" sizes=\"(max-width: 400px) 100vw, 400px\" \/><\/figure>\n\n\n\n<div class=\"acf-spacer h-[32px] tablet:h-[32px] desktop:h-[40px]\" id=acf-block-6a58a684e3ca26.55260654 ><\/div>\n\n\n<p class=\"has-text-align-left is-style-font-trade-gothic has-24-font-size wp-block-paragraph\"><strong>AOP Walliser Roggenbrot<\/strong><\/p>\n\n\n\n<p class=\"has-text-align-left has-18-font-size wp-block-paragraph\">Um seine Bezeichnung zu verdienen, muss das Walliser Roggenbrot aus Getreide (mindestens 90 % Roggen und 10 % Weizen) hergestellt werden, welches im Kanton Wallis angebaut und zu Mehl und Brot verarbeitet wurde \u2013 alles im Kanton Wallis.<\/p>\n\n\n\n    <div class=\"acf-buttons start inline-buttons\"id=acf-block-6a58a684e3cc84.96438517>\n\n        \n                            <a href=\"https:\/\/www.aop-igp.ch\/walliser-roggenbrot-aop\" target=\"_blank\"\n                   class=\"acf-button__link\">aop-igp.ch<\/a>\n            \n            \n            <\/div>\n\n\n\n<div class=\"acf-spacer h-[16px] tablet:h-[16px] desktop:h-[24px]\" id=acf-block-6a58a684e3ce25.23373667 ><\/div>\n\n        <\/div>\n    <\/div>\n<\/div>\n\n<\/div>\n\n\n\n\n\n\n<div class=\"acf-columns fade-up cols-gap-default reverse-none justify-start desktop:py-0 tablet:py-0 py-0\"id=acf-block-6a58a684e3d054.23360352>\n    \n\n<div class=\"acf-tp-column one-third \"id=acf-block-6a58a684e3d303.62498189>\n    <div class=\"acf-tp-column__box has-vertical-top py-0 px-[24px] tablet:py-0 tablet:px-[24px] desktop:px-[24px] desktop:py-0 \">\n                    <div class=\"acf-tp-column__bg-overlay\" style=\"background: rgba(0, 0, 0, 0)\"><\/div>\n                                <div class=\"acf-tp-column__box-content \">\n            \n\n<figure class=\"wp-block-image alignleft size-full is-resized center\"><img decoding=\"async\" width=\"400\" height=\"400\" src=\"https:\/\/www.gmsa.ch\/wp-content\/uploads\/2023\/09\/gmsa-logo-partenaire-demeter.jpg\" alt=\"\" class=\"wp-image-4388\" style=\"width:200px;height:undefinedpx\" srcset=\"https:\/\/www.gmsa.ch\/wp-content\/uploads\/2023\/09\/gmsa-logo-partenaire-demeter.jpg 400w, https:\/\/www.gmsa.ch\/wp-content\/uploads\/2023\/09\/gmsa-logo-partenaire-demeter-300x300.jpg 300w, https:\/\/www.gmsa.ch\/wp-content\/uploads\/2023\/09\/gmsa-logo-partenaire-demeter-150x150.jpg 150w\" sizes=\"(max-width: 400px) 100vw, 400px\" \/><\/figure>\n\n\n\n<div class=\"acf-spacer h-[32px] tablet:h-[32px] desktop:h-[40px]\" id=acf-block-6a58a684e3d518.46864753 ><\/div>\n\n\n<p class=\"is-style-font-trade-gothic has-24-font-size wp-block-paragraph\"><strong>Demeter<\/strong><\/p>\n\n\n\n<p class=\"has-18-font-size wp-block-paragraph\">Demeter ist ein weltweites Siegel f\u00fcr Lebensmittel aus biologisch-dynamischer Landwirtschaft, deren Ziel es ist, die Vitalit\u00e4t von B\u00f6den, Pflanzen, Tieren und Menschen zu st\u00e4rken.<\/p>\n\n\n\n    <div class=\"acf-buttons start inline-buttons\"id=acf-block-6a58a684e3d720.95728647>\n\n        \n                            <a href=\"https:\/\/demeter.ch\/\" target=\"_blank\"\n                   class=\"acf-button__link\">demeter.ch<\/a>\n            \n            \n            <\/div>\n\n\n\n<div class=\"acf-spacer h-[16px] tablet:h-[16px] desktop:h-[24px]\" id=acf-block-6a58a684e3d8c5.76956323 ><\/div>\n\n        <\/div>\n    <\/div>\n<\/div>\n\n\n<div class=\"acf-tp-column one-third \"id=acf-block-6a58a684e3db77.02975216>\n    <div class=\"acf-tp-column__box has-vertical-top py-0 px-[24px] tablet:py-0 tablet:px-[24px] desktop:px-[24px] desktop:py-0 \">\n                    <div class=\"acf-tp-column__bg-overlay\" style=\"background: rgba(0, 0, 0, 0)\"><\/div>\n                                <div class=\"acf-tp-column__box-content \">\n            \n\n<figure class=\"wp-block-image alignleft size-full is-resized center\"><img decoding=\"async\" width=\"400\" height=\"400\" src=\"https:\/\/www.gmsa.ch\/wp-content\/uploads\/2023\/09\/gmsa-logo-partenaire-aop-cuchaule.jpg\" alt=\"\" class=\"wp-image-4389\" style=\"width:200px;height:undefinedpx\" srcset=\"https:\/\/www.gmsa.ch\/wp-content\/uploads\/2023\/09\/gmsa-logo-partenaire-aop-cuchaule.jpg 400w, https:\/\/www.gmsa.ch\/wp-content\/uploads\/2023\/09\/gmsa-logo-partenaire-aop-cuchaule-300x300.jpg 300w, https:\/\/www.gmsa.ch\/wp-content\/uploads\/2023\/09\/gmsa-logo-partenaire-aop-cuchaule-150x150.jpg 150w\" sizes=\"(max-width: 400px) 100vw, 400px\" \/><\/figure>\n\n\n\n<div class=\"acf-spacer h-[32px] tablet:h-[32px] desktop:h-[40px]\" id=acf-block-6a58a684e3dd89.40637523 ><\/div>\n\n\n<p class=\"is-style-font-trade-gothic has-24-font-size wp-block-paragraph\"><strong>AOP Cuchaule<\/strong><\/p>\n\n\n\n<p class=\"has-18-font-size wp-block-paragraph\">Produkte mit einer AOP (Appellation d\u2019Origine Prot\u00e9g\u00e9e) oder IGP (Indication G\u00e9ographique Prot\u00e9g\u00e9e) sind traditionelle Spezialit\u00e4ten, die eine starke Verbindung zu ihrer Ursprungsregion haben.<\/p>\n\n\n\n    <div class=\"acf-buttons start inline-buttons\"id=acf-block-6a58a684e3df99.57791797>\n\n        \n                            <a href=\"http:\/\/www.cuchauleaop.ch\" target=\"_blank\"\n                   class=\"acf-button__link\">cuchauleaop.ch<\/a>\n            \n            \n            <\/div>\n\n\n\n<div class=\"acf-spacer h-[16px] tablet:h-[16px] desktop:h-[24px]\" id=acf-block-6a58a684e3e136.73762747 ><\/div>\n\n        <\/div>\n    <\/div>\n<\/div>\n\n\n<div class=\"acf-tp-column one-third \"id=acf-block-6a58a684e3e3b1.74113780>\n    <div class=\"acf-tp-column__box has-vertical-top py-0 px-[24px] tablet:py-0 tablet:px-[24px] desktop:px-[24px] desktop:py-0 \">\n                    <div class=\"acf-tp-column__bg-overlay\" style=\"background: rgba(0, 0, 0, 0)\"><\/div>\n                                <div class=\"acf-tp-column__box-content \">\n            \n\n<figure class=\"wp-block-image alignleft size-full is-resized center\"><img decoding=\"async\" width=\"400\" height=\"400\" src=\"https:\/\/www.gmsa.ch\/wp-content\/uploads\/2023\/09\/gmsa-logo-partenaire-bioverita.jpg\" alt=\"\" class=\"wp-image-4390\" style=\"width:200px;height:undefinedpx\" srcset=\"https:\/\/www.gmsa.ch\/wp-content\/uploads\/2023\/09\/gmsa-logo-partenaire-bioverita.jpg 400w, https:\/\/www.gmsa.ch\/wp-content\/uploads\/2023\/09\/gmsa-logo-partenaire-bioverita-300x300.jpg 300w, https:\/\/www.gmsa.ch\/wp-content\/uploads\/2023\/09\/gmsa-logo-partenaire-bioverita-150x150.jpg 150w\" sizes=\"(max-width: 400px) 100vw, 400px\" \/><\/figure>\n\n\n\n<div class=\"acf-spacer h-[32px] tablet:h-[32px] desktop:h-[40px]\" id=acf-block-6a58a684e3e5f9.42014020 ><\/div>\n\n\n<p class=\"has-text-align-left is-style-font-trade-gothic has-24-font-size wp-block-paragraph\"><strong>bioverita<\/strong><\/p>\n\n\n\n<p class=\"has-text-align-left has-18-font-size wp-block-paragraph\">Das bioverita-Siegel kontrolliert die Auswahl von biologischem und biodynamischem Saatgut, das die Grundlage f\u00fcr die Entwicklung der biologischen Landwirtschaft bildet.<\/p>\n\n\n\n    <div class=\"acf-buttons start inline-buttons\"id=acf-block-6a58a684e3e824.10143336>\n\n        \n                            <a href=\"https:\/\/bioverita.ch\/\" target=\"_blank\"\n                   class=\"acf-button__link\">bioverita.ch<\/a>\n            \n            \n            <\/div>\n\n\n\n<div class=\"acf-spacer h-[16px] tablet:h-[16px] desktop:h-[24px]\" id=acf-block-6a58a684e3e9c2.62371193 ><\/div>\n\n        <\/div>\n    <\/div>\n<\/div>\n\n<\/div>\n\n\n\n\n\n\n<div class=\"acf-spacer h-[64px] tablet:h-[72px] desktop:h-[80px]\" id=acf-block-6a58a684e3eb53.65072477 ><\/div>\n\n\n\n<hr class=\"acf-separator has-bg-color has-light-basalt-background-color h-[1px] no-space\">\n\n\n    <\/div>\n<\/div>\n\n\n\n\n\n<div class=\"acf-container fade desktop:py-0 tablet:py-0 py-0 \"id=acf-block-64f7493bac2dd>\n            <div class=\"acf-container__bg-overlay\" style=\"background: rgba(0, 0, 0, 0)\"><\/div>\n                <div class=\"container\">\n        \n\n<div class=\"acf-spacer h-[64px] tablet:h-[72px] desktop:h-[80px]\" id=acf-block-64f7493bac2e9 ><\/div>\n\n\n<h2 id=\"h-neuigkeiten\" class=\"wp-block-heading\" style=\"text-transform:uppercase\">Neuigkeiten<\/h2>\n\n\n    <div class=\"acf-related-articles has-black-color\"id=acf-block-6544a11a6a967 >\n        <div class=\"acf-related-articles-grid\">\n                            <div class=\"acf-related-articles-grid__col\">\n                    <a href=\"https:\/\/www.gmsa.ch\/de\/nebenprodukte-sinnvoll-weiterverwerten-unser-upcycling-ansatz-wird-von-promarca-ausgezeichnet\/\" class=\"c-post-card\">\n    <div class=\"c-post-card__img\">\n                    <img decoding=\"async\" width=\"1976\" height=\"865\" src=\"https:\/\/www.gmsa.ch\/wp-content\/uploads\/2025\/04\/3-bocaux.png\" class=\"attachment-full size-full wp-post-image\" alt=\"\" srcset=\"https:\/\/www.gmsa.ch\/wp-content\/uploads\/2025\/04\/3-bocaux.png 1976w, https:\/\/www.gmsa.ch\/wp-content\/uploads\/2025\/04\/3-bocaux-300x131.png 300w, https:\/\/www.gmsa.ch\/wp-content\/uploads\/2025\/04\/3-bocaux-1024x448.png 1024w, https:\/\/www.gmsa.ch\/wp-content\/uploads\/2025\/04\/3-bocaux-768x336.png 768w, https:\/\/www.gmsa.ch\/wp-content\/uploads\/2025\/04\/3-bocaux-1536x672.png 1536w\" sizes=\"(max-width: 1976px) 100vw, 1976px\" \/>            <\/div>\n    <div class=\"c-post-card__content\">\n                    <div class=\"c-post-card__categories\">\n                                    <span class=\"c-post-card__category-tag\">Innovation &amp; Entwicklung<\/span>\n                                    <span class=\"c-post-card__category-tag\">Partnerschaften &amp; Zusammenarbeit<\/span>\n                                    <span class=\"c-post-card__category-tag\">Standorte &amp; Infrastrukturen<\/span>\n                                    <span class=\"c-post-card__category-tag\">Unternehmensaktivit\u00e4ten<\/span>\n                            <\/div>\n                <h5 class=\"c-post-card__title\">Nebenprodukte sinnvoll weiterverwerten: Unser Upcycling-Ansatz wird von ProMarca ausgezeichnet<\/h5>\n        <div class=\"c-post-card__date\">27 August 2026<\/div>\n                    <div class=\"c-post-card__description\"><p>Der 2. Platz beim Promarca Brand Sustainability Award 2026 w\u00fcrdigt den Ansatz der Groupe Minoteries SA f\u00fcr eine st\u00e4rker kreislauforientierte Ern\u00e4hrung<\/p>\n<\/div>\n            <\/div>\n<\/a>                <\/div>\n                            <div class=\"acf-related-articles-grid__col\">\n                    <a href=\"https:\/\/www.gmsa.ch\/de\/zwischenbericht-per-30-juni-2026\/\" class=\"c-post-card\">\n    <div class=\"c-post-card__img\">\n                    <img decoding=\"async\" width=\"1890\" height=\"1417\" src=\"https:\/\/www.gmsa.ch\/wp-content\/uploads\/2026\/08\/RI26-GMSA-Header-picture-Ancienne-cereales-et-farine-e1787649428631.jpg\" class=\"attachment-full size-full wp-post-image\" alt=\"Farine et \u00e9pis sur un plateau gris - Groupe Minoteries SA\" \/>            <\/div>\n    <div class=\"c-post-card__content\">\n                    <div class=\"c-post-card__categories\">\n                                    <span class=\"c-post-card__category-tag\">Investor Relations<\/span>\n                                    <span class=\"c-post-card__category-tag\">Unternehmensaktivit\u00e4ten<\/span>\n                            <\/div>\n                <h5 class=\"c-post-card__title\">Zwischenbericht per 30. Juni 2026<\/h5>\n        <div class=\"c-post-card__date\">25 August 2026<\/div>\n                    <div class=\"c-post-card__description\"><p>Im 1. Halbjahr 2026 setzte die GMSA ihren Wachstumskurs fort und nahm gleichzeitig wichtige strategische Weichenstellungen vor. <\/p>\n<\/div>\n            <\/div>\n<\/a>                <\/div>\n                            <div class=\"acf-related-articles-grid__col\">\n                    <a href=\"https:\/\/www.gmsa.ch\/de\/ernte-2026-die-hitze-hatte-das-letzte-wort\/\" class=\"c-post-card\">\n    <div class=\"c-post-card__img\">\n                    <img decoding=\"async\" width=\"2560\" height=\"1707\" src=\"https:\/\/www.gmsa.ch\/wp-content\/uploads\/2026\/08\/GMSA_Info-aout-2018-9997-scaled-1.jpg\" class=\"attachment-full size-full wp-post-image\" alt=\"\" srcset=\"https:\/\/www.gmsa.ch\/wp-content\/uploads\/2026\/08\/GMSA_Info-aout-2018-9997-scaled-1.jpg 2560w, https:\/\/www.gmsa.ch\/wp-content\/uploads\/2026\/08\/GMSA_Info-aout-2018-9997-300x200-1.jpg 300w, https:\/\/www.gmsa.ch\/wp-content\/uploads\/2026\/08\/GMSA_Info-aout-2018-9997-768x512-1.jpg 768w, https:\/\/www.gmsa.ch\/wp-content\/uploads\/2026\/08\/GMSA_Info-aout-2018-9997-1024x683-1.jpg 1024w, https:\/\/www.gmsa.ch\/wp-content\/uploads\/2026\/08\/GMSA_Info-aout-2018-9997-2048x1365-1.jpg 2048w, https:\/\/www.gmsa.ch\/wp-content\/uploads\/2026\/08\/GMSA_Info-aout-2018-9997-1536x1024-1.jpg 1536w\" sizes=\"(max-width: 2560px) 100vw, 2560px\" \/>            <\/div>\n    <div class=\"c-post-card__content\">\n                    <div class=\"c-post-card__categories\">\n                                    <span class=\"c-post-card__category-tag\">Standorte &amp; Infrastrukturen<\/span>\n                                    <span class=\"c-post-card__category-tag\">Unternehmensaktivit\u00e4ten<\/span>\n                            <\/div>\n                <h5 class=\"c-post-card__title\">Ernte 2026: DIE HITZE HATTE DAS LETZTE WORT<\/h5>\n        <div class=\"c-post-card__date\">24 August 2026<\/div>\n                    <div class=\"c-post-card__description\"><p>Obwohl die Brotgetreideernte 2023 unter guten Bedingungen eingebracht werden konnte, erreicht sie nicht die Qualit\u00e4t des Vorjahres. Dank unserer Erfahrung bei der Auswahl der Getreide und dem Mahlprozess sowie unserer Anlagen der neuesten Generation sind wir jedoch in der Lage, die leichten Qualit\u00e4tsschwankungen der diesj\u00e4hrigen Ernte zu korrigieren. <\/p>\n<\/div>\n            <\/div>\n<\/a>                <\/div>\n                                <\/div>\n    <\/div>\n\n\n\n<div class=\"acf-spacer h-[64px] tablet:h-[72px] desktop:h-[80px]\" id=acf-block-64f7493bac32d ><\/div>\n\n    <\/div>\n<\/div>\n\n\n\n\n\n<div class=\"acf-container fade desktop:py-[80px] tablet:py-[64px] py-[64px] has-bg-image\"id=acf-block-64f74559dd10c>\n            <div class=\"acf-container__bg-overlay\" style=\"background: rgba(0, 0, 0, 0)\"><\/div>\n                <div class=\"acf-container__bg-img acf-container__bg-img--desktop\"><img decoding=\"async\" width=\"2560\" height=\"779\" src=\"https:\/\/www.gmsa.ch\/wp-content\/uploads\/2023\/09\/gmsa-contacte-cta-desktop.png\" class=\"object-center\" alt=\"\" srcset=\"https:\/\/www.gmsa.ch\/wp-content\/uploads\/2023\/09\/gmsa-contacte-cta-desktop.png 2560w, https:\/\/www.gmsa.ch\/wp-content\/uploads\/2023\/09\/gmsa-contacte-cta-desktop-300x91.png 300w, https:\/\/www.gmsa.ch\/wp-content\/uploads\/2023\/09\/gmsa-contacte-cta-desktop-1024x311.png 1024w, https:\/\/www.gmsa.ch\/wp-content\/uploads\/2023\/09\/gmsa-contacte-cta-desktop-768x234.png 768w, https:\/\/www.gmsa.ch\/wp-content\/uploads\/2023\/09\/gmsa-contacte-cta-desktop-1536x467.png 1536w, https:\/\/www.gmsa.ch\/wp-content\/uploads\/2023\/09\/gmsa-contacte-cta-desktop-2048x623.png 2048w\" sizes=\"(max-width: 2560px) 100vw, 2560px\" \/><\/div>\n                <div class=\"acf-container__bg-img acf-container__bg-img--mobile\"><img decoding=\"async\" width=\"1477\" height=\"2560\" src=\"https:\/\/www.gmsa.ch\/wp-content\/uploads\/2023\/09\/gmsa-contacte-cta-mobile-scaled.jpg\" class=\"object-right-bottom\" alt=\"\" srcset=\"https:\/\/www.gmsa.ch\/wp-content\/uploads\/2023\/09\/gmsa-contacte-cta-mobile-scaled.jpg 1477w, https:\/\/www.gmsa.ch\/wp-content\/uploads\/2023\/09\/gmsa-contacte-cta-mobile-173x300.jpg 173w, https:\/\/www.gmsa.ch\/wp-content\/uploads\/2023\/09\/gmsa-contacte-cta-mobile-591x1024.jpg 591w, https:\/\/www.gmsa.ch\/wp-content\/uploads\/2023\/09\/gmsa-contacte-cta-mobile-768x1331.jpg 768w, https:\/\/www.gmsa.ch\/wp-content\/uploads\/2023\/09\/gmsa-contacte-cta-mobile-886x1536.jpg 886w, https:\/\/www.gmsa.ch\/wp-content\/uploads\/2023\/09\/gmsa-contacte-cta-mobile-1182x2048.jpg 1182w\" sizes=\"(max-width: 1477px) 100vw, 1477px\" \/><\/div>\n        <div class=\"container\">\n        \n\n<div class=\"acf-columns cols-gap-default reverse-none justify-start desktop:py-0 tablet:py-0 py-0\"id=acf-block-64f74559dd123>\n    \n\n<div class=\"acf-tp-column half \"id=acf-block-64f74559dd13e>\n    <div class=\"acf-tp-column__box has-vertical-top py-0 px-0 tablet:py-0 tablet:px-0 desktop:px-0 desktop:py-0 \">\n                    <div class=\"acf-tp-column__bg-overlay\" style=\"background: rgba(0, 0, 0, 0)\"><\/div>\n                                <div class=\"acf-tp-column__box-content \">\n            \n\n<h2 id=\"h-wir-sind-fur-sie-da\" class=\"wp-block-heading\">Wir sind f\u00fcr Sie da!<\/h2>\n\n\n\n<div class=\"acf-spacer h-[40px] tablet:h-[40px] desktop:h-[48px]\" id=acf-block-64f74559dd15a ><\/div>\n\n\n    <div class=\"acf-buttons start flex-col\"id=acf-block-64f74559dd16a>\n\n        \n                            <a href=\"\/de\/kontakt\/\" target=\"\"\n                   class=\"acf-button__button\">Kontaktieren Sie uns<\/a>\n            \n            \n            <\/div>\n\n\n        <\/div>\n    <\/div>\n<\/div>\n\n\n<div class=\"acf-tp-column half \"id=acf-block-64f74559dd182>\n    <div class=\"acf-tp-column__box has-vertical-top py-0 px-0 tablet:py-0 tablet:px-0 desktop:px-0 desktop:py-0 \">\n                    <div class=\"acf-tp-column__bg-overlay\" style=\"background: rgba(0, 0, 0, 0)\"><\/div>\n                                <div class=\"acf-tp-column__box-content \">\n            \n\n<p class=\"wp-block-paragraph\"><\/p>\n\n\n        <\/div>\n    <\/div>\n<\/div>\n\n<\/div>\n\n\n\n\n\n\n<div class=\"acf-spacer h-[120px] tablet:h-[0px] desktop:h-[0px]\" id=acf-block-64f74559dd191 ><\/div>\n\n\n<div class=\"acf-spacer h-[120px] tablet:h-[0px] desktop:h-[0px]\" id=acf-block-64f74559dd19c ><\/div>\n\n    <\/div>\n<\/div>\n\n\n","protected":false},"excerpt":{"rendered":"","protected":false},"author":3,"featured_media":6731,"parent":0,"menu_order":0,"comment_status":"closed","ping_status":"closed","template":"","meta":{"_acf_changed":false,"_searchwp_excluded":"","footnotes":""},"class_list":["post-7052","page","type-page","status-publish","has-post-thumbnail","hentry"],"acf":[],"yoast_head":"<title>GMSA \u2013 Ihr Partner - GMSA<\/title>\n<meta name=\"description\" content=\"GMSA, Ihr idealer Partner seit 1885. Erfahren Sie mehr \u00fcber unsere Geschichte, unsere Philosophie, unsere Organisationsstruktur und die wichtigsten Kennzahlen.\" \/>\n<meta name=\"robots\" content=\"index, follow, max-snippet:-1, max-image-preview:large, max-video-preview:-1\" \/>\n<link rel=\"canonical\" href=\"https:\/\/www.gmsa.ch\/de\/gmsa-ihr-partner\/\" \/>\n<meta property=\"og:locale\" content=\"de_DE\" \/>\n<meta property=\"og:type\" content=\"article\" \/>\n<meta property=\"og:title\" content=\"GMSA \u2013 Ihr Partner\" \/>\n<meta property=\"og:description\" content=\"GMSA, Ihr idealer Partner seit 1885. Erfahren Sie mehr \u00fcber unsere Geschichte, unsere Philosophie, unsere Organisationsstruktur und die wichtigsten Kennzahlen.\" \/>\n<meta property=\"og:url\" content=\"https:\/\/www.gmsa.ch\/de\/gmsa-ihr-partner\/\" \/>\n<meta property=\"og:site_name\" content=\"GMSA\" \/>\n<meta property=\"article:modified_time\" content=\"2026-07-28T09:34:57+00:00\" \/>\n<meta property=\"og:image\" content=\"https:\/\/www.gmsa.ch\/wp-content\/uploads\/2023\/09\/gmsa-votre-partenaire-banniere-desktop-1024x570.jpg\" \/>\n<meta name=\"twitter:card\" content=\"summary_large_image\" \/>\n<meta name=\"twitter:image\" content=\"https:\/\/www.gmsa.ch\/wp-content\/uploads\/2023\/09\/gmsa-votre-partenaire-banniere-desktop-1024x570.jpg\" \/>\n<meta name=\"twitter:label1\" content=\"Gesch\u00e4tzte Lesezeit\" \/>\n\t<meta name=\"twitter:data1\" content=\"8\u00a0Minuten\" \/>\n<script type=\"application\/ld+json\" class=\"yoast-schema-graph\">{\"@context\":\"https:\\\/\\\/schema.org\",\"@graph\":[{\"@type\":\"WebPage\",\"@id\":\"https:\\\/\\\/www.gmsa.ch\\\/de\\\/gmsa-ihr-partner\\\/\",\"url\":\"https:\\\/\\\/www.gmsa.ch\\\/de\\\/gmsa-ihr-partner\\\/\",\"name\":\"GMSA \u2013 Ihr Partner - GMSA\",\"isPartOf\":{\"@id\":\"https:\\\/\\\/www.gmsa.ch\\\/de\\\/#website\"},\"primaryImageOfPage\":{\"@id\":\"https:\\\/\\\/www.gmsa.ch\\\/de\\\/gmsa-ihr-partner\\\/#primaryimage\"},\"image\":{\"@id\":\"https:\\\/\\\/www.gmsa.ch\\\/de\\\/gmsa-ihr-partner\\\/#primaryimage\"},\"thumbnailUrl\":\"https:\\\/\\\/www.gmsa.ch\\\/wp-content\\\/uploads\\\/2023\\\/09\\\/gmsa-votre-partenaire-banniere-desktop.jpg\",\"datePublished\":\"2026-03-17T17:00:00+00:00\",\"dateModified\":\"2026-07-28T09:34:57+00:00\",\"description\":\"GMSA, Ihr idealer Partner seit 1885. Erfahren Sie mehr \u00fcber unsere Geschichte, unsere Philosophie, unsere Organisationsstruktur und die wichtigsten Kennzahlen.\",\"breadcrumb\":{\"@id\":\"https:\\\/\\\/www.gmsa.ch\\\/de\\\/gmsa-ihr-partner\\\/#breadcrumb\"},\"inLanguage\":\"de\",\"potentialAction\":[{\"@type\":\"ReadAction\",\"target\":[\"https:\\\/\\\/www.gmsa.ch\\\/de\\\/gmsa-ihr-partner\\\/\"]}]},{\"@type\":\"ImageObject\",\"inLanguage\":\"de\",\"@id\":\"https:\\\/\\\/www.gmsa.ch\\\/de\\\/gmsa-ihr-partner\\\/#primaryimage\",\"url\":\"https:\\\/\\\/www.gmsa.ch\\\/wp-content\\\/uploads\\\/2023\\\/09\\\/gmsa-votre-partenaire-banniere-desktop.jpg\",\"contentUrl\":\"https:\\\/\\\/www.gmsa.ch\\\/wp-content\\\/uploads\\\/2023\\\/09\\\/gmsa-votre-partenaire-banniere-desktop.jpg\",\"width\":2560,\"height\":1424},{\"@type\":\"BreadcrumbList\",\"@id\":\"https:\\\/\\\/www.gmsa.ch\\\/de\\\/gmsa-ihr-partner\\\/#breadcrumb\",\"itemListElement\":[{\"@type\":\"ListItem\",\"position\":1,\"name\":\"Home\",\"item\":\"https:\\\/\\\/www.gmsa.ch\\\/de\\\/\"},{\"@type\":\"ListItem\",\"position\":2,\"name\":\"GMSA \u2013 Ihr Partner\"}]},{\"@type\":\"WebSite\",\"@id\":\"https:\\\/\\\/www.gmsa.ch\\\/de\\\/#website\",\"url\":\"https:\\\/\\\/www.gmsa.ch\\\/de\\\/\",\"name\":\"GMSA\",\"description\":\"\",\"publisher\":{\"@id\":\"https:\\\/\\\/www.gmsa.ch\\\/de\\\/#organization\"},\"potentialAction\":[{\"@type\":\"SearchAction\",\"target\":{\"@type\":\"EntryPoint\",\"urlTemplate\":\"https:\\\/\\\/www.gmsa.ch\\\/de\\\/?s={search_term_string}\"},\"query-input\":{\"@type\":\"PropertyValueSpecification\",\"valueRequired\":true,\"valueName\":\"search_term_string\"}}],\"inLanguage\":\"de\"},{\"@type\":\"Organization\",\"@id\":\"https:\\\/\\\/www.gmsa.ch\\\/de\\\/#organization\",\"name\":\"GMSA\",\"url\":\"https:\\\/\\\/www.gmsa.ch\\\/de\\\/\",\"logo\":{\"@type\":\"ImageObject\",\"inLanguage\":\"de\",\"@id\":\"https:\\\/\\\/www.gmsa.ch\\\/de\\\/#\\\/schema\\\/logo\\\/image\\\/\",\"url\":\"https:\\\/\\\/www.gmsa.ch\\\/wp-content\\\/uploads\\\/2023\\\/08\\\/white-logo.svg\",\"contentUrl\":\"https:\\\/\\\/www.gmsa.ch\\\/wp-content\\\/uploads\\\/2023\\\/08\\\/white-logo.svg\",\"width\":184,\"height\":49,\"caption\":\"GMSA\"},\"image\":{\"@id\":\"https:\\\/\\\/www.gmsa.ch\\\/de\\\/#\\\/schema\\\/logo\\\/image\\\/\"},\"sameAs\":[\"https:\\\/\\\/www.linkedin.com\\\/company\\\/groupe-minoteries-sa\"]}]}<\/script>","yoast_head_json":{"title":"GMSA \u2013 Ihr Partner - GMSA","description":"GMSA, Ihr idealer Partner seit 1885. Erfahren Sie mehr \u00fcber unsere Geschichte, unsere Philosophie, unsere Organisationsstruktur und die wichtigsten Kennzahlen.","robots":{"index":"index","follow":"follow","max-snippet":"max-snippet:-1","max-image-preview":"max-image-preview:large","max-video-preview":"max-video-preview:-1"},"canonical":"https:\/\/www.gmsa.ch\/de\/gmsa-ihr-partner\/","og_locale":"de_DE","og_type":"article","og_title":"GMSA \u2013 Ihr Partner","og_description":"GMSA, Ihr idealer Partner seit 1885. Erfahren Sie mehr \u00fcber unsere Geschichte, unsere Philosophie, unsere Organisationsstruktur und die wichtigsten Kennzahlen.","og_url":"https:\/\/www.gmsa.ch\/de\/gmsa-ihr-partner\/","og_site_name":"GMSA","article_modified_time":"2026-07-28T09:34:57+00:00","og_image":[{"url":"https:\/\/www.gmsa.ch\/wp-content\/uploads\/2023\/09\/gmsa-votre-partenaire-banniere-desktop-1024x570.jpg","type":"","width":"","height":""}],"twitter_card":"summary_large_image","twitter_image":"https:\/\/www.gmsa.ch\/wp-content\/uploads\/2023\/09\/gmsa-votre-partenaire-banniere-desktop-1024x570.jpg","twitter_misc":{"Gesch\u00e4tzte Lesezeit":"8\u00a0Minuten"},"schema":{"@context":"https:\/\/schema.org","@graph":[{"@type":"WebPage","@id":"https:\/\/www.gmsa.ch\/de\/gmsa-ihr-partner\/","url":"https:\/\/www.gmsa.ch\/de\/gmsa-ihr-partner\/","name":"GMSA \u2013 Ihr Partner - GMSA","isPartOf":{"@id":"https:\/\/www.gmsa.ch\/de\/#website"},"primaryImageOfPage":{"@id":"https:\/\/www.gmsa.ch\/de\/gmsa-ihr-partner\/#primaryimage"},"image":{"@id":"https:\/\/www.gmsa.ch\/de\/gmsa-ihr-partner\/#primaryimage"},"thumbnailUrl":"https:\/\/www.gmsa.ch\/wp-content\/uploads\/2023\/09\/gmsa-votre-partenaire-banniere-desktop.jpg","datePublished":"2026-03-17T17:00:00+00:00","dateModified":"2026-07-28T09:34:57+00:00","description":"GMSA, Ihr idealer Partner seit 1885. Erfahren Sie mehr \u00fcber unsere Geschichte, unsere Philosophie, unsere Organisationsstruktur und die wichtigsten Kennzahlen.","breadcrumb":{"@id":"https:\/\/www.gmsa.ch\/de\/gmsa-ihr-partner\/#breadcrumb"},"inLanguage":"de","potentialAction":[{"@type":"ReadAction","target":["https:\/\/www.gmsa.ch\/de\/gmsa-ihr-partner\/"]}]},{"@type":"ImageObject","inLanguage":"de","@id":"https:\/\/www.gmsa.ch\/de\/gmsa-ihr-partner\/#primaryimage","url":"https:\/\/www.gmsa.ch\/wp-content\/uploads\/2023\/09\/gmsa-votre-partenaire-banniere-desktop.jpg","contentUrl":"https:\/\/www.gmsa.ch\/wp-content\/uploads\/2023\/09\/gmsa-votre-partenaire-banniere-desktop.jpg","width":2560,"height":1424},{"@type":"BreadcrumbList","@id":"https:\/\/www.gmsa.ch\/de\/gmsa-ihr-partner\/#breadcrumb","itemListElement":[{"@type":"ListItem","position":1,"name":"Home","item":"https:\/\/www.gmsa.ch\/de\/"},{"@type":"ListItem","position":2,"name":"GMSA \u2013 Ihr Partner"}]},{"@type":"WebSite","@id":"https:\/\/www.gmsa.ch\/de\/#website","url":"https:\/\/www.gmsa.ch\/de\/","name":"GMSA","description":"","publisher":{"@id":"https:\/\/www.gmsa.ch\/de\/#organization"},"potentialAction":[{"@type":"SearchAction","target":{"@type":"EntryPoint","urlTemplate":"https:\/\/www.gmsa.ch\/de\/?s={search_term_string}"},"query-input":{"@type":"PropertyValueSpecification","valueRequired":true,"valueName":"search_term_string"}}],"inLanguage":"de"},{"@type":"Organization","@id":"https:\/\/www.gmsa.ch\/de\/#organization","name":"GMSA","url":"https:\/\/www.gmsa.ch\/de\/","logo":{"@type":"ImageObject","inLanguage":"de","@id":"https:\/\/www.gmsa.ch\/de\/#\/schema\/logo\/image\/","url":"https:\/\/www.gmsa.ch\/wp-content\/uploads\/2023\/08\/white-logo.svg","contentUrl":"https:\/\/www.gmsa.ch\/wp-content\/uploads\/2023\/08\/white-logo.svg","width":184,"height":49,"caption":"GMSA"},"image":{"@id":"https:\/\/www.gmsa.ch\/de\/#\/schema\/logo\/image\/"},"sameAs":["https:\/\/www.linkedin.com\/company\/groupe-minoteries-sa"]}]}},"_links":{"self":[{"href":"https:\/\/www.gmsa.ch\/de\/wp-json\/wp\/v2\/pages\/7052","targetHints":{"allow":["GET"]}}],"collection":[{"href":"https:\/\/www.gmsa.ch\/de\/wp-json\/wp\/v2\/pages"}],"about":[{"href":"https:\/\/www.gmsa.ch\/de\/wp-json\/wp\/v2\/types\/page"}],"author":[{"embeddable":true,"href":"https:\/\/www.gmsa.ch\/de\/wp-json\/wp\/v2\/users\/3"}],"replies":[{"embeddable":true,"href":"https:\/\/www.gmsa.ch\/de\/wp-json\/wp\/v2\/comments?post=7052"}],"version-history":[{"count":53,"href":"https:\/\/www.gmsa.ch\/de\/wp-json\/wp\/v2\/pages\/7052\/revisions"}],"predecessor-version":[{"id":15711,"href":"https:\/\/www.gmsa.ch\/de\/wp-json\/wp\/v2\/pages\/7052\/revisions\/15711"}],"wp:featuredmedia":[{"embeddable":true,"href":"https:\/\/www.gmsa.ch\/de\/wp-json\/wp\/v2\/media\/6731"}],"wp:attachment":[{"href":"https:\/\/www.gmsa.ch\/de\/wp-json\/wp\/v2\/media?parent=7052"}],"curies":[{"name":"wp","href":"https:\/\/api.w.org\/{rel}","templated":true}]}}